{"version":"1.0","provider_name":"M\u00f6bel Bise | M\u00f6belgesch\u00e4ft | M\u00f6bel | Freiburg | Bulle","provider_url":"https:\/\/www.bise.ch\/de\/","author_name":"webmaster@bise.ch","author_url":"https:\/\/www.bise.ch\/de\/author\/webmasterbise-ch\/","title":"Datenschutzerkl\u00e4rung | M\u00f6bel Bise | M\u00f6belgesch\u00e4ft | M\u00f6bel | Freiburg | Bulle","type":"rich","width":600,"height":338,"html":"<blockquote class=\"wp-embedded-content\" data-secret=\"GpCi4KPzPA\"><a href=\"https:\/\/www.bise.ch\/de\/datenschutzrichtlinie\/\">Datenschutzerkl\u00e4rung<\/a><\/blockquote><iframe sandbox=\"allow-scripts\" security=\"restricted\" src=\"https:\/\/www.bise.ch\/de\/datenschutzrichtlinie\/embed\/#?secret=GpCi4KPzPA\" width=\"600\" height=\"338\" title=\"&#8222;Datenschutzerkl\u00e4rung&#8220; &#8211; M\u00f6bel Bise | M\u00f6belgesch\u00e4ft | M\u00f6bel | Freiburg | Bulle\" data-secret=\"GpCi4KPzPA\" frameborder=\"0\" marginwidth=\"0\" marginheight=\"0\" scrolling=\"no\" class=\"wp-embedded-content\"><\/iframe><script type=\"text\/javascript\">\n\/* <![CDATA[ *\/\n\/*! This file is auto-generated *\/\n!function(d,l){\"use strict\";l.querySelector&&d.addEventListener&&\"undefined\"!=typeof URL&&(d.wp=d.wp||{},d.wp.receiveEmbedMessage||(d.wp.receiveEmbedMessage=function(e){var t=e.data;if((t||t.secret||t.message||t.value)&&!\/[^a-zA-Z0-9]\/.test(t.secret)){for(var s,r,n,a=l.querySelectorAll('iframe[data-secret=\"'+t.secret+'\"]'),o=l.querySelectorAll('blockquote[data-secret=\"'+t.secret+'\"]'),c=new RegExp(\"^https?:$\",\"i\"),i=0;i<o.length;i++)o[i].style.display=\"none\";for(i=0;i<a.length;i++)s=a[i],e.source===s.contentWindow&&(s.removeAttribute(\"style\"),\"height\"===t.message?(1e3<(r=parseInt(t.value,10))?r=1e3:~~r<200&&(r=200),s.height=r):\"link\"===t.message&&(r=new URL(s.getAttribute(\"src\")),n=new URL(t.value),c.test(n.protocol))&&n.host===r.host&&l.activeElement===s&&(d.top.location.href=t.value))}},d.addEventListener(\"message\",d.wp.receiveEmbedMessage,!1),l.addEventListener(\"DOMContentLoaded\",function(){for(var e,t,s=l.querySelectorAll(\"iframe.wp-embedded-content\"),r=0;r<s.length;r++)(t=(e=s[r]).getAttribute(\"data-secret\"))||(t=Math.random().toString(36).substring(2,12),e.src+=\"#?secret=\"+t,e.setAttribute(\"data-secret\",t)),e.contentWindow.postMessage({message:\"ready\",secret:t},\"*\")},!1)))}(window,document);\n\/\/# sourceURL=https:\/\/www.bise.ch\/wp-includes\/js\/wp-embed.min.js\n\/* ]]> *\/\n<\/script>\n","description":"Lesen Sie die Datenschutzerkl\u00e4rung von Bise M\u00f6bel & Einrichtungsgegenst\u00e4nde, um zu verstehen, wie Ihre pers\u00f6nlichen Daten bei der Nutzung unserer Website gesammelt, verwendet und gesch\u00fctzt werden. Wir erl\u00e4utern ausf\u00fchrlich die Kategorien von Daten, die verarbeitet werden, Ihre Datenschutzrechte und die Sicherheitsma\u00dfnahmen, die zum Schutz Ihrer Daten ergriffen wurden."}