{"id":32334,"date":"2023-07-19T14:28:40","date_gmt":"2023-07-19T12:28:40","guid":{"rendered":"https:\/\/bise.ch\/realisierungen\/"},"modified":"2025-10-01T14:45:38","modified_gmt":"2025-10-01T12:45:38","slug":"realisierungen","status":"publish","type":"page","link":"https:\/\/www.bise.ch\/de\/realisierungen\/","title":{"rendered":"Realisierungen"},"content":{"rendered":"<p>[et_pb_section fb_built=&#8220;1&#8243; _builder_version=&#8220;4.21.0&#8243; _module_preset=&#8220;default&#8220; min_height=&#8220;861.8px&#8220; custom_padding=&#8220;0px|||||&#8220; global_colors_info=&#8220;{}&#8220;][et_pb_row _builder_version=&#8220;4.21.0&#8243; _module_preset=&#8220;default&#8220; custom_padding=&#8220;46px|||||&#8220; global_colors_info=&#8220;{}&#8220;][et_pb_column type=&#8220;4_4&#8243; _builder_version=&#8220;4.21.0&#8243; _module_preset=&#8220;default&#8220; global_colors_info=&#8220;{}&#8220;][et_pb_text _builder_version=&#8220;4.22.0&#8243; _module_preset=&#8220;default&#8220; global_colors_info=&#8220;{}&#8220;]<\/p>\n<h1 style=\"text-align: center;\">Unsere Realisierungen<\/h1>\n<div class=\"body field field-name-body field-type-text-with-summary field-label-hidden\" style=\"text-align: center;\">Das Sortiment von M\u00f6bel Bise basiert auf 4 Standbeinen: M\u00f6bel f\u00fcr Privatwohnungen, komplette B\u00fcrom\u00f6belausstattungen, M\u00f6blierungen f\u00fcr Einrichtungen der \u00d6ffentlichen Hand sowie M\u00f6bel auf Mass aus unserer firmeneigenen M\u00f6belschreinerei. In dieser Rubrik finden Sie einige Referenzbeispiele aus dem Bereich B\u00fcroeinrichtungen sowie massgeschneiderte M\u00f6bel f\u00fcr \u00f6ffentliche Einrichtungen. Weitergehende Informationen ersehen Sie aus der zusammenfassenden Brosch\u00fcre \u00abAktuelle Referenzobjekte\u00bb. Unsere erfahrenen Wohnberater und Spezialisten f\u00fcr B\u00fcroeinrichtungen unterst\u00fctzen Sie gerne auch in Ihrem Projekt.<\/div>\n<div class=\"body field field-name-body field-type-text-with-summary field-label-hidden\" style=\"text-align: center;\"><\/div>\n<div class=\"body field field-name-body field-type-text-with-summary field-label-hidden\" style=\"text-align: center;\"><\/div>\n<p>[\/et_pb_text][et_pb_code _builder_version=&#8220;4.27.4&#8243; _module_preset=&#8220;default&#8220; global_colors_info=&#8220;{}&#8220;][\/et_pb_code][et_pb_button button_url=&#8220;https:\/\/www.bise.ch\/wp-content\/uploads\/Brochure-References.pdf&#8220; url_new_window=&#8220;on&#8220; button_text=&#8220;Unsere Brosch\u00fcre herunterladen&#8220; button_alignment=&#8220;center&#8220; _builder_version=&#8220;4.27.4&#8243; _module_preset=&#8220;default&#8220; global_colors_info=&#8220;{}&#8220; custom_padding=&#8220;5px||0px|||&#8220; custom_margin=&#8220;20px|||||&#8220;][\/et_pb_button][et_pb_portfolio fullwidth=&#8220;off&#8220; include_categories=&#8220;all&#8220; hover_icon=&#8220;&#xf0fe;||fa||400&#8243; _builder_version=&#8220;4.23.3&#8243; _module_preset=&#8220;default&#8220; global_colors_info=&#8220;{}&#8220; custom_padding=&#8220;29px|||||&#8220;][\/et_pb_portfolio][et_pb_button _builder_version=&#8220;4.27.4&#8243; _module_preset=&#8220;default&#8220; global_colors_info=&#8220;{}&#8220;][\/et_pb_button][\/et_pb_column][\/et_pb_row][\/et_pb_section][et_pb_section fb_built=&#8220;1&#8243; fullwidth=&#8220;on&#8220; _builder_version=&#8220;4.27.4&#8243; _module_preset=&#8220;default&#8220; global_colors_info=&#8220;{}&#8220;][et_pb_fullwidth_code _builder_version=&#8220;4.27.4&#8243; _module_preset=&#8220;default&#8220; hover_enabled=&#8220;0&#8243; global_colors_info=&#8220;{}&#8220; sticky_enabled=&#8220;0&#8243;]<\/p>\n<div style=\"position:relative; width:100%; padding-bottom:75%; height:0; overflow:hidden;\"><!-- [et_pb_line_break_holder] -->  <iframe src=\"https:\/\/online-broschuere.ch\/brochure\/f6564a94499cfbd78e8c950e957f172864ce84a9f1400f025d554195ec8c4bb8\" style=\"position:absolute; top:0; left:0; width:100%; height:100%; border:none;\" allowfullscreen=\"\"><!-- [et_pb_line_break_holder] -->  <\/iframe><!-- [et_pb_line_break_holder] --><\/div>\n<p>[\/et_pb_fullwidth_code][\/et_pb_section]<\/p>\n","protected":false},"excerpt":{"rendered":"<p>Unsere Realisierungen Das Sortiment von M\u00f6bel Bise basiert auf 4 Standbeinen: M\u00f6bel f\u00fcr Privatwohnungen, komplette B\u00fcrom\u00f6belausstattungen, M\u00f6blierungen f\u00fcr Einrichtungen der \u00d6ffentlichen Hand sowie M\u00f6bel auf Mass aus unserer firmeneigenen M\u00f6belschreinerei. In dieser Rubrik finden Sie einige Referenzbeispiele aus dem Bereich B\u00fcroeinrichtungen sowie massgeschneiderte M\u00f6bel f\u00fcr \u00f6ffentliche Einrichtungen. Weitergehende Informationen ersehen Sie aus der zusammenfassenden Brosch\u00fcre [&hellip;]<\/p>\n","protected":false},"author":1,"featured_media":0,"parent":0,"menu_order":0,"comment_status":"closed","ping_status":"closed","template":"","meta":{"_et_pb_use_builder":"on","_et_pb_old_content":"","_et_gb_content_width":"","footnotes":""},"class_list":["post-32334","page","type-page","status-publish","hentry"],"yoast_head":"<!-- This site is optimized with the Yoast SEO plugin v27.1.1 - https:\/\/yoast.com\/product\/yoast-seo-wordpress\/ -->\n<title>Realisierungen | M\u00f6bel Bise | M\u00f6belgesch\u00e4ft | M\u00f6bel | Freiburg | Bulle<\/title>\n<meta name=\"description\" content=\"Entdecken Sie die Projekte von Bise M\u00f6bel &amp; M\u00f6bel, die unser Know-how bei der Einrichtung von Innen- und Au\u00dfenbereichen f\u00fcr Wohnungen, B\u00fcros und \u00f6ffentliche Einrichtungen veranschaulichen. Erkunden Sie unsere ma\u00dfgeschneiderten Projekte, die Design und Funktionalit\u00e4t vereinen, um sich f\u00fcr Ihre eigene Einrichtung inspirieren zu lassen.\" \/>\n<meta name=\"robots\" content=\"index, follow, max-snippet:-1, max-image-preview:large, max-video-preview:-1\" \/>\n<link rel=\"canonical\" href=\"https:\/\/www.bise.ch\/de\/realisierungen\/\" \/>\n<meta property=\"og:locale\" content=\"de_DE\" \/>\n<meta property=\"og:type\" content=\"article\" \/>\n<meta property=\"og:title\" content=\"Realisierungen | M\u00f6bel Bise | M\u00f6belgesch\u00e4ft | M\u00f6bel | Freiburg | Bulle\" \/>\n<meta property=\"og:description\" content=\"Entdecken Sie die Projekte von Bise M\u00f6bel &amp; M\u00f6bel, die unser Know-how bei der Einrichtung von Innen- und Au\u00dfenbereichen f\u00fcr Wohnungen, B\u00fcros und \u00f6ffentliche Einrichtungen veranschaulichen. Erkunden Sie unsere ma\u00dfgeschneiderten Projekte, die Design und Funktionalit\u00e4t vereinen, um sich f\u00fcr Ihre eigene Einrichtung inspirieren zu lassen.\" \/>\n<meta property=\"og:url\" content=\"https:\/\/www.bise.ch\/de\/realisierungen\/\" \/>\n<meta property=\"og:site_name\" content=\"M\u00f6bel Bise | M\u00f6belgesch\u00e4ft | M\u00f6bel | Freiburg | Bulle\" \/>\n<meta property=\"article:publisher\" content=\"https:\/\/www.facebook.com\/bisemeubles\/\" \/>\n<meta property=\"article:modified_time\" content=\"2025-10-01T12:45:38+00:00\" \/>\n<meta name=\"twitter:card\" content=\"summary_large_image\" \/>\n<meta name=\"twitter:label1\" content=\"Gesch\u00e4tzte Lesezeit\" \/>\n\t<meta name=\"twitter:data1\" content=\"1\u00a0Minute\" \/>\n<script type=\"application\/ld+json\" class=\"yoast-schema-graph\">{\"@context\":\"https:\/\/schema.org\",\"@graph\":[{\"@type\":\"WebPage\",\"@id\":\"https:\/\/www.bise.ch\/de\/realisierungen\/\",\"url\":\"https:\/\/www.bise.ch\/de\/realisierungen\/\",\"name\":\"Realisierungen | M\u00f6bel Bise | M\u00f6belgesch\u00e4ft | M\u00f6bel | Freiburg | Bulle\",\"isPartOf\":{\"@id\":\"https:\/\/www.bise.ch\/de\/#website\"},\"datePublished\":\"2023-07-19T12:28:40+00:00\",\"dateModified\":\"2025-10-01T12:45:38+00:00\",\"description\":\"Entdecken Sie die Projekte von Bise M\u00f6bel & M\u00f6bel, die unser Know-how bei der Einrichtung von Innen- und Au\u00dfenbereichen f\u00fcr Wohnungen, B\u00fcros und \u00f6ffentliche Einrichtungen veranschaulichen. Erkunden Sie unsere ma\u00dfgeschneiderten Projekte, die Design und Funktionalit\u00e4t vereinen, um sich f\u00fcr Ihre eigene Einrichtung inspirieren zu lassen.\",\"breadcrumb\":{\"@id\":\"https:\/\/www.bise.ch\/de\/realisierungen\/#breadcrumb\"},\"inLanguage\":\"de\",\"potentialAction\":[{\"@type\":\"ReadAction\",\"target\":[\"https:\/\/www.bise.ch\/de\/realisierungen\/\"]}]},{\"@type\":\"BreadcrumbList\",\"@id\":\"https:\/\/www.bise.ch\/de\/realisierungen\/#breadcrumb\",\"itemListElement\":[{\"@type\":\"ListItem\",\"position\":1,\"name\":\"Startseite\",\"item\":\"https:\/\/www.bise.ch\/de\/\"},{\"@type\":\"ListItem\",\"position\":2,\"name\":\"Realisierungen\"}]},{\"@type\":\"WebSite\",\"@id\":\"https:\/\/www.bise.ch\/de\/#website\",\"url\":\"https:\/\/www.bise.ch\/de\/\",\"name\":\"Meubles Bise | Magasin de meubles | Mobilier | Fribourg | Bulle\",\"description\":\"Wir erwecken Ihre Ra\u0308ume zum Leben\",\"publisher\":{\"@id\":\"https:\/\/www.bise.ch\/de\/#organization\"},\"alternateName\":\"Georges Bise SA\",\"potentialAction\":[{\"@type\":\"SearchAction\",\"target\":{\"@type\":\"EntryPoint\",\"urlTemplate\":\"https:\/\/www.bise.ch\/de\/?s={search_term_string}\"},\"query-input\":{\"@type\":\"PropertyValueSpecification\",\"valueRequired\":true,\"valueName\":\"search_term_string\"}}],\"inLanguage\":\"de\"},{\"@type\":\"Organization\",\"@id\":\"https:\/\/www.bise.ch\/de\/#organization\",\"name\":\"M\u00f6bel Bise | M\u00f6belgesch\u00e4ft | M\u00f6bel | Freiburg | Bulle\",\"alternateName\":\"Georges Bise SA\",\"url\":\"https:\/\/www.bise.ch\/de\/\",\"logo\":{\"@type\":\"ImageObject\",\"inLanguage\":\"de\",\"@id\":\"https:\/\/www.bise.ch\/de\/#\/schema\/logo\/image\/\",\"url\":\"https:\/\/www.bise.ch\/wp-content\/uploads\/LogoBise.png\",\"contentUrl\":\"https:\/\/www.bise.ch\/wp-content\/uploads\/LogoBise.png\",\"width\":4267,\"height\":4267,\"caption\":\"M\u00f6bel Bise | M\u00f6belgesch\u00e4ft | M\u00f6bel | Freiburg | Bulle\"},\"image\":{\"@id\":\"https:\/\/www.bise.ch\/de\/#\/schema\/logo\/image\/\"},\"sameAs\":[\"https:\/\/www.facebook.com\/bisemeubles\/\",\"https:\/\/www.instagram.com\/bisemeubles\/\",\"https:\/\/ch.linkedin.com\/company\/bise-meubles-moebel\"]}]}<\/script>\n<!-- \/ Yoast SEO plugin. -->","yoast_head_json":{"title":"Realisierungen | M\u00f6bel Bise | M\u00f6belgesch\u00e4ft | M\u00f6bel | Freiburg | Bulle","description":"Entdecken Sie die Projekte von Bise M\u00f6bel & M\u00f6bel, die unser Know-how bei der Einrichtung von Innen- und Au\u00dfenbereichen f\u00fcr Wohnungen, B\u00fcros und \u00f6ffentliche Einrichtungen veranschaulichen. Erkunden Sie unsere ma\u00dfgeschneiderten Projekte, die Design und Funktionalit\u00e4t vereinen, um sich f\u00fcr Ihre eigene Einrichtung inspirieren zu lassen.","robots":{"index":"index","follow":"follow","max-snippet":"max-snippet:-1","max-image-preview":"max-image-preview:large","max-video-preview":"max-video-preview:-1"},"canonical":"https:\/\/www.bise.ch\/de\/realisierungen\/","og_locale":"de_DE","og_type":"article","og_title":"Realisierungen | M\u00f6bel Bise | M\u00f6belgesch\u00e4ft | M\u00f6bel | Freiburg | Bulle","og_description":"Entdecken Sie die Projekte von Bise M\u00f6bel & M\u00f6bel, die unser Know-how bei der Einrichtung von Innen- und Au\u00dfenbereichen f\u00fcr Wohnungen, B\u00fcros und \u00f6ffentliche Einrichtungen veranschaulichen. Erkunden Sie unsere ma\u00dfgeschneiderten Projekte, die Design und Funktionalit\u00e4t vereinen, um sich f\u00fcr Ihre eigene Einrichtung inspirieren zu lassen.","og_url":"https:\/\/www.bise.ch\/de\/realisierungen\/","og_site_name":"M\u00f6bel Bise | M\u00f6belgesch\u00e4ft | M\u00f6bel | Freiburg | Bulle","article_publisher":"https:\/\/www.facebook.com\/bisemeubles\/","article_modified_time":"2025-10-01T12:45:38+00:00","twitter_card":"summary_large_image","twitter_misc":{"Gesch\u00e4tzte Lesezeit":"1\u00a0Minute"},"schema":{"@context":"https:\/\/schema.org","@graph":[{"@type":"WebPage","@id":"https:\/\/www.bise.ch\/de\/realisierungen\/","url":"https:\/\/www.bise.ch\/de\/realisierungen\/","name":"Realisierungen | M\u00f6bel Bise | M\u00f6belgesch\u00e4ft | M\u00f6bel | Freiburg | Bulle","isPartOf":{"@id":"https:\/\/www.bise.ch\/de\/#website"},"datePublished":"2023-07-19T12:28:40+00:00","dateModified":"2025-10-01T12:45:38+00:00","description":"Entdecken Sie die Projekte von Bise M\u00f6bel & M\u00f6bel, die unser Know-how bei der Einrichtung von Innen- und Au\u00dfenbereichen f\u00fcr Wohnungen, B\u00fcros und \u00f6ffentliche Einrichtungen veranschaulichen. Erkunden Sie unsere ma\u00dfgeschneiderten Projekte, die Design und Funktionalit\u00e4t vereinen, um sich f\u00fcr Ihre eigene Einrichtung inspirieren zu lassen.","breadcrumb":{"@id":"https:\/\/www.bise.ch\/de\/realisierungen\/#breadcrumb"},"inLanguage":"de","potentialAction":[{"@type":"ReadAction","target":["https:\/\/www.bise.ch\/de\/realisierungen\/"]}]},{"@type":"BreadcrumbList","@id":"https:\/\/www.bise.ch\/de\/realisierungen\/#breadcrumb","itemListElement":[{"@type":"ListItem","position":1,"name":"Startseite","item":"https:\/\/www.bise.ch\/de\/"},{"@type":"ListItem","position":2,"name":"Realisierungen"}]},{"@type":"WebSite","@id":"https:\/\/www.bise.ch\/de\/#website","url":"https:\/\/www.bise.ch\/de\/","name":"Meubles Bise | Magasin de meubles | Mobilier | Fribourg | Bulle","description":"Wir erwecken Ihre Ra\u0308ume zum Leben","publisher":{"@id":"https:\/\/www.bise.ch\/de\/#organization"},"alternateName":"Georges Bise SA","potentialAction":[{"@type":"SearchAction","target":{"@type":"EntryPoint","urlTemplate":"https:\/\/www.bise.ch\/de\/?s={search_term_string}"},"query-input":{"@type":"PropertyValueSpecification","valueRequired":true,"valueName":"search_term_string"}}],"inLanguage":"de"},{"@type":"Organization","@id":"https:\/\/www.bise.ch\/de\/#organization","name":"M\u00f6bel Bise | M\u00f6belgesch\u00e4ft | M\u00f6bel | Freiburg | Bulle","alternateName":"Georges Bise SA","url":"https:\/\/www.bise.ch\/de\/","logo":{"@type":"ImageObject","inLanguage":"de","@id":"https:\/\/www.bise.ch\/de\/#\/schema\/logo\/image\/","url":"https:\/\/www.bise.ch\/wp-content\/uploads\/LogoBise.png","contentUrl":"https:\/\/www.bise.ch\/wp-content\/uploads\/LogoBise.png","width":4267,"height":4267,"caption":"M\u00f6bel Bise | M\u00f6belgesch\u00e4ft | M\u00f6bel | Freiburg | Bulle"},"image":{"@id":"https:\/\/www.bise.ch\/de\/#\/schema\/logo\/image\/"},"sameAs":["https:\/\/www.facebook.com\/bisemeubles\/","https:\/\/www.instagram.com\/bisemeubles\/","https:\/\/ch.linkedin.com\/company\/bise-meubles-moebel"]}]}},"_links":{"self":[{"href":"https:\/\/www.bise.ch\/de\/wp-json\/wp\/v2\/pages\/32334","targetHints":{"allow":["GET"]}}],"collection":[{"href":"https:\/\/www.bise.ch\/de\/wp-json\/wp\/v2\/pages"}],"about":[{"href":"https:\/\/www.bise.ch\/de\/wp-json\/wp\/v2\/types\/page"}],"author":[{"embeddable":true,"href":"https:\/\/www.bise.ch\/de\/wp-json\/wp\/v2\/users\/1"}],"replies":[{"embeddable":true,"href":"https:\/\/www.bise.ch\/de\/wp-json\/wp\/v2\/comments?post=32334"}],"version-history":[{"count":13,"href":"https:\/\/www.bise.ch\/de\/wp-json\/wp\/v2\/pages\/32334\/revisions"}],"predecessor-version":[{"id":57553,"href":"https:\/\/www.bise.ch\/de\/wp-json\/wp\/v2\/pages\/32334\/revisions\/57553"}],"wp:attachment":[{"href":"https:\/\/www.bise.ch\/de\/wp-json\/wp\/v2\/media?parent=32334"}],"curies":[{"name":"wp","href":"https:\/\/api.w.org\/{rel}","templated":true}]}}