{"id":32490,"date":"2017-02-16T09:17:12","date_gmt":"2017-02-16T08:17:12","guid":{"rendered":"https:\/\/bise.ch\/kontakt\/"},"modified":"2025-09-28T14:12:44","modified_gmt":"2025-09-28T12:12:44","slug":"kontakt","status":"publish","type":"page","link":"https:\/\/www.bise.ch\/de\/kontakt\/","title":{"rendered":"Kontakt"},"content":{"rendered":"<p>[et_pb_section fb_built=&#8220;1&#8243; specialty=&#8220;on&#8220; admin_label=&#8220;section&#8220; _builder_version=&#8220;4.22.2&#8243; min_height=&#8220;761.3px&#8220; transparent_background=&#8220;off&#8220; make_fullwidth=&#8220;off&#8220; use_custom_width=&#8220;off&#8220; width_unit=&#8220;off&#8220; custom_width_px=&#8220;1080px&#8220; custom_width_percent=&#8220;80%&#8220; global_colors_info=&#8220;{}&#8220;][et_pb_column type=&#8220;1_2&#8243; specialty_columns=&#8220;2&#8243; _builder_version=&#8220;4.16&#8243; custom_padding=&#8220;|||&#8220; global_colors_info=&#8220;{}&#8220; custom_padding__hover=&#8220;|||&#8220;][et_pb_row_inner admin_label=&#8220;row_inner&#8220; _builder_version=&#8220;4.16&#8243; global_colors_info=&#8220;{}&#8220;][et_pb_column_inner saved_specialty_column_type=&#8220;1_2&#8243; _builder_version=&#8220;4.22.2&#8243; _module_preset=&#8220;default&#8220; global_colors_info=&#8220;{}&#8220;][et_pb_text admin_label=&#8220;Text&#8220; _builder_version=&#8220;4.16&#8243; text_line_height=&#8220;1.5em&#8220; background_size=&#8220;initial&#8220; background_position=&#8220;top_left&#8220; background_repeat=&#8220;repeat&#8220; use_border_color=&#8220;off&#8220; border_style=&#8220;solid&#8220; global_colors_info=&#8220;{}&#8220;]<\/p>\n<h1>KONTAKT<\/h1>\n<p>[\/et_pb_text][\/et_pb_column_inner][\/et_pb_row_inner][et_pb_row_inner custom_padding_last_edited=&#8220;on|phone&#8220; admin_label=&#8220;row_inner&#8220; _builder_version=&#8220;4.16&#8243; custom_padding=&#8220;0px|0px|0px|0px&#8220; custom_padding_tablet=&#8220;&#8220; custom_padding_phone=&#8220;&#8220; global_colors_info=&#8220;{}&#8220;][et_pb_column_inner saved_specialty_column_type=&#8220;1_2&#8243; _builder_version=&#8220;4.16&#8243; custom_padding=&#8220;|||&#8220; global_colors_info=&#8220;{}&#8220; custom_padding__hover=&#8220;|||&#8220;][et_pb_contact_form captcha=&#8220;off&#8220; email=&#8220;home@bise.ch&#8220; custom_message=&#8220;Sie haben eine Nachricht von der Website Bise.ch||et_pb_line_break_holder||||et_pb_line_break_holder||Exp\u00e9diteur : %%Intitule%% %%Prenom%% %%Nom%%||et_pb_line_break_holder||||et_pb_line_break_holder||Adresse : %%Adresse%%, %%CP%% %%Ville%%||et_pb_line_break_holder||||et_pb_line_break_holder||T\u00e9l\u00e9phone : %%Telephone%%||et_pb_line_break_holder||||et_pb_line_break_holder||Email : %%Email%%||et_pb_line_break_holder||||et_pb_line_break_holder||Message : %%Message%%&#8220; success_message=&#8220;Vielen Dank f\u00fcr Ihre Nachricht. Sie werden so bald wie m\u00f6glich eine Antwort erhalten.&#8220; submit_button_text=&#8220;Senden Sie&#8220; admin_label=&#8220;Contact Form&#8220; module_id=&#8220;et_pb_contact_form_0&#8243; _builder_version=&#8220;4.24.3&#8243; _unique_id=&#8220;ccd1c9de-79bb-4920-9ea6-d8b258ed0491&#8243; form_field_background_color=&#8220;#FFFFFF&#8220; form_field_text_color=&#8220;#000000&#8243; form_field_focus_background_color=&#8220;#FFFFFF&#8220; form_field_focus_text_color=&#8220;#000000&#8243; form_field_font_size=&#8220;16px&#8220; custom_button=&#8220;on&#8220; button_text_size=&#8220;16px&#8220; button_use_icon=&#8220;off&#8220; border_radii=&#8220;on|0px|0px|0px|0px&#8220; border_width_all=&#8220;1px&#8220; border_color_all=&#8220;#CCCCCC&#8220; use_border_color=&#8220;off&#8220; border_color=&#8220;#ffffff&#8220; border_width=&#8220;1px&#8220; border_style=&#8220;solid&#8220; input_border_radius=&#8220;0&#8243; global_colors_info=&#8220;{}&#8220;][et_pb_contact_field field_id=&#8220;Intitule&#8220; field_title=&#8220;Titel&#8220; field_type=&#8220;select&#8220; select_options=&#8220;%91{%22value%22:%22Frau%22,%22checked%22:0,%22dragID%22:-1},{%22value%22:%22Herr%22,%22checked%22:0,%22dragID%22:0},{%22value%22:%22Unternehmen%22,%22checked%22:0,%22dragID%22:1}%93&#8243; fullwidth_field=&#8220;on&#8220; _builder_version=&#8220;4.24.0&#8243; _module_preset=&#8220;default&#8220; global_colors_info=&#8220;{}&#8220;][\/et_pb_contact_field][et_pb_contact_field field_id=&#8220;Prenom&#8220; field_title=&#8220;Vorname&#8220; _builder_version=&#8220;4.24.0&#8243; _module_preset=&#8220;default&#8220; global_colors_info=&#8220;{}&#8220;][\/et_pb_contact_field][et_pb_contact_field field_id=&#8220;Nom&#8220; field_title=&#8220;Name&#8220; _builder_version=&#8220;4.24.0&#8243; form_field_background_color=&#8220;#ffffff&#8220; form_field_text_color=&#8220;#333333&#8243; border_radii=&#8220;on|0px|0px|0px|0px&#8220; border_width_all=&#8220;1px&#8220; border_style_all=&#8220;solid&#8220; use_border_color=&#8220;on&#8220; border_color=&#8220;#edecec&#8220; border_width=&#8220;1px&#8220; input_border_radius=&#8220;0&#8243; field_background_color=&#8220;#ffffff&#8220; global_colors_info=&#8220;{}&#8220; button_text_size__hover_enabled=&#8220;off&#8220; button_one_text_size__hover_enabled=&#8220;off&#8220; button_two_text_size__hover_enabled=&#8220;off&#8220; button_text_color__hover_enabled=&#8220;off&#8220; button_one_text_color__hover_enabled=&#8220;off&#8220; button_two_text_color__hover_enabled=&#8220;off&#8220; button_border_width__hover_enabled=&#8220;off&#8220; button_one_border_width__hover_enabled=&#8220;off&#8220; button_two_border_width__hover_enabled=&#8220;off&#8220; button_border_color__hover_enabled=&#8220;off&#8220; button_one_border_color__hover_enabled=&#8220;off&#8220; button_two_border_color__hover_enabled=&#8220;off&#8220; button_border_radius__hover_enabled=&#8220;off&#8220; button_one_border_radius__hover_enabled=&#8220;off&#8220; button_two_border_radius__hover_enabled=&#8220;off&#8220; button_letter_spacing__hover_enabled=&#8220;off&#8220; button_one_letter_spacing__hover_enabled=&#8220;off&#8220; button_two_letter_spacing__hover_enabled=&#8220;off&#8220; button_bg_color__hover_enabled=&#8220;off&#8220; button_one_bg_color__hover_enabled=&#8220;off&#8220; button_two_bg_color__hover_enabled=&#8220;off&#8220;][\/et_pb_contact_field][et_pb_contact_field field_id=&#8220;Adresse&#8220; field_title=&#8220;Adresse und Nr.&#8220; fullwidth_field=&#8220;on&#8220; _builder_version=&#8220;4.24.0&#8243; _module_preset=&#8220;default&#8220; global_colors_info=&#8220;{}&#8220;][\/et_pb_contact_field][et_pb_contact_field field_id=&#8220;CP&#8220; field_title=&#8220;Postleitzahl&#8220; allowed_symbols=&#8220;numbers&#8220; _builder_version=&#8220;4.24.0&#8243; _module_preset=&#8220;default&#8220; global_colors_info=&#8220;{}&#8220;][\/et_pb_contact_field][et_pb_contact_field field_id=&#8220;Ville&#8220; field_title=&#8220;Stadt&#8220; _builder_version=&#8220;4.24.0&#8243; _module_preset=&#8220;default&#8220; global_colors_info=&#8220;{}&#8220;][\/et_pb_contact_field][et_pb_contact_field field_id=&#8220;Telephone&#8220; field_title=&#8220;Telefon&#8220; _builder_version=&#8220;4.24.0&#8243; _module_preset=&#8220;default&#8220; form_field_background_color=&#8220;#FFFFFF&#8220; form_field_text_color=&#8220;#000000&#8243; form_field_focus_background_color=&#8220;RGBA(255,255,255,0)&#8220; form_field_focus_text_color=&#8220;#000000&#8243; background_color=&#8220;RGBA(255,255,255,0)&#8220; background_enable_color=&#8220;on&#8220; border_width_all=&#8220;1px&#8220; border_color_all=&#8220;#CCCCCC&#8220; global_colors_info=&#8220;{}&#8220;][\/et_pb_contact_field][et_pb_contact_field field_id=&#8220;Email&#8220; field_title=&#8220;E-Mail&#8220; field_type=&#8220;email&#8220; _builder_version=&#8220;4.24.0&#8243; form_field_background_color=&#8220;#ffffff&#8220; form_field_text_color=&#8220;#333333&#8243; border_radii=&#8220;on|0px|0px|0px|0px&#8220; border_width_all=&#8220;1px&#8220; border_style_all=&#8220;solid&#8220; use_border_color=&#8220;on&#8220; border_color=&#8220;#edecec&#8220; border_width=&#8220;1px&#8220; input_border_radius=&#8220;0&#8243; field_background_color=&#8220;#ffffff&#8220; global_colors_info=&#8220;{}&#8220; button_text_size__hover_enabled=&#8220;off&#8220; button_one_text_size__hover_enabled=&#8220;off&#8220; button_two_text_size__hover_enabled=&#8220;off&#8220; button_text_color__hover_enabled=&#8220;off&#8220; button_one_text_color__hover_enabled=&#8220;off&#8220; button_two_text_color__hover_enabled=&#8220;off&#8220; button_border_width__hover_enabled=&#8220;off&#8220; button_one_border_width__hover_enabled=&#8220;off&#8220; button_two_border_width__hover_enabled=&#8220;off&#8220; button_border_color__hover_enabled=&#8220;off&#8220; button_one_border_color__hover_enabled=&#8220;off&#8220; button_two_border_color__hover_enabled=&#8220;off&#8220; button_border_radius__hover_enabled=&#8220;off&#8220; button_one_border_radius__hover_enabled=&#8220;off&#8220; button_two_border_radius__hover_enabled=&#8220;off&#8220; button_letter_spacing__hover_enabled=&#8220;off&#8220; button_one_letter_spacing__hover_enabled=&#8220;off&#8220; button_two_letter_spacing__hover_enabled=&#8220;off&#8220; button_bg_color__hover_enabled=&#8220;off&#8220; button_one_bg_color__hover_enabled=&#8220;off&#8220; button_two_bg_color__hover_enabled=&#8220;off&#8220;][\/et_pb_contact_field][et_pb_contact_field field_id=&#8220;Message&#8220; field_title=&#8220;Nachricht&#8220; field_type=&#8220;text&#8220; fullwidth_field=&#8220;on&#8220; _builder_version=&#8220;4.24.0&#8243; form_field_background_color=&#8220;#ffffff&#8220; form_field_text_color=&#8220;#333333&#8243; border_radii=&#8220;on|0px|0px|0px|0px&#8220; border_width_all=&#8220;1px&#8220; border_style_all=&#8220;solid&#8220; use_border_color=&#8220;on&#8220; border_color=&#8220;#edecec&#8220; border_width=&#8220;1px&#8220; input_border_radius=&#8220;0&#8243; field_background_color=&#8220;#ffffff&#8220; global_colors_info=&#8220;{}&#8220; button_text_size__hover_enabled=&#8220;off&#8220; button_one_text_size__hover_enabled=&#8220;off&#8220; button_two_text_size__hover_enabled=&#8220;off&#8220; button_text_color__hover_enabled=&#8220;off&#8220; button_one_text_color__hover_enabled=&#8220;off&#8220; button_two_text_color__hover_enabled=&#8220;off&#8220; button_border_width__hover_enabled=&#8220;off&#8220; button_one_border_width__hover_enabled=&#8220;off&#8220; button_two_border_width__hover_enabled=&#8220;off&#8220; button_border_color__hover_enabled=&#8220;off&#8220; button_one_border_color__hover_enabled=&#8220;off&#8220; button_two_border_color__hover_enabled=&#8220;off&#8220; button_border_radius__hover_enabled=&#8220;off&#8220; button_one_border_radius__hover_enabled=&#8220;off&#8220; button_two_border_radius__hover_enabled=&#8220;off&#8220; button_letter_spacing__hover_enabled=&#8220;off&#8220; button_one_letter_spacing__hover_enabled=&#8220;off&#8220; button_two_letter_spacing__hover_enabled=&#8220;off&#8220; button_bg_color__hover_enabled=&#8220;off&#8220; button_one_bg_color__hover_enabled=&#8220;off&#8220; button_two_bg_color__hover_enabled=&#8220;off&#8220;][\/et_pb_contact_field][\/et_pb_contact_form][\/et_pb_column_inner][\/et_pb_row_inner][\/et_pb_column][et_pb_column type=&#8220;1_2&#8243; _builder_version=&#8220;4.16&#8243; custom_padding=&#8220;|||&#8220; global_colors_info=&#8220;{}&#8220; custom_padding__hover=&#8220;|||&#8220;][et_pb_text admin_label=&#8220;Text&#8220; _builder_version=&#8220;4.27.4&#8243; text_font_size=&#8220;16px&#8220; text_line_height=&#8220;1em&#8220; background_size=&#8220;initial&#8220; background_position=&#8220;top_left&#8220; background_repeat=&#8220;repeat&#8220; text_orientation=&#8220;center&#8220; module_alignment=&#8220;center&#8220; use_border_color=&#8220;off&#8220; border_style=&#8220;solid&#8220; global_colors_info=&#8220;{}&#8220;]<\/p>\n<table style=\"width: 100%; border-collapse: collapse; border-style: none;\" border=\"0\">\n<tbody>\n<tr>\n<td style=\"width: 169.017px;\">\n<p>Showroom Tafers<\/p>\n<p>Wohnen,<br \/>B\u00fcros &amp; Objektm\u00f6bel<\/p>\n<\/td>\n<td style=\"width: 169.017px;\">\n<p style=\"text-align: left;\">Showroom Bulle<\/p>\n<p style=\"text-align: left;\">B\u00fcros &amp; Objektm\u00f6bel<br \/>.<\/p>\n<\/td>\n<\/tr>\n<tr>\n<td style=\"width: 169.017px;\">Bise Meubles &amp; M\u00f6bel<br \/>Freiburgstrasse 24<br \/>1712 Tafers<br \/><a href=\"tel:+41264945550\">T +41 26 494 55 50<\/a><br \/><a href=\"mailto:info@bise.ch\">info@bise.ch<\/a><\/td>\n<td style=\"width: 169.017px;\">\n<p style=\"text-align: left;\">Bise Meubles &amp; M\u00f6bel<br \/>Rue de Gruy\u00e8res 86<br \/>1630 Bulle<br \/><a href=\"tel:+41269195500\">T +41 26 919 55 00<\/a><br \/>.<\/p>\n<\/td>\n<\/tr>\n<\/tbody>\n<\/table>\n<p>[\/et_pb_text][et_pb_gallery gallery_ids=&#8220;53350&#8243; fullwidth=&#8220;on&#8220; admin_label=&#8220;Gallery&#8220; _builder_version=&#8220;4.27.4&#8243; background_layout=&#8220;dark&#8220; custom_margin=&#8220;||||false|false&#8220; use_border_color=&#8220;off&#8220; border_color=&#8220;#ffffff&#8220; border_width=&#8220;1px&#8220; border_style=&#8220;solid&#8220; global_colors_info=&#8220;{}&#8220;][\/et_pb_gallery][\/et_pb_column][\/et_pb_section][et_pb_section fb_built=&#8220;1&#8243; _builder_version=&#8220;4.22.2&#8243; _module_preset=&#8220;default&#8220; global_colors_info=&#8220;{}&#8220;][et_pb_row _builder_version=&#8220;4.22.2&#8243; _module_preset=&#8220;default&#8220; global_colors_info=&#8220;{}&#8220;][et_pb_column type=&#8220;4_4&#8243; _builder_version=&#8220;4.22.2&#8243; _module_preset=&#8220;default&#8220; global_colors_info=&#8220;{}&#8220;][et_pb_text _builder_version=&#8220;4.22.2&#8243; _module_preset=&#8220;default&#8220; global_colors_info=&#8220;{}&#8220;]<\/p>\n<h1 style=\"text-align: center;\">Unsere Ausstellungen<\/h1>\n<p>[\/et_pb_text][\/et_pb_column][\/et_pb_row][et_pb_row column_structure=&#8220;1_2,1_2&#8243; _builder_version=&#8220;4.22.2&#8243; _module_preset=&#8220;default&#8220; global_colors_info=&#8220;{}&#8220;][et_pb_column type=&#8220;1_2&#8243; _builder_version=&#8220;4.22.2&#8243; _module_preset=&#8220;default&#8220; global_colors_info=&#8220;{}&#8220;][et_pb_text _builder_version=&#8220;4.27.4&#8243; _module_preset=&#8220;default&#8220; global_colors_info=&#8220;{}&#8220;]<\/p>\n<h2 style=\"text-align: left;\">Tafers: Wohnen \/ B\u00fcros und Gemeinden<\/h2>\n<p>[\/et_pb_text][et_pb_code _builder_version=&#8220;4.27.0&#8243; _module_preset=&#8220;default&#8220; global_colors_info=&#8220;{}&#8220;]<iframe src=\"https:\/\/www.google.com\/maps\/embed?pb=!1m18!1m12!1m3!1d2730.634149056916!2d7.193302976664724!3d46.81151214254279!2m3!1f0!2f0!3f0!3m2!1i1024!2i768!4f13.1!3m3!1m2!1s0x478e690aa294782f%3A0x401fa73c00bbb5c5!2sM%C3%B6bel%20Bise%20Meubles!5e0!3m2!1sen!2sch!4v1725945792037!5m2!1sen!2sch\" width=\"100%\" height=\"500\" style=\"border:0;\" allowfullscreen=\"\" loading=\"lazy\" referrerpolicy=\"no-referrer-when-downgrade\"><\/iframe>[\/et_pb_code][\/et_pb_column][et_pb_column type=&#8220;1_2&#8243; _builder_version=&#8220;4.27.4&#8243; _module_preset=&#8220;default&#8220; global_colors_info=&#8220;{}&#8220;][et_pb_text _builder_version=&#8220;4.27.4&#8243; _module_preset=&#8220;default&#8220; global_colors_info=&#8220;{}&#8220;]<\/p>\n<h2 style=\"text-align: left;\">Bulle : Showroom B\u00fcros und Objektm\u00f6bel<\/h2>\n<p>[\/et_pb_text][et_pb_code _builder_version=&#8220;4.27.4&#8243; _module_preset=&#8220;default&#8220; global_colors_info=&#8220;{}&#8220;]<iframe src=\"https:\/\/www.google.com\/maps\/embed?pb=!1m16!1m12!1m3!1d685.16619300453!2d7.059119696713762!3d46.6136275076201!2m3!1f0!2f0!3f0!3m2!1i1024!2i768!4f13.1!2m1!1sbise%20bulle!5e0!3m2!1sfr!2sch!4v1743667934040!5m2!1sfr!2sch\" width=\"100%\" height=\"500\" style=\"border:0;\" allowfullscreen=\"\" loading=\"lazy\" referrerpolicy=\"no-referrer-when-downgrade\"><\/iframe>[\/et_pb_code][\/et_pb_column][\/et_pb_row][et_pb_row column_structure=&#8220;1_4,1_4,1_4,1_4&#8243; _builder_version=&#8220;4.27.4&#8243; _module_preset=&#8220;default&#8220; global_colors_info=&#8220;{}&#8220;][et_pb_column type=&#8220;1_4&#8243; _builder_version=&#8220;4.27.4&#8243; _module_preset=&#8220;default&#8220; global_colors_info=&#8220;{}&#8220;][et_pb_text admin_label=&#8220;Text&#8220; _builder_version=&#8220;4.27.4&#8243; text_font_size=&#8220;16px&#8220; text_line_height=&#8220;1em&#8220; background_size=&#8220;initial&#8220; background_position=&#8220;top_left&#8220; background_repeat=&#8220;repeat&#8220; text_orientation=&#8220;center&#8220; module_alignment=&#8220;center&#8220; custom_margin_tablet=&#8220;10px|||&#8220; custom_margin_phone=&#8220;&#8220; custom_margin_last_edited=&#8220;on|phone&#8220; use_border_color=&#8220;off&#8220; border_style=&#8220;solid&#8220; global_colors_info=&#8220;{}&#8220;]<\/p>\n<p style=\"text-align: left;\">\u00d6ffnungszeiten Tafers :<\/p>\n<p style=\"text-align: left;\">Montag geschlossen \/ B\u00fcro nach Vereinbarung<\/p>\n<p style=\"text-align: left;\">Dienstag bis Freitag :<\/p>\n<p style=\"text-align: left;\">8.30 Uhr &#8211; 12 Uhr \/ 13.30 Uhr &#8211; 18.30 Uhr<\/p>\n<p style=\"text-align: left;\">Samstag 9\u201316 Uhr durchgehend ge\u00f6ffnet<\/p>\n<p>[\/et_pb_text][\/et_pb_column][et_pb_column type=&#8220;1_4&#8243; _builder_version=&#8220;4.27.4&#8243; _module_preset=&#8220;default&#8220; global_colors_info=&#8220;{}&#8220;][\/et_pb_column][et_pb_column type=&#8220;1_4&#8243; _builder_version=&#8220;4.27.4&#8243; _module_preset=&#8220;default&#8220; global_colors_info=&#8220;{}&#8220;][et_pb_text admin_label=&#8220;Text&#8220; _builder_version=&#8220;4.27.4&#8243; text_font_size=&#8220;16px&#8220; text_line_height=&#8220;1em&#8220; background_size=&#8220;initial&#8220; background_position=&#8220;top_left&#8220; background_repeat=&#8220;repeat&#8220; text_orientation=&#8220;center&#8220; module_alignment=&#8220;center&#8220; custom_margin_tablet=&#8220;10px|||&#8220; custom_margin_phone=&#8220;&#8220; custom_margin_last_edited=&#8220;on|phone&#8220; use_border_color=&#8220;off&#8220; border_style=&#8220;solid&#8220; global_colors_info=&#8220;{}&#8220;]<\/p>\n<p style=\"text-align: left;\">Horaires Bulle :<\/p>\n<p style=\"text-align: left;\">Montag bis Freitag: nach Vereinbarung<\/p>\n<p style=\"text-align: left;\">Samstag: geschlossen<\/p>\n<p>[\/et_pb_text][\/et_pb_column][et_pb_column type=&#8220;1_4&#8243; _builder_version=&#8220;4.27.4&#8243; _module_preset=&#8220;default&#8220; global_colors_info=&#8220;{}&#8220;][\/et_pb_column][\/et_pb_row][\/et_pb_section]<\/p>\n","protected":false},"excerpt":{"rendered":"<p>KONTAKT Showroom Tafers Wohnen,B\u00fcros &amp; Objektm\u00f6bel Showroom Bulle B\u00fcros &amp; Objektm\u00f6bel. Bise Meubles &amp; M\u00f6belFreiburgstrasse 241712 TafersT +41 26 494 55 50info@bise.ch Bise Meubles &amp; M\u00f6belRue de Gruy\u00e8res 861630 BulleT +41 26 919 55 00. Unsere AusstellungenTafers: Wohnen \/ B\u00fcros und GemeindenBulle : Showroom B\u00fcros und Objektm\u00f6bel\u00d6ffnungszeiten Tafers : Montag geschlossen \/ B\u00fcro nach Vereinbarung [&hellip;]<\/p>\n","protected":false},"author":1,"featured_media":0,"parent":0,"menu_order":0,"comment_status":"closed","ping_status":"closed","template":"","meta":{"_et_pb_use_builder":"on","_et_pb_old_content":"","_et_gb_content_width":"","footnotes":""},"class_list":["post-32490","page","type-page","status-publish","hentry"],"yoast_head":"<!-- This site is optimized with the Yoast SEO plugin v27.1.1 - https:\/\/yoast.com\/product\/yoast-seo-wordpress\/ -->\n<title>Kontakt | M\u00f6bel Bise | M\u00f6belgesch\u00e4ft | M\u00f6bel | Freiburg | Bulle<\/title>\n<meta name=\"description\" content=\"Kontaktieren Sie Bise Meubles &amp; M\u00f6bel, wenn Sie Informationen, Beratung oder ein individuelles Angebot w\u00fcnschen. Unsere Showrooms in Tafers und Bulle hei\u00dfen Sie herzlich willkommen, um unsere ma\u00dfgeschneiderten Einrichtungsl\u00f6sungen zu entdecken. Ein Team, das Ihnen gerne zuh\u00f6rt, um Ihre Inneneinrichtungsprojekte zu verwirklichen, sei es f\u00fcr Wohnr\u00e4ume, B\u00fcros oder Gesch\u00e4ftsr\u00e4ume.\" \/>\n<meta name=\"robots\" content=\"index, follow, max-snippet:-1, max-image-preview:large, max-video-preview:-1\" \/>\n<link rel=\"canonical\" href=\"https:\/\/www.bise.ch\/de\/kontakt\/\" \/>\n<meta property=\"og:locale\" content=\"de_DE\" \/>\n<meta property=\"og:type\" content=\"article\" \/>\n<meta property=\"og:title\" content=\"Kontakt | M\u00f6bel Bise | M\u00f6belgesch\u00e4ft | M\u00f6bel | Freiburg | Bulle\" \/>\n<meta property=\"og:description\" content=\"Kontaktieren Sie Bise Meubles &amp; M\u00f6bel, wenn Sie Informationen, Beratung oder ein individuelles Angebot w\u00fcnschen. Unsere Showrooms in Tafers und Bulle hei\u00dfen Sie herzlich willkommen, um unsere ma\u00dfgeschneiderten Einrichtungsl\u00f6sungen zu entdecken. Ein Team, das Ihnen gerne zuh\u00f6rt, um Ihre Inneneinrichtungsprojekte zu verwirklichen, sei es f\u00fcr Wohnr\u00e4ume, B\u00fcros oder Gesch\u00e4ftsr\u00e4ume.\" \/>\n<meta property=\"og:url\" content=\"https:\/\/www.bise.ch\/de\/kontakt\/\" \/>\n<meta property=\"og:site_name\" content=\"M\u00f6bel Bise | M\u00f6belgesch\u00e4ft | M\u00f6bel | Freiburg | Bulle\" \/>\n<meta property=\"article:publisher\" content=\"https:\/\/www.facebook.com\/bisemeubles\/\" \/>\n<meta property=\"article:modified_time\" content=\"2025-09-28T12:12:44+00:00\" \/>\n<meta name=\"twitter:card\" content=\"summary_large_image\" \/>\n<meta name=\"twitter:label1\" content=\"Gesch\u00e4tzte Lesezeit\" \/>\n\t<meta name=\"twitter:data1\" content=\"9\u00a0Minuten\" \/>\n<script type=\"application\/ld+json\" class=\"yoast-schema-graph\">{\"@context\":\"https:\/\/schema.org\",\"@graph\":[{\"@type\":\"WebPage\",\"@id\":\"https:\/\/www.bise.ch\/de\/kontakt\/\",\"url\":\"https:\/\/www.bise.ch\/de\/kontakt\/\",\"name\":\"Kontakt | M\u00f6bel Bise | M\u00f6belgesch\u00e4ft | M\u00f6bel | Freiburg | Bulle\",\"isPartOf\":{\"@id\":\"https:\/\/www.bise.ch\/de\/#website\"},\"datePublished\":\"2017-02-16T08:17:12+00:00\",\"dateModified\":\"2025-09-28T12:12:44+00:00\",\"description\":\"Kontaktieren Sie Bise Meubles & M\u00f6bel, wenn Sie Informationen, Beratung oder ein individuelles Angebot w\u00fcnschen. Unsere Showrooms in Tafers und Bulle hei\u00dfen Sie herzlich willkommen, um unsere ma\u00dfgeschneiderten Einrichtungsl\u00f6sungen zu entdecken. Ein Team, das Ihnen gerne zuh\u00f6rt, um Ihre Inneneinrichtungsprojekte zu verwirklichen, sei es f\u00fcr Wohnr\u00e4ume, B\u00fcros oder Gesch\u00e4ftsr\u00e4ume.\",\"breadcrumb\":{\"@id\":\"https:\/\/www.bise.ch\/de\/kontakt\/#breadcrumb\"},\"inLanguage\":\"de\",\"potentialAction\":[{\"@type\":\"ReadAction\",\"target\":[\"https:\/\/www.bise.ch\/de\/kontakt\/\"]}]},{\"@type\":\"BreadcrumbList\",\"@id\":\"https:\/\/www.bise.ch\/de\/kontakt\/#breadcrumb\",\"itemListElement\":[{\"@type\":\"ListItem\",\"position\":1,\"name\":\"Startseite\",\"item\":\"https:\/\/www.bise.ch\/de\/\"},{\"@type\":\"ListItem\",\"position\":2,\"name\":\"Kontakt\"}]},{\"@type\":\"WebSite\",\"@id\":\"https:\/\/www.bise.ch\/de\/#website\",\"url\":\"https:\/\/www.bise.ch\/de\/\",\"name\":\"Meubles Bise | Magasin de meubles | Mobilier | Fribourg | Bulle\",\"description\":\"Wir erwecken Ihre Ra\u0308ume zum Leben\",\"publisher\":{\"@id\":\"https:\/\/www.bise.ch\/de\/#organization\"},\"alternateName\":\"Georges Bise SA\",\"potentialAction\":[{\"@type\":\"SearchAction\",\"target\":{\"@type\":\"EntryPoint\",\"urlTemplate\":\"https:\/\/www.bise.ch\/de\/?s={search_term_string}\"},\"query-input\":{\"@type\":\"PropertyValueSpecification\",\"valueRequired\":true,\"valueName\":\"search_term_string\"}}],\"inLanguage\":\"de\"},{\"@type\":\"Organization\",\"@id\":\"https:\/\/www.bise.ch\/de\/#organization\",\"name\":\"M\u00f6bel Bise | M\u00f6belgesch\u00e4ft | M\u00f6bel | Freiburg | Bulle\",\"alternateName\":\"Georges Bise SA\",\"url\":\"https:\/\/www.bise.ch\/de\/\",\"logo\":{\"@type\":\"ImageObject\",\"inLanguage\":\"de\",\"@id\":\"https:\/\/www.bise.ch\/de\/#\/schema\/logo\/image\/\",\"url\":\"https:\/\/www.bise.ch\/wp-content\/uploads\/LogoBise.png\",\"contentUrl\":\"https:\/\/www.bise.ch\/wp-content\/uploads\/LogoBise.png\",\"width\":4267,\"height\":4267,\"caption\":\"M\u00f6bel Bise | M\u00f6belgesch\u00e4ft | M\u00f6bel | Freiburg | Bulle\"},\"image\":{\"@id\":\"https:\/\/www.bise.ch\/de\/#\/schema\/logo\/image\/\"},\"sameAs\":[\"https:\/\/www.facebook.com\/bisemeubles\/\",\"https:\/\/www.instagram.com\/bisemeubles\/\",\"https:\/\/ch.linkedin.com\/company\/bise-meubles-moebel\"]}]}<\/script>\n<!-- \/ Yoast SEO plugin. -->","yoast_head_json":{"title":"Kontakt | M\u00f6bel Bise | M\u00f6belgesch\u00e4ft | M\u00f6bel | Freiburg | Bulle","description":"Kontaktieren Sie Bise Meubles & M\u00f6bel, wenn Sie Informationen, Beratung oder ein individuelles Angebot w\u00fcnschen. Unsere Showrooms in Tafers und Bulle hei\u00dfen Sie herzlich willkommen, um unsere ma\u00dfgeschneiderten Einrichtungsl\u00f6sungen zu entdecken. Ein Team, das Ihnen gerne zuh\u00f6rt, um Ihre Inneneinrichtungsprojekte zu verwirklichen, sei es f\u00fcr Wohnr\u00e4ume, B\u00fcros oder Gesch\u00e4ftsr\u00e4ume.","robots":{"index":"index","follow":"follow","max-snippet":"max-snippet:-1","max-image-preview":"max-image-preview:large","max-video-preview":"max-video-preview:-1"},"canonical":"https:\/\/www.bise.ch\/de\/kontakt\/","og_locale":"de_DE","og_type":"article","og_title":"Kontakt | M\u00f6bel Bise | M\u00f6belgesch\u00e4ft | M\u00f6bel | Freiburg | Bulle","og_description":"Kontaktieren Sie Bise Meubles & M\u00f6bel, wenn Sie Informationen, Beratung oder ein individuelles Angebot w\u00fcnschen. Unsere Showrooms in Tafers und Bulle hei\u00dfen Sie herzlich willkommen, um unsere ma\u00dfgeschneiderten Einrichtungsl\u00f6sungen zu entdecken. Ein Team, das Ihnen gerne zuh\u00f6rt, um Ihre Inneneinrichtungsprojekte zu verwirklichen, sei es f\u00fcr Wohnr\u00e4ume, B\u00fcros oder Gesch\u00e4ftsr\u00e4ume.","og_url":"https:\/\/www.bise.ch\/de\/kontakt\/","og_site_name":"M\u00f6bel Bise | M\u00f6belgesch\u00e4ft | M\u00f6bel | Freiburg | Bulle","article_publisher":"https:\/\/www.facebook.com\/bisemeubles\/","article_modified_time":"2025-09-28T12:12:44+00:00","twitter_card":"summary_large_image","twitter_misc":{"Gesch\u00e4tzte Lesezeit":"9\u00a0Minuten"},"schema":{"@context":"https:\/\/schema.org","@graph":[{"@type":"WebPage","@id":"https:\/\/www.bise.ch\/de\/kontakt\/","url":"https:\/\/www.bise.ch\/de\/kontakt\/","name":"Kontakt | M\u00f6bel Bise | M\u00f6belgesch\u00e4ft | M\u00f6bel | Freiburg | Bulle","isPartOf":{"@id":"https:\/\/www.bise.ch\/de\/#website"},"datePublished":"2017-02-16T08:17:12+00:00","dateModified":"2025-09-28T12:12:44+00:00","description":"Kontaktieren Sie Bise Meubles & M\u00f6bel, wenn Sie Informationen, Beratung oder ein individuelles Angebot w\u00fcnschen. Unsere Showrooms in Tafers und Bulle hei\u00dfen Sie herzlich willkommen, um unsere ma\u00dfgeschneiderten Einrichtungsl\u00f6sungen zu entdecken. Ein Team, das Ihnen gerne zuh\u00f6rt, um Ihre Inneneinrichtungsprojekte zu verwirklichen, sei es f\u00fcr Wohnr\u00e4ume, B\u00fcros oder Gesch\u00e4ftsr\u00e4ume.","breadcrumb":{"@id":"https:\/\/www.bise.ch\/de\/kontakt\/#breadcrumb"},"inLanguage":"de","potentialAction":[{"@type":"ReadAction","target":["https:\/\/www.bise.ch\/de\/kontakt\/"]}]},{"@type":"BreadcrumbList","@id":"https:\/\/www.bise.ch\/de\/kontakt\/#breadcrumb","itemListElement":[{"@type":"ListItem","position":1,"name":"Startseite","item":"https:\/\/www.bise.ch\/de\/"},{"@type":"ListItem","position":2,"name":"Kontakt"}]},{"@type":"WebSite","@id":"https:\/\/www.bise.ch\/de\/#website","url":"https:\/\/www.bise.ch\/de\/","name":"Meubles Bise | Magasin de meubles | Mobilier | Fribourg | Bulle","description":"Wir erwecken Ihre Ra\u0308ume zum Leben","publisher":{"@id":"https:\/\/www.bise.ch\/de\/#organization"},"alternateName":"Georges Bise SA","potentialAction":[{"@type":"SearchAction","target":{"@type":"EntryPoint","urlTemplate":"https:\/\/www.bise.ch\/de\/?s={search_term_string}"},"query-input":{"@type":"PropertyValueSpecification","valueRequired":true,"valueName":"search_term_string"}}],"inLanguage":"de"},{"@type":"Organization","@id":"https:\/\/www.bise.ch\/de\/#organization","name":"M\u00f6bel Bise | M\u00f6belgesch\u00e4ft | M\u00f6bel | Freiburg | Bulle","alternateName":"Georges Bise SA","url":"https:\/\/www.bise.ch\/de\/","logo":{"@type":"ImageObject","inLanguage":"de","@id":"https:\/\/www.bise.ch\/de\/#\/schema\/logo\/image\/","url":"https:\/\/www.bise.ch\/wp-content\/uploads\/LogoBise.png","contentUrl":"https:\/\/www.bise.ch\/wp-content\/uploads\/LogoBise.png","width":4267,"height":4267,"caption":"M\u00f6bel Bise | M\u00f6belgesch\u00e4ft | M\u00f6bel | Freiburg | Bulle"},"image":{"@id":"https:\/\/www.bise.ch\/de\/#\/schema\/logo\/image\/"},"sameAs":["https:\/\/www.facebook.com\/bisemeubles\/","https:\/\/www.instagram.com\/bisemeubles\/","https:\/\/ch.linkedin.com\/company\/bise-meubles-moebel"]}]}},"_links":{"self":[{"href":"https:\/\/www.bise.ch\/de\/wp-json\/wp\/v2\/pages\/32490","targetHints":{"allow":["GET"]}}],"collection":[{"href":"https:\/\/www.bise.ch\/de\/wp-json\/wp\/v2\/pages"}],"about":[{"href":"https:\/\/www.bise.ch\/de\/wp-json\/wp\/v2\/types\/page"}],"author":[{"embeddable":true,"href":"https:\/\/www.bise.ch\/de\/wp-json\/wp\/v2\/users\/1"}],"replies":[{"embeddable":true,"href":"https:\/\/www.bise.ch\/de\/wp-json\/wp\/v2\/comments?post=32490"}],"version-history":[{"count":54,"href":"https:\/\/www.bise.ch\/de\/wp-json\/wp\/v2\/pages\/32490\/revisions"}],"predecessor-version":[{"id":57526,"href":"https:\/\/www.bise.ch\/de\/wp-json\/wp\/v2\/pages\/32490\/revisions\/57526"}],"wp:attachment":[{"href":"https:\/\/www.bise.ch\/de\/wp-json\/wp\/v2\/media?parent=32490"}],"curies":[{"name":"wp","href":"https:\/\/api.w.org\/{rel}","templated":true}]}}