{"id":32577,"date":"2024-02-02T18:26:31","date_gmt":"2024-02-02T17:26:31","guid":{"rendered":"https:\/\/bise.ch\/?page_id=32577"},"modified":"2025-04-03T17:57:25","modified_gmt":"2025-04-03T15:57:25","slug":"datenschutzrichtlinie","status":"publish","type":"page","link":"https:\/\/www.bise.ch\/de\/datenschutzrichtlinie\/","title":{"rendered":"Datenschutzerkl\u00e4rung"},"content":{"rendered":"<p>[et_pb_section fb_built=&#8220;1&#8243; admin_label=&#8220;section&#8220; _builder_version=&#8220;4.16&#8243; global_colors_info=&#8220;{}&#8220;][et_pb_row admin_label=&#8220;row&#8220; _builder_version=&#8220;4.16&#8243; background_size=&#8220;initial&#8220; background_position=&#8220;top_left&#8220; background_repeat=&#8220;repeat&#8220; global_colors_info=&#8220;{}&#8220;][et_pb_column type=&#8220;4_4&#8243; _builder_version=&#8220;4.16&#8243; custom_padding=&#8220;|||&#8220; global_colors_info=&#8220;{}&#8220; custom_padding__hover=&#8220;|||&#8220;][et_pb_text admin_label=&#8220;Text&#8220; _builder_version=&#8220;4.25.1&#8243; background_size=&#8220;initial&#8220; background_position=&#8220;top_left&#8220; background_repeat=&#8220;repeat&#8220; hover_enabled=&#8220;0&#8243; custom_css_free_form=&#8220;:root {||  &#8211;primary-color : #4B5563;||  &#8211;highlight-color : #c8e2ea;||  &#8211;scheme1-color : #FFAB1A;||  &#8211;scheme2-color : #469EB9;||}||||a, abbr, acronym, address, applet, article, aside, audio, b, big, blockquote, body, canvas, caption, center, cite, code, dd, del, details, dfn, div, dl, dt, em, embed, figcaption, figure, footer, form, h1, h2, h3, h4, h5, h6, header, hgroup, html, i, iframe, ins, kbd, label, legend, li, mark, menu, nav, object, ol, output, p, pre, q, ruby, s, samp, section, small, span, strike, strong, sub, summary, sup, table, tbody, td, tfoot, th, thead, time, tr, tt, u, ul, var, video {||  margin: 0;||  padding: 0;||  border: 0;||  vertical-align: baseline;||}||||body, h1, h2, h3, h4, h5, h6 {||  font-family: Arial, Helvetica, sans-serif;||}||||fieldset, img {||  margin: 0;||  padding: 0;||  vertical-align: baseline;||}||||html {||  -ms-text-size-adjust: 100%;||  -webkit-text-size-adjust: 100%;||  -webkit-box-sizing: border-box;||  box-sizing: border-box;||}||||a img, fieldset, img {||  border: none;||}||||button, input%91type=submit%93 {||  cursor: pointer;||}||||button::-moz-focus-inner, input%91type=submit%93::-moz-focus-inner {||  padding: 0;||}||||textarea {||  overflow: auto;||}||||button, input {||  margin: 0;||  padding: 0;||  border: 0;||}||||a, a:focus, button, div, h1, h2, h3, h4, h5, h6, input, select, span, textarea {||  outline: none;||}||||ol, ul {||  list-style-type: none;||}||||table {||  border-spacing: 0;||  border-collapse: collapse;||  width: 100%;||}||||*, :after, :before {||  -webkit-box-sizing: inherit;||  box-sizing: inherit;||}||||\/* Base *\/||||.bs&#8211;mt-10 {||  margin-top: 10px;||}||||.bs&#8211;mt-15 {||  margin-top: 15px;||}||||.bs&#8211;no-mb {||  margin-bottom: 0!important;||}||||.bs&#8211;mb-10 {||  margin-bottom: 10px;||}||||.bs&#8211;fs-inherit {||  font-size: inherit !important;||}||||\/* Columns  *\/||||.columns {||  display: -webkit-box;||  display: -webkit-flex;||  display: -ms-flexbox;||  display: flex;||  max-width: 1200px;||  -webkit-box-pack: justify;||  -webkit-justify-content: space-between;||  -ms-flex-pack: justify;||  justify-content: space-between;||  margin: 0 auto 20px;||  padding: 10px;||  -webkit-box-sizing: content-box;||  box-sizing: content-box;||}||||.columns__main {||  -webkit-box-flex: 1;||  -webkit-flex: 1;||  -ms-flex: 1;||  flex: 1 1;||  padding: 0 20px;||  background: #fff;||  margin-left: 20px;||  border: 1px solid #dbdde7;||  -webkit-border-radius: 3px;||  border-radius: 3px;||}||||\/* Highlighted box *\/||||.highlight-box {||  background: var(&#8211;highlight-color);||  padding: 15px;||}||||.data-collect__item:last-child, .data-collect__item>div>p:last-child, .highlight-box>:last-child {||  margin-bottom: 0;||}||||\/* Privacy table *\/||||.privacy__table {||  text-align: left;||  font-size: 16px;||  line-height: 18px;||}||||.privacy__table thead {||  background: #f5f5f5;||  color: var(&#8211;primary-color);||}||||.privacy__table td, .privacy__table th {||  padding: 10px 10px 15px;||}||||.privacy__table td {||  color: #495355;||  border-bottom: 1px solid #dbdde7;||}||||.privacy__table td:first-child {||  white-space: nowrap;||}||||.privacy__table td a {||  color: #495355;||  font-size: 16px;||  line-height: 18px;||}||||.privacy__table ul {||  list-style: inside disc;||  white-space: nowrap;||}||||\/* Common *\/||||.privacy__title {||  text-align: center;||  font-size: 36px;||  line-height: 44px;||  color: var(&#8211;primary-color);||  font-weight: 400;||  margin: 40px 0px 30px;||}||||.privacy__textual {||  font-size: 16px;||  color: var(&#8211;primary-color);||  margin: 15px 0px;||}||||.privacy__disclaimer {||  font-size: 14px;||  font-style: italic;||  color: var(&#8211;primary-color);||  margin: 15px 0px;||}||||.privacy .act-checker {||  display: none;||}||||.privacy__item {||  position: relative;||  padding-bottom: 15px;||  border-top: 1px solid #dbdde7;||}||||.privacy__item-icon {||  fill: transparent;||  stroke: var(&#8211;primary-color);||  vertical-align: text-bottom;||  display: inline-block;||  margin-right: 10px;||  width: 25px;||  height: 30px;||}||||.privacy__item .icon {||  width: 25px;||  height: 30px;||}||||.privacy__item-title {||  color: var(&#8211;primary-color);||  font-size: 18px;||  line-height: 22px;||  margin: 0 0 30px 5px;||  font-weight: 400;||  vertical-align: top;||  padding-top: 15px;||}||||.privacy__item-block {||  padding-bottom: 15px;||  font-size: 16px;||  line-height: 18px;||  color: #495355;||  -webkit-transition: .3s;||  transition: .3s;||}||||.privacy__item-block p {||  line-height: 16px;||  font-size: 16px;||}||||.privacy__item-block.act-slide .data-collect__item>div>:last-child, .privacy__item-block:last-child {||  margin-bottom: 0;||}||||.privacy__item-block.act-slide {||  margin-left: 0;||  padding-bottom: 0;||  padding-left: 40px;||  border-left: 1px solid #dbdde7;||  overflow-y: hidden;||  max-height: 0;||  -webkit-transition: .5s;||  transition: .5s;||}||||.privacy__item-block.act-slide .privacy__item-i {||  margin: 0;||}||||.privacy__item-block ul {||  list-style: disc outside;||  padding-left: 20px;||}||||.privacy__item-block a {||  color: inherit;||}||||.privacy__item-i {||  margin: 0 40px;||}||||.data-collect__item>div>p, .privacy__item-i>* {||  margin-bottom: 15px;||}||||.privacy__item-i>:last-child {||  margin-bottom: 0;||}||||.privacy .act-checker:checked~.privacy__more {||  display: none;||}||||.privacy .act-checker:checked~.privacy__less {||  display: inline-block;||}||||.privacy .act-checker:checked~.act-slide {||  margin-top: 15px;||  margin-bottom: 15px;||  max-height: 2000px;||}||||.privacy .act-checker:checked~.act-smooth {||  background: #f5f5f5;||}||||.privacy-toggle {||  font-size: 16px;||  line-height: 18px;||  cursor: pointer;||  -webkit-transition: .3s;||  transition: .3s;||}||||.privacy-toggle i {||  text-decoration: underline;||  font-style: normal;||}||||.privacy__more {||  color: #469EB9;||}||||.privacy__more:hover {||  color: #6bb1c7;||}||||.privacy__less {||  color: #ff6966;||  display: none;||}||||.privacy__less:hover {||  color: #933;||}||||.privacy__licence {||  font-style: italic;||}||||.data-scheme__top {||  display: -webkit-box;||  display: -webkit-flex;||  display: -ms-flexbox;||  display: flex;||}||||.data-scheme__top .privacy__item-icon {||  margin-right: 0;||  stroke: none;||}||||.data-scheme__top p {||  margin-bottom: 0;||}||||.data-scheme__top-left, .data-scheme__top-right {||  color: var(&#8211;scheme1-color);||  fill: var(&#8211;scheme1-color);||  text-align: center;||  width: 50px;||}||||.data-scheme__top-right {||  color: var(&#8211;scheme2-color);||  fill: var(&#8211;scheme2-color);||}||||.data-scheme__wrap {||  border-left: 2px solid var(&#8211;scheme1-color);||  margin-left: 25px;||  padding-left: 50px;||}||||.data-scheme__list {||  border-left: 2px solid var(&#8211;scheme2-color);||  padding: 10px 0 10px 25px;||}||||p.data-scheme__item {||  position: relative;||  line-height: 30px;||  margin-bottom: 0;||}||||.data-scheme__item.bull-blue:before, .data-scheme__item.bull-green:after {||  content: &#8220;;||  position: absolute;||  left: -38px;||  top: 50%;||  margin-top: -11px;||  display: block;||  width: 20px;||  height: 20px;||  -webkit-border-radius: 100%;||  border-radius: 100%;||  border: 2px solid var(&#8211;scheme2-color);||  background: #fff;||}||||.data-scheme__item.bull-green:after {||  left: -90px;||  border: 2px solid var(&#8211;scheme1-color);||}||||.data-collect__item {||  vertical-align: top;||  margin-bottom: 30px;||  display: -webkit-box;||  display: -webkit-flex;||  display: -ms-flexbox;||  display: flex;||}||||.data-collect__item:last-child, .data-collect__item>div>p:last-child, .highlight-box>:last-child {||  margin-bottom: 0;||}||||.data-collect__item-icon {||  -webkit-box-flex: 0;||  -webkit-flex: 0 0 25px;||  -ms-flex: 0 0 25px;||  flex: 0 0 25px;||  margin-right: 10px;||  vertical-align: top;||  fill: transparent;||  stroke: var(&#8211;primary-color);||}||||.data-collect__title {||  font-size: 16px;||  line-height: 18px;||  color: var(&#8211;primary-color);||}||||.data-collect__tags {||  font-size: 16px;||  line-height: 12px;||  color: #495355;||}||||.data-collect__tags span {||  margin: 0 5px;||  padding: 2px 4px;||  cursor: pointer;||  -webkit-border-radius: 2px;||  border-radius: 2px;||  background-color: var(&#8211;highlight-color);||}||||\/* Project *\/||||.project__company {||  font-size: 16px;||  font-weight: 700;||  color: var(&#8211;primary-color);||  margin: 10px 0px;||}||||.project__textual {||    font-size: 16px;||    color: var(&#8211;primary-color);||    margin: 10px 0px;||}&#8220; global_colors_info=&#8220;{}&#8220; sticky_enabled=&#8220;0&#8243;]<\/p>\n<div class=\"privacy\">\n<h1 class=\"privacy__title\">Datenschutzerkl\u00e4rung<\/h1>\n<div class=\"privacy__item-block\">\n<p class=\"privacy__textual\">Da uns der Schutz Ihrer Daten und Ihrer Privatsph\u00e4re sehr wichtig ist, haben wir diese Datenschutzerkl\u00e4rung erstellt, die Ihnen erl\u00e4utert, was wir in dieser Hinsicht unternehmen, wenn Sie auf unserer Website (www.bise.ch) surfen.<\/p>\n<div class=\"privacy__item-block act-slide\">\n<div class=\"privacy__item-i\">\n<p>Diese Datenschutzerkl\u00e4rung deckt nur die Datenverarbeitung in Bezug auf unsere Website ab. F\u00fcr andere Dienste und Leistungen, die wir m\u00f6glicherweise anbieten, k\u00f6nnen spezifische Datenschutzerkl\u00e4rungen gelten.<\/p>\n<p>In der Schweiz beruht der Schutz Ihrer Daten insbesondere auf dem Bundesgesetz vom 25. September 2020 \u00fcber den Datenschutz (<a href=\"https:\/\/www.fedlex.admin.ch\/eli\/cc\/2022\/491\/de\" alt=\"DSG\">DSG<\/a>) sowie auf der Bundesverordnung vom 31. August 2022 \u00fcber den Datenschutz (<a href=\"https:\/\/www.fedlex.admin.ch\/eli\/cc\/2022\/568\/de\" alt=\"DSV\">DSV<\/a>). Unsere Datenschutzerkl\u00e4rung und unsere Praktiken sind mit den gesetzlichen Bestimmungen in den erw\u00e4hnten Gesetzen abgestimmt.<\/p>\n<p>Obwohl wir uns bem\u00fchen, unsere Datenschutzerkl\u00e4rung zu vereinfachen, ist sie aufgrund der spezifischen Sprache des Rechtsrahmens schwer verst\u00e4ndlich. Aus diesem Grund fassen wir hier die wichtigsten Definitionen zusammen, um das Verst\u00e4ndnis unserer Datenschutzerkl\u00e4rung zu erleichtern, da diese aus dem DSG \u00fcbernommen wurden.<\/p>\n<ul>\n<li><strong>Betroffene Person<\/strong>: die nat\u00fcrliche Person, deren personenbezogene Daten verarbeitet werden.<\/li>\n<li><strong>Pers\u00f6nliche Daten<\/strong>: Alle Informationen, die sich auf eine identifizierte oder identifizierbare nat\u00fcrliche Person beziehen.<\/li>\n<li><strong>Sensible personenbezogene Daten:<\/strong> Daten \u00fcber religi\u00f6se, philosophische, politische oder gewerkschaftliche Meinungen oder Aktivit\u00e4ten; Daten \u00fcber Gesundheit, Intimsph\u00e4re oder rassische oder ethnische Herkunft; genetische Daten; biometrische Daten zur eindeutigen Identifizierung einer nat\u00fcrlichen Person; Daten \u00fcber strafrechtliche und administrative Verfolgungen oder Sanktionen; Daten \u00fcber Sozialhilfema\u00dfnahmen.<\/li>\n<li><strong>Verarbeitung<\/strong>: Jeder Vorgang, der sich auf pers\u00f6nliche Daten bezieht, unabh\u00e4ngig von den verwendeten Mitteln und Verfahren, insbesondere das Sammeln, Speichern, Aufbewahren, Verwenden, \u00c4ndern, Weitergeben, Archivieren, L\u00f6schen oder Vernichten von Daten.<\/li>\n<li><strong>Verantwortlicher f\u00fcr die Verarbeitung<\/strong>: die Privatperson oder das Bundesorgan, die\/das allein oder gemeinsam mit anderen die Zwecke und Mittel der Verarbeitung personenbezogener Daten festlegt.<\/li>\n<li><strong>Unterauftragsverarbeiter<\/strong>: die Privatperson oder das Bundesorgan, die\/das personenbezogene Daten im Auftrag des f\u00fcr die Verarbeitung Verantwortlichen verarbeitet.<\/li>\n<li><strong>Eidgen\u00f6ssischer Datenschutz- und \u00d6ffentlichkeitsbeauftragter (ED\u00d6B)<\/strong>: Die Beh\u00f6rde, die f\u00fcr die \u00dcberwachung der ordnungsgem\u00e4\u00dfen Anwendung der f\u00f6deralen Datenschutzbestimmungen, insbesondere des DSG, zust\u00e4ndig ist.<\/li>\n<\/ul>\n<p>Wir verwenden den Begriff &#8222;Daten&#8220; austauschbar mit &#8222;pers\u00f6nliche Daten&#8220;.<\/p>\n<\/div>\n<\/div>\n<p><label for=\"act-togle-0\" class=\"privacy-toggle privacy__more\"><i>Lesen Sie mehr  <\/i>&gt;<\/label><\/p>\n<\/div>\n<div class=\"privacy__item\" id=\"privacy-0\">\n<div class=\"privacy__item-block\">\n<h2 class=\"privacy__item-title\">Wer sind wir und wie k\u00f6nnen Sie uns kontaktieren?<\/h2>\n<div class=\"privacy__item-i\">\n<p><strong>Georges Bise SA<\/strong> ist der Name unseres Unternehmens. Wenn Sie Fragen im Zusammenhang mit der Datenverarbeitung in Bezug auf die Website www.bise.ch haben, k\u00f6nnen Sie uns per Post an folgende Adresse kontaktieren: Georges Bise SA, Route de Fribourg 24, 1712 Tafers. Sie k\u00f6nnen sich auch \u00fcber unser Kontaktformular mit uns in Verbindung setzen.<\/p>\n<\/div>\n<\/div>\n<\/div>\n<div class=\"privacy__item\" id=\"privacy-1\">\n<div class=\"privacy__item-block act-smooth\">\n<h2 class=\"privacy__item-title\">Was ist unsere Rolle beim Datenschutz?<\/h2>\n<div class=\"privacy__item-i\">\n<p>Wenn Sie auf unserer Website surfen, kann es sein, dass wir einige Ihrer pers\u00f6nlichen Daten verarbeiten. Wir sind im Sinne des DSG der Verantwortliche f\u00fcr die Verarbeitung.<\/p>\n<\/div>\n<\/div>\n<div class=\"privacy__item-block act-slide\">\n<div class=\"data-collect\">\n<div class=\"data-collect__item\">\n<div>\n<h3 class=\"data-collect__title\">Unsere Rolle<\/h3>\n<p>Als der f\u00fcr die Verarbeitung Verantwortliche sind wir daf\u00fcr verantwortlich, die Gr\u00fcnde f\u00fcr die Verarbeitung Ihrer pers\u00f6nlichen Daten, die Art und Weise der Verarbeitung und die Sicherheitsma\u00dfnahmen zu bestimmen. Wenn wir im Rahmen unserer Gesch\u00e4ftst\u00e4tigkeit mit Dienstleistern zusammenarbeiten, stellen wir sicher, dass diese unser Engagement f\u00fcr den Datenschutz teilen und die gleichen Standards einhalten, die wir anwenden.<\/p>\n<\/div>\n<\/div>\n<div class=\"data-collect__item\">\n<div>\n<h3 class=\"data-collect__title\">Ihre Rolle<\/h3>\n<p>Datenschutz geht uns alle an. Wir empfehlen Ihnen daher, unsere Datenschutzerkl\u00e4rung zu lesen.<\/p>\n<p>Wir empfehlen Ihnen auch, wenn Sie einer unserer Besucher oder Partner sind, die Vertragsdokumente zu lesen, die uns binden, da diese zus\u00e4tzliche Details dar\u00fcber enthalten k\u00f6nnen, wie wir Ihre Daten verarbeiten.<\/p>\n<p>Wenn Sie uns schlie\u00dflich pers\u00f6nliche Daten \u00fcber andere Personen, wie z.B. Familienmitglieder, zur Verf\u00fcgung stellen, gehen wir davon aus, dass Sie zuvor dazu erm\u00e4chtigt wurden und dass die Daten korrekt sind.<\/p>\n<\/div>\n<\/div>\n<\/div>\n<\/div>\n<p><label for=\"act-togle-1\" class=\"privacy-toggle privacy__more\"><i>Lesen Sie mehr  <\/i>&gt;<\/label><\/p>\n<\/div>\n<div class=\"privacy__item\" id=\"privacy-2\">\n<div class=\"privacy__item-block\">\n<h2 class=\"privacy__item-title\">Wann und wie sammeln wir Ihre Daten?<\/h2>\n<div class=\"privacy__item-i\">\n<p>Sobald Sie zum ersten Mal mit unserer Website interagieren, sammeln wir Daten (z.B. durch die Hinterlegung von Cookies). Sie stellen uns Ihre Daten auch zur Verf\u00fcgung, wenn Sie uns kontaktieren (z.B. wenn Sie einen Termin vereinbaren oder wenn Sie uns bitten, mit Ihnen Kontakt aufzunehmen).<\/p>\n<\/div>\n<\/div>\n<\/div>\n<div class=\"privacy__item\" id=\"privacy-3\">\n<div class=\"privacy__item-block act-smooth\">\n<h2 class=\"privacy__item-title\">Welche Kategorien von Daten verarbeiten wir?<\/h2>\n<div class=\"privacy__item-i\">\n<p>Je nachdem, wie Sie auf unserer Website navigieren, k\u00f6nnen wir die folgenden Kategorien von Daten \u00fcber Sie verarbeiten:<\/p>\n<div class=\"data-collect\">\n<div class=\"data-collect__item\">\n<div>\n<h3 class=\"data-collect__title\">Kontaktdaten<\/h3>\n<p>Wir verarbeiten Ihre Kontaktdaten, z.B. Ihren Vor- und Nachnamen, Ihre Adresse, Ihre Telefonnummer oder Ihre E-Mail-Adresse.<\/p>\n<\/div>\n<\/div>\n<div class=\"data-collect__item\">\n<div>\n<h3 class=\"data-collect__title\">Internet- und Verbindungsdaten<\/h3>\n<p>Aus technischen Gr\u00fcnden und um unsere Website zu verbessern, werden bei jeder Nutzung der Website bestimmte Daten generiert, darunter Ihre IP-Adresse, Informationen \u00fcber Ihren Internet Service Provider und das Betriebssystem Ihres Ger\u00e4ts, Informationen \u00fcber die Referrer URL, Informationen \u00fcber den verwendeten Browser, das Datum und die Uhrzeit des Zugriffs und die Inhalte, die w\u00e4hrend des Besuchs der Website aufgerufen wurden.<\/p>\n<\/div>\n<\/div>\n<\/div>\n<\/div>\n<\/div>\n<div class=\"privacy__item-block act-slide\">\n<div class=\"privacy__item-i\">\n<div class=\"data-collect\">\n<div class=\"data-collect__item\">\n<div>\n<h3 class=\"data-collect__title\">Was ist mit sensiblen Daten?<\/h3>\n<p>Wir sammeln und verarbeiten keine sensiblen pers\u00f6nlichen Daten.<\/p>\n<\/div>\n<\/div>\n<div class=\"data-collect__item\">\n<div>\n<h3 class=\"data-collect__title\">Was ist mit Daten \u00fcber Minderj\u00e4hrige?<\/h3>\n<p>Obwohl der Zugang zu unserer Website f\u00fcr alle offen ist, sind unsere Dienstleistungen ausschlie\u00dflich f\u00fcr vollj\u00e4hrige Personen bestimmt. Wir richten uns nicht an Minderj\u00e4hrige und sammeln nicht wissentlich pers\u00f6nliche Daten von ihnen.<\/p>\n<\/div>\n<\/div>\n<\/div>\n<\/div>\n<\/div>\n<p><label for=\"act-togle-2\" class=\"privacy-toggle privacy__more\"><i>Lesen Sie mehr  <\/i>&gt;<\/label><\/p>\n<\/div>\n<div class=\"privacy__item\" id=\"privacy-4\">\n<div class=\"privacy__item-block act-smooth\">\n<h2 class=\"privacy__item-title\">Warum verarbeiten wir Ihre Daten?<\/h2>\n<div class=\"privacy__item-i\">\n<p>Wir verarbeiten Ihre Daten zum Zweck der Kommunikation mit Ihnen, insbesondere um Ihre Anfragen zu beantworten und Ihre Rechte auszu\u00fcben, sowie um Sie \u00fcber unsere Dienste und Leistungen zu informieren. Wir verarbeiten Ihre pers\u00f6nlichen Daten auch, um Besucherstatistiken zu erstellen, die f\u00fcr die Verbesserung unserer Website n\u00fctzlich sind. Wir verarbeiten Ihre pers\u00f6nlichen Daten schlie\u00dflich, um Gesetze, Richtlinien und Empfehlungen von Beh\u00f6rden einzuhalten.<\/p>\n<\/div>\n<\/div>\n<\/div>\n<div class=\"privacy__item\" id=\"privacy-5\">\n<div class=\"privacy__item-block act-smooth\">\n<h2 class=\"privacy__item-title\">Welche Rechte haben Sie?<\/h2>\n<div class=\"privacy__item-i\">\n<p>Ihre Rechte sind je nach den spezifischen Umst\u00e4nden unterschiedlich und k\u00f6nnen Ausnahmen unterliegen. Im Allgemeinen sieht das DSG Folgendes vor.<\/p>\n<ul>\n<li>Sie haben das Recht, auf Ihre Daten zuzugreifen.<\/li>\n<li>Sie haben das Recht, die Aush\u00e4ndigung oder \u00dcbermittlung Ihrer Daten in einem allgemein gebr\u00e4uchlichen elektronischen Format zu verlangen.<\/li>\n<li>Sie haben das Recht, Ihre unrichtigen Daten berichtigen zu lassen.<\/li>\n<li>Sie haben das Recht, gegen die Verarbeitung Ihrer Daten Widerspruch einzulegen.<\/li>\n<li>Sie haben das Recht, die L\u00f6schung oder Vernichtung Ihrer Daten zu verlangen.<\/li>\n<li>Sie haben das Recht zu verlangen, dass eine automatisierte individuelle Entscheidung von einer nat\u00fcrlichen Person \u00fcberpr\u00fcft wird.<\/li>\n<\/ul>\n<\/div>\n<\/div>\n<div class=\"privacy__item-block act-slide\">\n<div class=\"data-collect\">\n<div class=\"data-collect__item\">\n<div>\n<p>Wenn Sie die oben genannten Rechte gegen\u00fcber uns aus\u00fcben m\u00f6chten, k\u00f6nnen Sie uns kontaktieren. Um Missbrauch verhindern zu k\u00f6nnen, m\u00fcssen wir Sie zun\u00e4chst identifizieren (z.B. durch eine Kopie Ihres Personalausweises, wenn eine andere Art der Identifizierung nicht m\u00f6glich ist). Bitte beachten Sie, dass bei der Aus\u00fcbung dieser Rechte gem\u00e4\u00df dem DSG Bedingungen, Ausnahmen und Einschr\u00e4nkungen gelten k\u00f6nnen (z. B. zum Schutz Dritter oder von Gesch\u00e4ftsgeheimnissen). Wenn dies der Fall ist, werden wir Sie dar\u00fcber informieren.<\/p>\n<p>Wenn Sie der Meinung sind, dass wir Ihre Daten in einer Weise verarbeiten, die gegen Datenschutzbestimmungen verst\u00f6\u00dft, haben Sie auch die M\u00f6glichkeit, uns beim ED\u00d6B zu melden. Wir empfehlen Ihnen, uns zuerst dar\u00fcber zu informieren, damit wir die M\u00f6glichkeit haben, auf Ihre Bedenken einzugehen. Wenn dies nicht m\u00f6glich ist, k\u00f6nnen Sie sich an den ED\u00d6B wenden, indem Sie den Anweisungen auf seiner <a href=\"https:\/\/www.edoeb.admin.ch\/\" alt=\"ED\u00d6B\">Website<\/a> folgen.<\/p>\n<\/div>\n<\/div>\n<\/div>\n<\/div>\n<p><label for=\"act-togle-5\" class=\"privacy-toggle privacy__more\"><i>Lesen Sie mehr  <\/i>&gt;<\/label><\/p>\n<\/div>\n<div class=\"privacy__item\" id=\"privacy-6\">\n<div class=\"privacy__item-block\">\n<h2 class=\"privacy__item-title\">Wie sichern wir Ihre Daten?<\/h2>\n<div class=\"privacy__item-i\">\n<p>Wir ergreifen angemessene Sicherheitsma\u00dfnahmen, wie z.B. Verschl\u00fcsselung, um die Sicherheit Ihrer pers\u00f6nlichen Daten zu gew\u00e4hrleisten und die Vertraulichkeit, Integrit\u00e4t, Verf\u00fcgbarkeit und Nachvollziehbarkeit zu garantieren. Die Sicherheit der Daten kann leider nie vollst\u00e4ndig garantiert werden. Wenn Sie glauben, dass Ihre pers\u00f6nlichen Daten verletzt wurden, kontaktieren Sie uns bitte umgehend.<\/p>\n<\/div>\n<\/div>\n<\/div>\n<div class=\"privacy__item\" id=\"privacy-7\">\n<div class=\"privacy__item-block\">\n<h2 class=\"privacy__item-title\">Wo werden Ihre Daten gespeichert?<\/h2>\n<div class=\"privacy__item-i\">\n<p>Die von uns gesammelten personenbezogenen Daten werden in unseren R\u00e4umlichkeiten und in den von unseren Auftragnehmern betriebenen Rechenzentren gespeichert.<\/p>\n<\/div>\n<\/div>\n<\/div>\n<div class=\"privacy__item\" id=\"privacy-8\">\n<div class=\"privacy__item-block\">\n<h2 class=\"privacy__item-title\">Wie lange speichern wir Ihre Daten?<\/h2>\n<div class=\"privacy__item-i\">\n<p>Wir verarbeiten Ihre personenbezogenen Daten, solange es der Zweck der Verarbeitung erfordert, solange wir ein berechtigtes Interesse an der Aufbewahrung der Daten haben (z.B. zur Durchsetzung von Rechten, zur Archivierung oder zur Gew\u00e4hrleistung der IT-Sicherheit) und solange die Daten einer gesetzlichen Aufbewahrungspflicht unterliegen. F\u00fcr bestimmte Daten betr\u00e4gt die Aufbewahrungsfrist beispielsweise zehn Jahre. Nach Ablauf dieser Fristen vernichten wir Ihre pers\u00f6nlichen Daten.<\/p>\n<\/div>\n<\/div>\n<\/div>\n<div class=\"privacy__item\" id=\"privacy-9\">\n<div class=\"privacy__item-block act-smooth\">\n<h2 class=\"privacy__item-title\">An wen wir Ihre Daten weitergeben<\/h2>\n<div class=\"privacy__item-i\">\n<p>Die Verwaltung unserer Website erfordert die Zusammenarbeit mit spezialisierten externen Dienstleistern, insbesondere f\u00fcr die Erstellung, die Pflege und das Hosting der Website. Wir arbeiten mit Dienstleistern zusammen, die in ihrem Fachgebiet anerkannt sind, um den reibungslosen Betrieb unserer Website und allgemein die Qualit\u00e4t unserer Dienstleistungen zu gew\u00e4hrleisten. Im Rahmen dieser Zusammenarbeit kann es notwendig sein, Ihre Daten an unsere Auftragnehmer weiterzugeben. Sie k\u00f6nnen sicher sein, dass diese Kommunikationen streng auf das notwendige Ma\u00df beschr\u00e4nkt sind und in \u00dcbereinstimmung mit dem gesetzlichen Rahmen durchgef\u00fchrt werden.<\/p>\n<p>Wenn personenbezogene Daten an einen Anbieter au\u00dferhalb der Schweiz oder des Europ\u00e4ischen Wirtschaftsraums (EWR) weitergegeben werden, der kein angemessenes Schutzniveau bietet, verlangen wir, dass sich der Anbieter zur Einhaltung der geltenden Datenschutzgesetze verpflichtet (zu diesem Zweck verwenden wir die \u00fcberarbeiteten Standardvertragsklauseln der Europ\u00e4ischen Kommission, die Sie hier finden: <a href=\"https:\/\/eur-lex.europa.eu\/eli\/dec_impl\/2021\/914\/oj\">https:\/\/eur-lex.europa.eu\/eli\/dec_impl\/2021\/914\/oj<\/a>), es sei denn, der Anbieter unterliegt bereits einem rechtlich anerkannten Regelwerk zur Gew\u00e4hrleistung des Datenschutzes oder wir k\u00f6nnen uns auf eine Ausnahme berufen.<\/p>\n<\/div>\n<\/div>\n<div class=\"privacy__item-block act-slide\">\n<div class=\"privacy__item-i\">\n<h3 class=\"data-collect__title\">Unsere Dienstleister<\/h3>\n<table class=\"privacy__table\">\n<thead>\n<tr>\n<th>Anbieter<\/th>\n<th>Ziel<\/th>\n<th>Ort der Behandlung<\/th>\n<\/tr>\n<\/thead>\n<tbody>\n<tr>\n<td data-label=\"prestataire\">\n<p>Infomaniak<\/p>\n<p><a href=\"https:\/\/www.infomaniak.com\/fr\/cgv\/politique-de-confidentialite\">(Datenschutzrichtlinie)<\/a><\/p>\n<\/td>\n<td data-label=\"but\">Infomaniak ist ein Schweizer Dienstleister f\u00fcr Webhosting und Cloud-L\u00f6sungen.<\/td>\n<td data-label=\"lieu\">Schweiz<\/td>\n<\/tr>\n<tr>\n<td data-label=\"prestataire\">\n<p>Google (Google Analytics)<\/p>\n<p><a href=\"https:\/\/policies.google.com\/privacy?hl=fr\">(Datenschutzrichtlinie)<\/a><\/p>\n<\/td>\n<td data-label=\"but\">Google Analytics ist ein Verkehrsanalysedienst, den wir verwenden, um die Nutzung unserer Website zu verfolgen und Berichte \u00fcber die Aktivit\u00e4ten der Nutzer zu erstellen.<\/td>\n<td data-label=\"lieu\">EWR\/USA<\/td>\n<\/tr>\n<tr>\n<td data-label=\"prestataire\">\n<p>Google (Google Maps)<\/p>\n<p><a href=\"https:\/\/policies.google.com\/privacy?hl=fr\">(Datenschutzrichtlinie)<\/a><\/p>\n<\/td>\n<td data-label=\"but\">Google Maps ist ein Online-Kartendienst, den wir nutzen, um unseren Nutzern die M\u00f6glichkeit zu geben, unsere R\u00e4umlichkeiten zu lokalisieren.<\/td>\n<td data-label=\"lieu\">EWR\/USA<\/td>\n<\/tr>\n<tr>\n<td data-label=\"prestataire\">\n<p>Google (Google Fonts)<\/p>\n<p><a href=\"https:\/\/policies.google.com\/privacy?hl=fr\">(Datenschutzrichtlinie)<\/a><\/p>\n<\/td>\n<td data-label=\"but\">Google Fonts ist ein Dienst zur Bereitstellung von Schriftarten f\u00fcr Webseiten, den wir nutzen, um die korrekte Anzeige von Schriftarten zu gew\u00e4hrleisten.<\/td>\n<td data-label=\"lieu\">EWR\/USA<\/td>\n<\/tr>\n<tr>\n<td data-label=\"prestataire\">\n<p>CookieYes<\/p>\n<p><a href=\"https:\/\/www.cookieyes.com\/privacy-policy\/\">(Datenschutzrichtlinie)<\/a><\/p>\n<\/td>\n<td data-label=\"but\">CookieYes ist ein Online-Service zur Verwaltung von Cookies, den wir verwenden, um die Hinterlegung von Cookies auf unserer Website zu verwalten und Sie \u00fcber diese zu informieren.<\/td>\n<td data-label=\"lieu\">EWR\/USA<\/td>\n<\/tr>\n<tr>\n<td data-label=\"prestataire\">\n<p>Facebook (Pixel)<\/p>\n<p><a href=\"https:\/\/www.facebook.com\/privacy\/policy\/\">(Datenschutzrichtlinie)<\/a><\/p>\n<\/td>\n<td data-label=\"but\">Facebook Pixel ist ein Dienst, den wir zur Erstellung von Online-Werbekampagnen verwenden.<\/td>\n<td data-label=\"lieu\">EWR\/USA<\/td>\n<\/tr>\n<\/tbody>\n<\/table>\n<\/div>\n<\/div>\n<p><label for=\"act-togle-9\" class=\"privacy-toggle privacy__more\"><i>Lesen Sie mehr  <\/i>&gt;<\/label><\/p>\n<\/div>\n<div class=\"privacy__item\" id=\"privacy-10\">\n<div class=\"privacy__item-block act-smooth\">\n<h2 class=\"privacy__item-title\">Welche Cookies verwenden wir?<\/h2>\n<div class=\"privacy__item-i\">\n<p>Unsere Website verwendet Cookies. Die dort gespeicherten Informationen k\u00f6nnen an unsere Server oder die Server unserer Dienstleister weitergeleitet werden.<\/p>\n<\/div>\n<\/div>\n<div class=\"privacy__item-block act-slide\">\n<div class=\"privacy__item-i\">\n<div class=\"data-collect\">\n<div>\n<h3 class=\"data-collect__title\">Wie kann ich Cookies blockieren?<\/h3>\n<p>Sie k\u00f6nnen Cookies blockieren, indem Sie in Ihrem Browser eine Einstellung aktivieren, die es Ihnen erlaubt, die Installation von Cookies abzulehnen. Wenn Sie die Einstellungen Ihres Browsers verwenden, um Cookies zu deaktivieren, abzulehnen oder zu blockieren, kann es sein, dass einige Teile unserer Website nicht richtig funktionieren. In einigen F\u00e4llen kann es sein, dass unsere Website \u00fcberhaupt nicht zug\u00e4nglich ist. Bitte beachten Sie, dass wir bei der Verwendung von Cookies durch Dritte keine Kontrolle dar\u00fcber haben, wie diese Dritten diese Cookies verwenden.<\/p>\n<\/div>\n<\/div>\n<h3 class=\"data-collect__title\">Welche speziellen Cookies verwenden wir?<\/h3>\n<table class=\"privacy__table\">\n<thead>\n<tr>\n<th>Anbieter\n<\/th>\n<th>Cookie-Schl\u00fcssel\n<\/th>\n<th>Service<\/th>\n<\/tr>\n<\/thead>\n<tbody>\n<tr>\n<td data-label=\"prestataire\">Google<\/td>\n<td data-label=\"Cl\u00e9 de cookies\">\n<p>_ga<\/p>\n<p>_gid<\/p>\n<p>_gat<\/p>\n<p>gcl_au<\/p>\n<p>gat_UA-63785554-19<\/p>\n<\/td>\n<td data-label=\"service\">\n<p class=\"bs--mb-10\">Google Analytics<\/p>\n<\/td>\n<\/tr>\n<tr>\n<td data-label=\"prestataire\">Facebook<\/td>\n<td data-label=\"Cl\u00e9 de cookies\">_fbp<\/td>\n<td data-label=\"service\">\n<p class=\"bs--mb-10\">Facebook Pixel<\/p>\n<\/td>\n<\/tr>\n<tr>\n<td data-label=\"prestataire\">Intern<\/td>\n<td data-label=\"Cl\u00e9 de cookies\">\n<p>sbjs_current<\/p>\n<p>sbjs_current_add<\/p>\n<p>sbjs_first<\/p>\n<p>sbjs_first_add<\/p>\n<p>sbjs_session<\/p>\n<p>sbjs_udata<\/p>\n<p>sbjs_promo<\/p>\n<\/td>\n<td data-label=\"service\">\n<p class=\"bs--mb-10\">Internes Verkehrsanalysesystem<\/p>\n<\/td>\n<\/tr>\n<tr>\n<td data-label=\"prestataire\">Intern<\/td>\n<td data-label=\"Cl\u00e9 de cookies\">wp-wpml_current_language<\/td>\n<td data-label=\"service\">\n<p class=\"bs--mb-10\">Sprachauswahl<\/p>\n<\/td>\n<\/tr>\n<tr>\n<td data-label=\"prestataire\">Intern<\/td>\n<td data-label=\"Cl\u00e9 de cookies\">wc_cart_hash_*<\/td>\n<td data-label=\"service\">\n<p class=\"bs--mb-10\">Warenkorbsystem<\/p>\n<\/td>\n<\/tr>\n<tr>\n<td data-label=\"prestataire\">Intern<\/td>\n<td data-label=\"Cl\u00e9 de cookies\">cookieyes-consent<\/td>\n<td data-label=\"service\">\n<p class=\"bs--mb-10\">System zur Verwaltung der Zustimmung<\/p>\n<\/td>\n<\/tr>\n<\/tbody>\n<\/table>\n<\/div>\n<\/div>\n<p><label for=\"act-togle-10\" class=\"privacy-toggle privacy__less\"><i>Weniger lesen <\/i>x<\/label><\/p>\n<\/div>\n<div class=\"privacy__item\" id=\"privacy-11\">\n<div class=\"privacy__item-block\">\n<h2 class=\"privacy__item-title\">Was ist mit sozialen Netzwerken?<\/h2>\n<div class=\"privacy__item-i\">\n<p>Wir betreiben eigene Pr\u00e4senzen in sozialen Netzwerken und anderen Plattformen (z.B. Facebook, Instagram, LinkedIn). Wenn Sie auf diesen Websites mit uns kommunizieren oder Inhalte kommentieren oder verbreiten, sammeln wir Daten, die wir in erster Linie dazu verwenden, um mit Ihnen zu kommunizieren. Weitere Informationen \u00fcber die Behandlung von Plattformbetreibern finden Sie in den entsprechenden Datenschutzerkl\u00e4rungen. Sie finden dort auch Informationen \u00fcber die L\u00e4nder, in denen sie Ihre Daten verarbeiten, \u00fcber Ihre Rechte auf Zugang und L\u00f6schung von Daten und andere Rechte der betroffenen Personen sowie dar\u00fcber, wie Sie diese Rechte aus\u00fcben oder weitere Informationen erhalten k\u00f6nnen.<\/p>\n<\/div>\n<\/div>\n<\/div>\n<div class=\"privacy__item\">\n<div class=\"privacy__item-block\">\n<div class=\"privacy__item-i\">\n<p class=\"bs--mt-15\">Aktualisiert am 29. Mai 2024<\/p>\n<\/div>\n<\/div>\n<\/div>\n<\/div>\n<p>[\/et_pb_text][\/et_pb_column][\/et_pb_row][\/et_pb_section]<\/p>\n","protected":false},"excerpt":{"rendered":"<p>Datenschutzerkl\u00e4rung Da uns der Schutz Ihrer Daten und Ihrer Privatsph\u00e4re sehr wichtig ist, haben wir diese Datenschutzerkl\u00e4rung erstellt, die Ihnen erl\u00e4utert, was wir in dieser Hinsicht unternehmen, wenn Sie auf unserer Website (www.bise.ch) surfen. Diese Datenschutzerkl\u00e4rung deckt nur die Datenverarbeitung in Bezug auf unsere Website ab. F\u00fcr andere Dienste und Leistungen, die wir m\u00f6glicherweise anbieten, [&hellip;]<\/p>\n","protected":false},"author":1,"featured_media":0,"parent":0,"menu_order":0,"comment_status":"closed","ping_status":"closed","template":"","meta":{"_et_pb_use_builder":"on","_et_pb_old_content":"","_et_gb_content_width":"","footnotes":""},"class_list":["post-32577","page","type-page","status-publish","hentry"],"yoast_head":"<!-- This site is optimized with the Yoast SEO plugin v27.1.1 - https:\/\/yoast.com\/product\/yoast-seo-wordpress\/ -->\n<title>Datenschutzerkl\u00e4rung | M\u00f6bel Bise | M\u00f6belgesch\u00e4ft | M\u00f6bel | Freiburg | Bulle<\/title>\n<meta name=\"description\" content=\"Lesen Sie die Datenschutzerkl\u00e4rung von Bise M\u00f6bel &amp; Einrichtungsgegenst\u00e4nde, um zu verstehen, wie Ihre pers\u00f6nlichen Daten bei der Nutzung unserer Website gesammelt, verwendet und gesch\u00fctzt werden. Wir erl\u00e4utern ausf\u00fchrlich die Kategorien von Daten, die verarbeitet werden, Ihre Datenschutzrechte und die Sicherheitsma\u00dfnahmen, die zum Schutz Ihrer Daten ergriffen wurden.\" \/>\n<meta name=\"robots\" content=\"index, follow, max-snippet:-1, max-image-preview:large, max-video-preview:-1\" \/>\n<link rel=\"canonical\" href=\"https:\/\/www.bise.ch\/de\/datenschutzrichtlinie\/\" \/>\n<meta property=\"og:locale\" content=\"de_DE\" \/>\n<meta property=\"og:type\" content=\"article\" \/>\n<meta property=\"og:title\" content=\"Datenschutzerkl\u00e4rung | M\u00f6bel Bise | M\u00f6belgesch\u00e4ft | M\u00f6bel | Freiburg | Bulle\" \/>\n<meta property=\"og:description\" content=\"Lesen Sie die Datenschutzerkl\u00e4rung von Bise M\u00f6bel &amp; Einrichtungsgegenst\u00e4nde, um zu verstehen, wie Ihre pers\u00f6nlichen Daten bei der Nutzung unserer Website gesammelt, verwendet und gesch\u00fctzt werden. Wir erl\u00e4utern ausf\u00fchrlich die Kategorien von Daten, die verarbeitet werden, Ihre Datenschutzrechte und die Sicherheitsma\u00dfnahmen, die zum Schutz Ihrer Daten ergriffen wurden.\" \/>\n<meta property=\"og:url\" content=\"https:\/\/www.bise.ch\/de\/datenschutzrichtlinie\/\" \/>\n<meta property=\"og:site_name\" content=\"M\u00f6bel Bise | M\u00f6belgesch\u00e4ft | M\u00f6bel | Freiburg | Bulle\" \/>\n<meta property=\"article:publisher\" content=\"https:\/\/www.facebook.com\/bisemeubles\/\" \/>\n<meta property=\"article:modified_time\" content=\"2025-04-03T15:57:25+00:00\" \/>\n<meta name=\"twitter:card\" content=\"summary_large_image\" \/>\n<meta name=\"twitter:label1\" content=\"Gesch\u00e4tzte Lesezeit\" \/>\n\t<meta name=\"twitter:data1\" content=\"14\u00a0Minuten\" \/>\n<script type=\"application\/ld+json\" class=\"yoast-schema-graph\">{\"@context\":\"https:\/\/schema.org\",\"@graph\":[{\"@type\":\"WebPage\",\"@id\":\"https:\/\/www.bise.ch\/de\/datenschutzrichtlinie\/\",\"url\":\"https:\/\/www.bise.ch\/de\/datenschutzrichtlinie\/\",\"name\":\"Datenschutzerkl\u00e4rung | M\u00f6bel Bise | M\u00f6belgesch\u00e4ft | M\u00f6bel | Freiburg | Bulle\",\"isPartOf\":{\"@id\":\"https:\/\/www.bise.ch\/de\/#website\"},\"datePublished\":\"2024-02-02T17:26:31+00:00\",\"dateModified\":\"2025-04-03T15:57:25+00:00\",\"description\":\"Lesen Sie die Datenschutzerkl\u00e4rung von Bise M\u00f6bel & Einrichtungsgegenst\u00e4nde, um zu verstehen, wie Ihre pers\u00f6nlichen Daten bei der Nutzung unserer Website gesammelt, verwendet und gesch\u00fctzt werden. Wir erl\u00e4utern ausf\u00fchrlich die Kategorien von Daten, die verarbeitet werden, Ihre Datenschutzrechte und die Sicherheitsma\u00dfnahmen, die zum Schutz Ihrer Daten ergriffen wurden.\",\"breadcrumb\":{\"@id\":\"https:\/\/www.bise.ch\/de\/datenschutzrichtlinie\/#breadcrumb\"},\"inLanguage\":\"de\",\"potentialAction\":[{\"@type\":\"ReadAction\",\"target\":[\"https:\/\/www.bise.ch\/de\/datenschutzrichtlinie\/\"]}]},{\"@type\":\"BreadcrumbList\",\"@id\":\"https:\/\/www.bise.ch\/de\/datenschutzrichtlinie\/#breadcrumb\",\"itemListElement\":[{\"@type\":\"ListItem\",\"position\":1,\"name\":\"Startseite\",\"item\":\"https:\/\/www.bise.ch\/de\/\"},{\"@type\":\"ListItem\",\"position\":2,\"name\":\"Datenschutzerkl\u00e4rung\"}]},{\"@type\":\"WebSite\",\"@id\":\"https:\/\/www.bise.ch\/de\/#website\",\"url\":\"https:\/\/www.bise.ch\/de\/\",\"name\":\"Meubles Bise | Magasin de meubles | Mobilier | Fribourg | Bulle\",\"description\":\"Wir erwecken Ihre Ra\u0308ume zum Leben\",\"publisher\":{\"@id\":\"https:\/\/www.bise.ch\/de\/#organization\"},\"alternateName\":\"Georges Bise SA\",\"potentialAction\":[{\"@type\":\"SearchAction\",\"target\":{\"@type\":\"EntryPoint\",\"urlTemplate\":\"https:\/\/www.bise.ch\/de\/?s={search_term_string}\"},\"query-input\":{\"@type\":\"PropertyValueSpecification\",\"valueRequired\":true,\"valueName\":\"search_term_string\"}}],\"inLanguage\":\"de\"},{\"@type\":\"Organization\",\"@id\":\"https:\/\/www.bise.ch\/de\/#organization\",\"name\":\"M\u00f6bel Bise | M\u00f6belgesch\u00e4ft | M\u00f6bel | Freiburg | Bulle\",\"alternateName\":\"Georges Bise SA\",\"url\":\"https:\/\/www.bise.ch\/de\/\",\"logo\":{\"@type\":\"ImageObject\",\"inLanguage\":\"de\",\"@id\":\"https:\/\/www.bise.ch\/de\/#\/schema\/logo\/image\/\",\"url\":\"https:\/\/www.bise.ch\/wp-content\/uploads\/LogoBise.png\",\"contentUrl\":\"https:\/\/www.bise.ch\/wp-content\/uploads\/LogoBise.png\",\"width\":4267,\"height\":4267,\"caption\":\"M\u00f6bel Bise | M\u00f6belgesch\u00e4ft | M\u00f6bel | Freiburg | Bulle\"},\"image\":{\"@id\":\"https:\/\/www.bise.ch\/de\/#\/schema\/logo\/image\/\"},\"sameAs\":[\"https:\/\/www.facebook.com\/bisemeubles\/\",\"https:\/\/www.instagram.com\/bisemeubles\/\",\"https:\/\/ch.linkedin.com\/company\/bise-meubles-moebel\"]}]}<\/script>\n<!-- \/ Yoast SEO plugin. -->","yoast_head_json":{"title":"Datenschutzerkl\u00e4rung | M\u00f6bel Bise | M\u00f6belgesch\u00e4ft | M\u00f6bel | Freiburg | Bulle","description":"Lesen Sie die Datenschutzerkl\u00e4rung von Bise M\u00f6bel & Einrichtungsgegenst\u00e4nde, um zu verstehen, wie Ihre pers\u00f6nlichen Daten bei der Nutzung unserer Website gesammelt, verwendet und gesch\u00fctzt werden. Wir erl\u00e4utern ausf\u00fchrlich die Kategorien von Daten, die verarbeitet werden, Ihre Datenschutzrechte und die Sicherheitsma\u00dfnahmen, die zum Schutz Ihrer Daten ergriffen wurden.","robots":{"index":"index","follow":"follow","max-snippet":"max-snippet:-1","max-image-preview":"max-image-preview:large","max-video-preview":"max-video-preview:-1"},"canonical":"https:\/\/www.bise.ch\/de\/datenschutzrichtlinie\/","og_locale":"de_DE","og_type":"article","og_title":"Datenschutzerkl\u00e4rung | M\u00f6bel Bise | M\u00f6belgesch\u00e4ft | M\u00f6bel | Freiburg | Bulle","og_description":"Lesen Sie die Datenschutzerkl\u00e4rung von Bise M\u00f6bel & Einrichtungsgegenst\u00e4nde, um zu verstehen, wie Ihre pers\u00f6nlichen Daten bei der Nutzung unserer Website gesammelt, verwendet und gesch\u00fctzt werden. Wir erl\u00e4utern ausf\u00fchrlich die Kategorien von Daten, die verarbeitet werden, Ihre Datenschutzrechte und die Sicherheitsma\u00dfnahmen, die zum Schutz Ihrer Daten ergriffen wurden.","og_url":"https:\/\/www.bise.ch\/de\/datenschutzrichtlinie\/","og_site_name":"M\u00f6bel Bise | M\u00f6belgesch\u00e4ft | M\u00f6bel | Freiburg | Bulle","article_publisher":"https:\/\/www.facebook.com\/bisemeubles\/","article_modified_time":"2025-04-03T15:57:25+00:00","twitter_card":"summary_large_image","twitter_misc":{"Gesch\u00e4tzte Lesezeit":"14\u00a0Minuten"},"schema":{"@context":"https:\/\/schema.org","@graph":[{"@type":"WebPage","@id":"https:\/\/www.bise.ch\/de\/datenschutzrichtlinie\/","url":"https:\/\/www.bise.ch\/de\/datenschutzrichtlinie\/","name":"Datenschutzerkl\u00e4rung | M\u00f6bel Bise | M\u00f6belgesch\u00e4ft | M\u00f6bel | Freiburg | Bulle","isPartOf":{"@id":"https:\/\/www.bise.ch\/de\/#website"},"datePublished":"2024-02-02T17:26:31+00:00","dateModified":"2025-04-03T15:57:25+00:00","description":"Lesen Sie die Datenschutzerkl\u00e4rung von Bise M\u00f6bel & Einrichtungsgegenst\u00e4nde, um zu verstehen, wie Ihre pers\u00f6nlichen Daten bei der Nutzung unserer Website gesammelt, verwendet und gesch\u00fctzt werden. Wir erl\u00e4utern ausf\u00fchrlich die Kategorien von Daten, die verarbeitet werden, Ihre Datenschutzrechte und die Sicherheitsma\u00dfnahmen, die zum Schutz Ihrer Daten ergriffen wurden.","breadcrumb":{"@id":"https:\/\/www.bise.ch\/de\/datenschutzrichtlinie\/#breadcrumb"},"inLanguage":"de","potentialAction":[{"@type":"ReadAction","target":["https:\/\/www.bise.ch\/de\/datenschutzrichtlinie\/"]}]},{"@type":"BreadcrumbList","@id":"https:\/\/www.bise.ch\/de\/datenschutzrichtlinie\/#breadcrumb","itemListElement":[{"@type":"ListItem","position":1,"name":"Startseite","item":"https:\/\/www.bise.ch\/de\/"},{"@type":"ListItem","position":2,"name":"Datenschutzerkl\u00e4rung"}]},{"@type":"WebSite","@id":"https:\/\/www.bise.ch\/de\/#website","url":"https:\/\/www.bise.ch\/de\/","name":"Meubles Bise | Magasin de meubles | Mobilier | Fribourg | Bulle","description":"Wir erwecken Ihre Ra\u0308ume zum Leben","publisher":{"@id":"https:\/\/www.bise.ch\/de\/#organization"},"alternateName":"Georges Bise SA","potentialAction":[{"@type":"SearchAction","target":{"@type":"EntryPoint","urlTemplate":"https:\/\/www.bise.ch\/de\/?s={search_term_string}"},"query-input":{"@type":"PropertyValueSpecification","valueRequired":true,"valueName":"search_term_string"}}],"inLanguage":"de"},{"@type":"Organization","@id":"https:\/\/www.bise.ch\/de\/#organization","name":"M\u00f6bel Bise | M\u00f6belgesch\u00e4ft | M\u00f6bel | Freiburg | Bulle","alternateName":"Georges Bise SA","url":"https:\/\/www.bise.ch\/de\/","logo":{"@type":"ImageObject","inLanguage":"de","@id":"https:\/\/www.bise.ch\/de\/#\/schema\/logo\/image\/","url":"https:\/\/www.bise.ch\/wp-content\/uploads\/LogoBise.png","contentUrl":"https:\/\/www.bise.ch\/wp-content\/uploads\/LogoBise.png","width":4267,"height":4267,"caption":"M\u00f6bel Bise | M\u00f6belgesch\u00e4ft | M\u00f6bel | Freiburg | Bulle"},"image":{"@id":"https:\/\/www.bise.ch\/de\/#\/schema\/logo\/image\/"},"sameAs":["https:\/\/www.facebook.com\/bisemeubles\/","https:\/\/www.instagram.com\/bisemeubles\/","https:\/\/ch.linkedin.com\/company\/bise-meubles-moebel"]}]}},"_links":{"self":[{"href":"https:\/\/www.bise.ch\/de\/wp-json\/wp\/v2\/pages\/32577","targetHints":{"allow":["GET"]}}],"collection":[{"href":"https:\/\/www.bise.ch\/de\/wp-json\/wp\/v2\/pages"}],"about":[{"href":"https:\/\/www.bise.ch\/de\/wp-json\/wp\/v2\/types\/page"}],"author":[{"embeddable":true,"href":"https:\/\/www.bise.ch\/de\/wp-json\/wp\/v2\/users\/1"}],"replies":[{"embeddable":true,"href":"https:\/\/www.bise.ch\/de\/wp-json\/wp\/v2\/comments?post=32577"}],"version-history":[{"count":6,"href":"https:\/\/www.bise.ch\/de\/wp-json\/wp\/v2\/pages\/32577\/revisions"}],"predecessor-version":[{"id":57065,"href":"https:\/\/www.bise.ch\/de\/wp-json\/wp\/v2\/pages\/32577\/revisions\/57065"}],"wp:attachment":[{"href":"https:\/\/www.bise.ch\/de\/wp-json\/wp\/v2\/media?parent=32577"}],"curies":[{"name":"wp","href":"https:\/\/api.w.org\/{rel}","templated":true}]}}