{"id":32579,"date":"2022-12-05T23:05:34","date_gmt":"2022-12-05T22:05:34","guid":{"rendered":"https:\/\/bise.ch\/bise-sie\/"},"modified":"2025-12-18T14:02:30","modified_gmt":"2025-12-18T13:02:30","slug":"bise-sie","status":"publish","type":"page","link":"https:\/\/www.bise.ch\/de\/bise-sie\/","title":{"rendered":"Bise &amp; Sie"},"content":{"rendered":"<p>[et_pb_section fb_built=&#8220;1&#8243; admin_label=&#8220;NOTRE VISION&#8220; module_id=&#8220;Vision&#8220; _builder_version=&#8220;4.21.0&#8243; _module_preset=&#8220;default&#8220; link_option_url=&#8220;#vision&#8220; global_colors_info=&#8220;{}&#8220;][et_pb_row _builder_version=&#8220;4.22.0&#8243; _module_preset=&#8220;default&#8220; global_colors_info=&#8220;{}&#8220;][et_pb_column type=&#8220;4_4&#8243; _builder_version=&#8220;4.22.0&#8243; _module_preset=&#8220;default&#8220; global_colors_info=&#8220;{}&#8220;][et_pb_text _builder_version=&#8220;4.22.1&#8243; _module_preset=&#8220;default&#8220; text_font=&#8220;||||||||&#8220; global_colors_info=&#8220;{}&#8220;]<\/p>\n<h1 style=\"text-align: center;\">Unsere Vision<\/h1>\n<p style=\"text-align: center;\">Wir lieben es, R\u00e4ume zum Leben zu erwecken, indem wir Umgebungen schaffen, die sowohl funktional als auch \u00e4sthetisch sind und in denen man sich wohlf\u00fchlt.<\/p>\n<p>[\/et_pb_text][\/et_pb_column][\/et_pb_row][et_pb_row column_structure=&#8220;1_2,1_2&#8243; _builder_version=&#8220;4.21.0&#8243; _module_preset=&#8220;default&#8220; global_colors_info=&#8220;{}&#8220;][et_pb_column type=&#8220;1_2&#8243; _builder_version=&#8220;4.21.0&#8243; _module_preset=&#8220;default&#8220; global_colors_info=&#8220;{}&#8220;][et_pb_text _builder_version=&#8220;4.22.1&#8243; _module_preset=&#8220;default&#8220; text_font=&#8220;||||||||&#8220; header_2_font=&#8220;||||||||&#8220; animation_style=&#8220;fade&#8220; text_text_color_tablet=&#8220;&#8220; text_text_color_phone=&#8220;&#8220; text_text_color_last_edited=&#8220;on|tablet&#8220; header_font_size_tablet=&#8220;&#8220; header_font_size_phone=&#8220;&#8220; header_font_size_last_edited=&#8220;on|desktop&#8220; global_colors_info=&#8220;{}&#8220;]<\/p>\n<h2>Der Mensch und seine R\u00e4ume<\/h2>\n<p>Es ist f\u00fcr uns eine Selbstverst\u00e4ndlichkeit, dass wir den Menschen und das Fl\u00e4chenmanagement in den Mittelpunkt unseres Denkens und Handelns stellen. Dies erm\u00f6glicht es uns, passende L\u00f6sungen zu entwickeln, in denen man sich nat\u00fcrlich wohl f\u00fchlt.<\/p>\n<h2>Atmosph\u00e4re und Gelassenheit<\/h2>\n<p>Einen Ort zu betonen bedeutet in erster Linie, seine Besonderheiten zu erkennen und diese hervorzuheben. Unser Ansatz erm\u00f6glicht es, die richtige Atmosph\u00e4re f\u00fcr jede Situation zu schaffen.<\/p>\n<h2>Professionalit\u00e4t &amp; Innovation<\/h2>\n<p>Unser Know-how kommt in all unseren L\u00f6sungen zum Ausdruck. Ob in allt\u00e4glichen Situationen oder bei anspruchsvolleren oder spezifischen Projekten, wir begleiten unsere Kunden auf dem gesamten Weg: von der Bedarfsanalyse bis zur Entwicklung innovativer L\u00f6sungen, von der punktuellen Beratung bis zur Planung und Umsetzung, auch dank unserer spezialisierten Schreinerei.<\/p>\n<p>[\/et_pb_text][\/et_pb_column][et_pb_column type=&#8220;1_2&#8243; _builder_version=&#8220;4.21.0&#8243; _module_preset=&#8220;default&#8220; global_colors_info=&#8220;{}&#8220;][et_pb_gallery gallery_ids=&#8220;31535&#8243; fullwidth=&#8220;on&#8220; _builder_version=&#8220;4.22.1&#8243; _module_preset=&#8220;default&#8220; max_height=&#8220;25vw&#8220; max_height_tablet=&#8220;50vw&#8220; max_height_phone=&#8220;50vw&#8220; max_height_last_edited=&#8220;on|phone&#8220; global_colors_info=&#8220;{}&#8220;][\/et_pb_gallery][\/et_pb_column][\/et_pb_row][\/et_pb_section][et_pb_section fb_built=&#8220;1&#8243; admin_label=&#8220;HISTORIQUE DE L&#8217;ENTREPRISE&#8220; module_id=&#8220;Geschichte&#8220; _builder_version=&#8220;4.22.1&#8243; _module_preset=&#8220;default&#8220; background_enable_color=&#8220;off&#8220; link_option_url=&#8220;#historique&#8220; global_colors_info=&#8220;{%22gcid-062e874d-3014-458c-9f95-0d1eab48e159%22:%91%22background_color%22%93}&#8220;][et_pb_row _builder_version=&#8220;4.22.0&#8243; _module_preset=&#8220;default&#8220; global_colors_info=&#8220;{}&#8220;][et_pb_column type=&#8220;4_4&#8243; _builder_version=&#8220;4.22.0&#8243; _module_preset=&#8220;default&#8220; global_colors_info=&#8220;{}&#8220;][et_pb_text _builder_version=&#8220;4.22.0&#8243; _module_preset=&#8220;default&#8220; global_colors_info=&#8220;{}&#8220;]<\/p>\n<h1 style=\"text-align: center;\">Geschichte des Unternehmens<\/h1>\n<p>[\/et_pb_text][\/et_pb_column][\/et_pb_row][et_pb_row column_structure=&#8220;1_2,1_2&#8243; _builder_version=&#8220;4.21.0&#8243; _module_preset=&#8220;default&#8220; global_colors_info=&#8220;{}&#8220;][et_pb_column type=&#8220;1_2&#8243; _builder_version=&#8220;4.21.0&#8243; _module_preset=&#8220;default&#8220; global_colors_info=&#8220;{}&#8220;][et_pb_gallery gallery_ids=&#8220;31564,31567,31566,31565&#8243; fullwidth=&#8220;on&#8220; _builder_version=&#8220;4.22.1&#8243; _module_preset=&#8220;default&#8220; max_height=&#8220;25vw&#8220; max_height_tablet=&#8220;50vw&#8220; max_height_phone=&#8220;50vw&#8220; max_height_last_edited=&#8220;on|phone&#8220; custom_css_overlay_icon=&#8220;color:#c8102e&#8220; global_colors_info=&#8220;{}&#8220;][\/et_pb_gallery][\/et_pb_column][et_pb_column type=&#8220;1_2&#8243; _builder_version=&#8220;4.21.0&#8243; _module_preset=&#8220;default&#8220; global_colors_info=&#8220;{}&#8220;][et_pb_text _builder_version=&#8220;4.22.1&#8243; _module_preset=&#8220;default&#8220; animation_style=&#8220;fade&#8220; global_colors_info=&#8220;{}&#8220;]<\/p>\n<p>Das Unternehmen wurde 1925 von Herrn Georges Bise gegr\u00fcndet. Das Gesch\u00e4ft und die Werkst\u00e4tte befanden sich damals in der N\u00e4he der Kathedrale im Herzen der Stadt Freiburg.<\/p>\n<p>In den 50er Jahren nahm Georges Bise SA die Vertretung der ber\u00fchmten Marke BIGLA wieder auf. Mit B\u00fcrom\u00f6beln wurde das Sortiment um einen neuen Gesch\u00e4ftsbereich erweitert. Dieser Bereich wurde schnell zu einem wichtigen Standbein f\u00fcr das Unternehmen, das im Zuge dessen auch andere bekannte Marken \u00fcbernahm.<\/p>\n<p>1971, Umzug des M\u00f6belgesch\u00e4fts in das neue Geb\u00e4ude an der Freiburgstrasse in Tafers.<\/p>\n<p>1995 wurde das Unternehmen von der Familie Bernard Deillon \u00fcbernommen. Sie hat dem Unternehmen frischen Wind und die n\u00f6tige Dynamik verliehen, um auf die schnelle Entwicklung der Branche zu reagieren, unter Ber\u00fccksichtigung der neuen Kommunikationstechnologien und der immer gr\u00f6sseren Bedeutung neuer Organisationsformen.<\/p>\n<p>Im Jahr 2000 motivierte der attraktive Markt der Hauptstadt Greyerz und des s\u00fcdlichen Kantonsteils die Unternehmensleitung, eine neue Filiale in Bulle zu er\u00f6ffnen, die sich auf B\u00fcrom\u00f6bel konzentrierte.<\/p>\n<p>2016 Umzug und Einweihung des neuen Showrooms in der Route de Riaz in Bulle, in dem diesmal Wohn- und B\u00fcrom\u00f6bel pr\u00e4sentiert werden.<\/p>\n<p>En 2024, Fermeture de la succursale de Bulle, dans le but de recentrer l&#8217;activit\u00e9 dans des locaux plus petits.<\/p>\n<p>2025, Er\u00f6ffnung des neuen Showrooms in der Rue de Gruy\u00e8res, der B\u00fcro- und Objektm\u00f6beln gewidmet ist.<\/p>\n<p>Fortsetzung folgt&#8230;<\/p>\n<p>[\/et_pb_text][\/et_pb_column][\/et_pb_row][\/et_pb_section][et_pb_section fb_built=&#8220;1&#8243; module_id=&#8220;showrooms&#8220; _builder_version=&#8220;4.22.0&#8243; _module_preset=&#8220;default&#8220; global_colors_info=&#8220;{}&#8220;][et_pb_row _builder_version=&#8220;4.22.0&#8243; _module_preset=&#8220;default&#8220; global_colors_info=&#8220;{}&#8220;][et_pb_column type=&#8220;4_4&#8243; _builder_version=&#8220;4.22.0&#8243; _module_preset=&#8220;default&#8220; global_colors_info=&#8220;{}&#8220;][et_pb_text _builder_version=&#8220;4.22.0&#8243; _module_preset=&#8220;default&#8220; global_colors_info=&#8220;{}&#8220;]<\/p>\n<h1 style=\"text-align: center;\">Unsere Showrooms<\/h1>\n<p>[\/et_pb_text][\/et_pb_column][\/et_pb_row][et_pb_row column_structure=&#8220;1_2,1_2&#8243; _builder_version=&#8220;4.22.0&#8243; _module_preset=&#8220;default&#8220; global_colors_info=&#8220;{}&#8220;][et_pb_column type=&#8220;1_2&#8243; _builder_version=&#8220;4.22.0&#8243; _module_preset=&#8220;default&#8220; global_colors_info=&#8220;{}&#8220;][et_pb_image src=&#8220;https:\/\/www.bise.ch\/wp-content\/uploads\/DJI_20250422105933_0161_D-scaled.jpg&#8220; _builder_version=&#8220;4.27.4&#8243; _module_preset=&#8220;default&#8220; global_colors_info=&#8220;{}&#8220;][\/et_pb_image][et_pb_text _builder_version=&#8220;4.22.0&#8243; _module_preset=&#8220;default&#8220; global_colors_info=&#8220;{}&#8220;]<\/p>\n<p style=\"text-align: center;\">Unser Showroom in Tafers<\/p>\n<p>[\/et_pb_text][et_pb_code _builder_version=&#8220;4.27.0&#8243; _module_preset=&#8220;default&#8220; global_colors_info=&#8220;{}&#8220;]<iframe src=\"https:\/\/www.google.com\/maps\/embed?pb=!1m18!1m12!1m3!1d2730.634149056916!2d7.193302976664724!3d46.81151214254279!2m3!1f0!2f0!3f0!3m2!1i1024!2i768!4f13.1!3m3!1m2!1s0x478e690aa294782f%3A0x401fa73c00bbb5c5!2sM%C3%B6bel%20Bise%20Meubles!5e0!3m2!1sen!2sch!4v1725945792037!5m2!1sen!2sch\" width=\"100%\" height=\"500\" style=\"border:0;\" allowfullscreen=\"\" loading=\"lazy\" referrerpolicy=\"no-referrer-when-downgrade\"><\/iframe>[\/et_pb_code][\/et_pb_column][et_pb_column type=&#8220;1_2&#8243; _builder_version=&#8220;4.27.4&#8243; _module_preset=&#8220;default&#8220; global_colors_info=&#8220;{}&#8220;][et_pb_image src=&#8220;https:\/\/www.bise.ch\/wp-content\/uploads\/DJI_20250422114644_0187_D-scaled.jpg&#8220; _builder_version=&#8220;4.27.4&#8243; _module_preset=&#8220;default&#8220; global_colors_info=&#8220;{}&#8220;][\/et_pb_image][et_pb_text _builder_version=&#8220;4.27.4&#8243; _module_preset=&#8220;default&#8220; global_colors_info=&#8220;{}&#8220;]<\/p>\n<p style=\"text-align: center;\">Unser Showroom in Bulle<\/p>\n<p>[\/et_pb_text][et_pb_code _builder_version=&#8220;4.27.4&#8243; _module_preset=&#8220;default&#8220; global_colors_info=&#8220;{}&#8220;]<iframe src=\"https:\/\/www.google.com\/maps\/embed?pb=!1m16!1m12!1m3!1d685.16619300453!2d7.059119696713762!3d46.6136275076201!2m3!1f0!2f0!3f0!3m2!1i1024!2i768!4f13.1!2m1!1sbise%20bulle!5e0!3m2!1sfr!2sch!4v1743667934040!5m2!1sfr!2sch\" width=\"100%\" height=\"500\" style=\"border:0;\" allowfullscreen=\"\" loading=\"lazy\" referrerpolicy=\"no-referrer-when-downgrade\"><\/iframe>[\/et_pb_code][\/et_pb_column][\/et_pb_row][\/et_pb_section][et_pb_section fb_built=&#8220;1&#8243; admin_label=&#8220;NOS COLLABORATEURS&#8220; module_id=&#8220;team&#8220; _builder_version=&#8220;4.22.1&#8243; _module_preset=&#8220;default&#8220; background_enable_color=&#8220;off&#8220; link_option_url=&#8220;#collaborateurs&#8220; global_colors_info=&#8220;{%22gcid-062e874d-3014-458c-9f95-0d1eab48e159%22:%91%22background_color%22%93}&#8220;][et_pb_row _builder_version=&#8220;4.22.1&#8243; _module_preset=&#8220;default&#8220; custom_padding=&#8220;||||false|false&#8220; global_colors_info=&#8220;{}&#8220;][et_pb_column type=&#8220;4_4&#8243; _builder_version=&#8220;4.19.2&#8243; _module_preset=&#8220;default&#8220; global_colors_info=&#8220;{}&#8220;][et_pb_text _builder_version=&#8220;4.22.1&#8243; _module_preset=&#8220;default&#8220; global_colors_info=&#8220;{}&#8220;]<\/p>\n<h1 style=\"text-align: center;\">Unser Team<\/h1>\n<p>[\/et_pb_text][\/et_pb_column][\/et_pb_row][et_pb_row _builder_version=&#8220;4.22.1&#8243; _module_preset=&#8220;default&#8220; global_colors_info=&#8220;{}&#8220;][et_pb_column type=&#8220;4_4&#8243; _builder_version=&#8220;4.22.0&#8243; _module_preset=&#8220;default&#8220; global_colors_info=&#8220;{}&#8220;][et_pb_text _builder_version=&#8220;4.22.1&#8243; _module_preset=&#8220;default&#8220; global_colors_info=&#8220;{}&#8220;]<\/p>\n<h2>Direktion<\/h2>\n<p>[\/et_pb_text][\/et_pb_column][\/et_pb_row][et_pb_row column_structure=&#8220;1_3,1_3,1_3&#8243; _builder_version=&#8220;4.21.0&#8243; _module_preset=&#8220;default&#8220; global_colors_info=&#8220;{}&#8220;][et_pb_column type=&#8220;1_3&#8243; _builder_version=&#8220;4.19.2&#8243; _module_preset=&#8220;default&#8220; global_colors_info=&#8220;{}&#8220;][et_pb_team_member name=&#8220;Philippe Deillon&#8220; position=&#8220;Direktor \/ Besitzer&#8220; image_url=&#8220;https:\/\/www.bise.ch\/wp-content\/uploads\/PHD.jpg&#8220; admin_label=&#8220;Personnel&#8220; module_class=&#8220;imgcol&#8220; _builder_version=&#8220;4.27.0&#8243; _module_preset=&#8220;default&#8220; position_text_color=&#8220;#C8102E&#8220; animation_style=&#8220;fade&#8220; custom_css_member_image=&#8220;width: 300px;&#8220; global_colors_info=&#8220;{}&#8220;]<\/p>\n<p style=\"text-align: left;\"><a href=\"mailto:phd@bise.ch\">phd@bise.ch<\/a><\/p>\n<p>[\/et_pb_team_member][\/et_pb_column][et_pb_column type=&#8220;1_3&#8243; _builder_version=&#8220;4.19.2&#8243; _module_preset=&#8220;default&#8220; global_colors_info=&#8220;{}&#8220;][et_pb_team_member name=&#8220;R\u00e9my Deillon&#8220; position=&#8220;Stellvertretender Direktor&#8220; image_url=&#8220;https:\/\/www.bise.ch\/wp-content\/uploads\/RD.jpg&#8220; module_id=&#8220;imgcol&#8220; _builder_version=&#8220;4.27.0&#8243; _module_preset=&#8220;default&#8220; position_text_color=&#8220;#C8102E&#8220; animation_style=&#8220;fade&#8220; custom_css_member_image=&#8220;width: 300px;&#8220; global_colors_info=&#8220;{}&#8220;]<\/p>\n<p><a href=\"mailto:rd@bise.ch\">rd@bise.ch<\/a><\/p>\n<p>[\/et_pb_team_member][\/et_pb_column][et_pb_column type=&#8220;1_3&#8243; _builder_version=&#8220;4.19.2&#8243; _module_preset=&#8220;default&#8220; global_colors_info=&#8220;{}&#8220;][\/et_pb_column][\/et_pb_row][et_pb_row _builder_version=&#8220;4.22.0&#8243; _module_preset=&#8220;default&#8220; global_colors_info=&#8220;{}&#8220;][et_pb_column type=&#8220;4_4&#8243; _builder_version=&#8220;4.22.0&#8243; _module_preset=&#8220;default&#8220; global_colors_info=&#8220;{}&#8220;][et_pb_text _builder_version=&#8220;4.22.0&#8243; _module_preset=&#8220;default&#8220; global_colors_info=&#8220;{}&#8220;]<\/p>\n<h2>Verkauf von B\u00fcrom\u00f6beln Tafers<\/h2>\n<p>[\/et_pb_text][\/et_pb_column][\/et_pb_row][et_pb_row column_structure=&#8220;1_3,1_3,1_3&#8243; _builder_version=&#8220;4.19.2&#8243; _module_preset=&#8220;default&#8220; global_colors_info=&#8220;{}&#8220;][et_pb_column type=&#8220;1_3&#8243; _builder_version=&#8220;4.19.2&#8243; _module_preset=&#8220;default&#8220; global_colors_info=&#8220;{}&#8220;][et_pb_team_member name=&#8220;Olivia Martins-F\u00e4ssler&#8220; position=&#8220;Beraterin f\u00fcr B\u00fcroeinrichtung&#8220; image_url=&#8220;https:\/\/www.bise.ch\/wp-content\/uploads\/OMF-scaled.jpg&#8220; module_id=&#8220;imgcol&#8220; _builder_version=&#8220;4.27.4&#8243; _module_preset=&#8220;default&#8220; position_text_color=&#8220;#C8102E&#8220; animation_style=&#8220;fade&#8220; custom_css_member_image=&#8220;width: 300px;&#8220; global_colors_info=&#8220;{}&#8220;]<\/p>\n<p><a href=\"mailto:omf@bise.ch\">omf@bise.ch<\/a><\/p>\n<p>[\/et_pb_team_member][\/et_pb_column][et_pb_column type=&#8220;1_3&#8243; _builder_version=&#8220;4.19.2&#8243; _module_preset=&#8220;default&#8220; global_colors_info=&#8220;{}&#8220;][et_pb_team_member name=&#8220;St\u00e9phane Odin&#8220; position=&#8220;3D-Planung \/ Interner Verkauf&#8220; image_url=&#8220;https:\/\/www.bise.ch\/wp-content\/uploads\/SO.jpg&#8220; module_id=&#8220;imgcol&#8220; _builder_version=&#8220;4.27.0&#8243; _module_preset=&#8220;default&#8220; position_text_color=&#8220;#C8102E&#8220; animation_style=&#8220;fade&#8220; custom_css_member_image=&#8220;width: 300px;&#8220; global_colors_info=&#8220;{}&#8220;]<\/p>\n<p><a href=\"mailto:so@bise.ch\">so@bise.ch<\/a><\/p>\n<p>[\/et_pb_team_member][\/et_pb_column][et_pb_column type=&#8220;1_3&#8243; _builder_version=&#8220;4.27.0&#8243; _module_preset=&#8220;default&#8220; global_colors_info=&#8220;{}&#8220;][et_pb_team_member name=&#8220;Bernard Koch&#8220; position=&#8220;Berater f\u00fcr B\u00fcroeinrichtung&#8220; image_url=&#8220;https:\/\/www.bise.ch\/wp-content\/uploads\/BK.jpg&#8220; disabled_on=&#8220;on|on|on&#8220; module_id=&#8220;imgcol&#8220; _builder_version=&#8220;4.27.0&#8243; _module_preset=&#8220;default&#8220; position_text_color=&#8220;#C8102E&#8220; animation_style=&#8220;fade&#8220; custom_css_member_image=&#8220;width: 300px;&#8220; disabled=&#8220;on&#8220; global_colors_info=&#8220;{}&#8220;]<\/p>\n<p><a href=\"mailto:bk@bise.ch\">bk@bise.ch<\/a><\/p>\n<p>[\/et_pb_team_member][\/et_pb_column][\/et_pb_row][et_pb_row _builder_version=&#8220;4.22.0&#8243; _module_preset=&#8220;default&#8220; global_colors_info=&#8220;{}&#8220;][et_pb_column type=&#8220;4_4&#8243; _builder_version=&#8220;4.22.0&#8243; _module_preset=&#8220;default&#8220; global_colors_info=&#8220;{}&#8220;][et_pb_text _builder_version=&#8220;4.22.0&#8243; _module_preset=&#8220;default&#8220; global_colors_info=&#8220;{}&#8220;]<\/p>\n<h2>Verkauf von Wohnm\u00f6beln Tafers<\/h2>\n<p>[\/et_pb_text][\/et_pb_column][\/et_pb_row][et_pb_row column_structure=&#8220;1_3,1_3,1_3&#8243; _builder_version=&#8220;4.19.2&#8243; _module_preset=&#8220;default&#8220; global_colors_info=&#8220;{}&#8220;][et_pb_column type=&#8220;1_3&#8243; _builder_version=&#8220;4.19.2&#8243; _module_preset=&#8220;default&#8220; global_colors_info=&#8220;{}&#8220;][et_pb_team_member name=&#8220;Vianney Berg&#8220; position=&#8220;Verkaufsberater Wohnen&#8220; image_url=&#8220;https:\/\/www.bise.ch\/wp-content\/uploads\/VB.jpg&#8220; module_id=&#8220;imgcol&#8220; _builder_version=&#8220;4.27.0&#8243; _module_preset=&#8220;default&#8220; position_text_color=&#8220;#C8102E&#8220; animation_style=&#8220;fade&#8220; custom_css_member_image=&#8220;width: 300px;&#8220; global_colors_info=&#8220;{}&#8220;]<\/p>\n<p><a href=\"mailto:vb@bise.ch\">vb@bise.ch<\/a><\/p>\n<p>[\/et_pb_team_member][\/et_pb_column][et_pb_column type=&#8220;1_3&#8243; _builder_version=&#8220;4.19.2&#8243; _module_preset=&#8220;default&#8220; global_colors_info=&#8220;{}&#8220;][et_pb_team_member name=&#8220;Elisabeth Neuhaus&#8220; position=&#8220;Verkaufsberaterin Wohnen&#8220; image_url=&#8220;https:\/\/www.bise.ch\/wp-content\/uploads\/EN.jpg&#8220; module_id=&#8220;imgcol&#8220; _builder_version=&#8220;4.27.0&#8243; _module_preset=&#8220;default&#8220; position_text_color=&#8220;#C8102E&#8220; animation_style=&#8220;fade&#8220; custom_css_member_image=&#8220;width: 300px;&#8220; global_colors_info=&#8220;{}&#8220;]<\/p>\n<p><a href=\"mailto:en@bise.ch\">en@bise.ch<\/a><\/p>\n<p>[\/et_pb_team_member][\/et_pb_column][et_pb_column type=&#8220;1_3&#8243; _builder_version=&#8220;4.19.2&#8243; _module_preset=&#8220;default&#8220; global_colors_info=&#8220;{}&#8220;][et_pb_team_member name=&#8220;Thomas Zumwald&#8220; position=&#8220;Verkaufsberater Wohnen&#8220; image_url=&#8220;https:\/\/www.bise.ch\/wp-content\/uploads\/TZ.jpg&#8220; module_id=&#8220;imgcol&#8220; _builder_version=&#8220;4.27.0&#8243; _module_preset=&#8220;default&#8220; position_text_color=&#8220;#C8102E&#8220; animation_style=&#8220;fade&#8220; custom_css_member_image=&#8220;width: 300px;&#8220; global_colors_info=&#8220;{}&#8220;]<\/p>\n<p><a href=\"mailto:tz@bise.ch\">tz@bise.ch<\/a><\/p>\n<p>[\/et_pb_team_member][\/et_pb_column][\/et_pb_row][et_pb_row _builder_version=&#8220;4.22.0&#8243; _module_preset=&#8220;default&#8220; global_colors_info=&#8220;{}&#8220;][et_pb_column type=&#8220;4_4&#8243; _builder_version=&#8220;4.22.0&#8243; _module_preset=&#8220;default&#8220; global_colors_info=&#8220;{}&#8220;][et_pb_text _builder_version=&#8220;4.22.0&#8243; _module_preset=&#8220;default&#8220; global_colors_info=&#8220;{}&#8220;]<\/p>\n<h2>Verkauf von B\u00fcrom\u00f6beln Bulle<\/h2>\n<p>[\/et_pb_text][\/et_pb_column][\/et_pb_row][et_pb_row column_structure=&#8220;1_3,1_3,1_3&#8243; _builder_version=&#8220;4.19.2&#8243; _module_preset=&#8220;default&#8220; global_colors_info=&#8220;{}&#8220;][et_pb_column type=&#8220;1_3&#8243; _builder_version=&#8220;4.19.2&#8243; _module_preset=&#8220;default&#8220; global_colors_info=&#8220;{}&#8220;][et_pb_team_member name=&#8220;Didier Jaques&#8220; position=&#8220;Verkaufsleiter Bulle \/ Webmaster&#8220; image_url=&#8220;https:\/\/www.bise.ch\/wp-content\/uploads\/DJ.jpg&#8220; module_id=&#8220;imgcol&#8220; _builder_version=&#8220;4.27.4&#8243; _module_preset=&#8220;default&#8220; position_text_color=&#8220;#C8102E&#8220; custom_css_member_image=&#8220;width: 300px;&#8220; global_colors_info=&#8220;{}&#8220;]<\/p>\n<p><a href=\"mailto:dj@bise.ch\">dj@bise.ch<\/a><\/p>\n<p>[\/et_pb_team_member][\/et_pb_column][et_pb_column type=&#8220;1_3&#8243; _builder_version=&#8220;4.19.2&#8243; _module_preset=&#8220;default&#8220; global_colors_info=&#8220;{}&#8220;][et_pb_team_member name=&#8220;Jean-Baptiste Reichel&#8220; position=&#8220;Berater f\u00fcr B\u00fcroeinrichtung&#8220; image_url=&#8220;https:\/\/www.bise.ch\/wp-content\/uploads\/SOKO_KL_ANY___KLIK_Reunion.jpg&#8220; disabled_on=&#8220;on|on|on&#8220; module_id=&#8220;imgcol&#8220; _builder_version=&#8220;4.27.4&#8243; _module_preset=&#8220;default&#8220; position_text_color=&#8220;#C8102E&#8220; animation_style=&#8220;fade&#8220; custom_css_member_image=&#8220;width: 300px;&#8220; disabled=&#8220;on&#8220; global_colors_info=&#8220;{}&#8220;]<\/p>\n<p><a href=\"mailto:jbr@bise.ch\">jbr@bise.ch<\/a><\/p>\n<p>[\/et_pb_team_member][\/et_pb_column][et_pb_column type=&#8220;1_3&#8243; _builder_version=&#8220;4.19.2&#8243; _module_preset=&#8220;default&#8220; global_colors_info=&#8220;{}&#8220;][\/et_pb_column][\/et_pb_row][et_pb_row _builder_version=&#8220;4.22.0&#8243; _module_preset=&#8220;default&#8220; global_colors_info=&#8220;{}&#8220;][et_pb_column type=&#8220;4_4&#8243; _builder_version=&#8220;4.22.0&#8243; _module_preset=&#8220;default&#8220; global_colors_info=&#8220;{}&#8220;][et_pb_text _builder_version=&#8220;4.22.0&#8243; _module_preset=&#8220;default&#8220; global_colors_info=&#8220;{}&#8220;]<\/p>\n<h2>Verwaltung<\/h2>\n<p>[\/et_pb_text][\/et_pb_column][\/et_pb_row][et_pb_row column_structure=&#8220;1_3,1_3,1_3&#8243; _builder_version=&#8220;4.19.2&#8243; _module_preset=&#8220;default&#8220; global_colors_info=&#8220;{}&#8220;][et_pb_column type=&#8220;1_3&#8243; _builder_version=&#8220;4.19.2&#8243; _module_preset=&#8220;default&#8220; global_colors_info=&#8220;{}&#8220;][et_pb_team_member name=&#8220;M\u00e9lanie Jolliet&#8220; position=&#8220;Buchhaltung &amp; Personalwesen&#8220; image_url=&#8220;https:\/\/www.bise.ch\/wp-content\/uploads\/MJ.jpg&#8220; _builder_version=&#8220;4.27.4&#8243; _module_preset=&#8220;default&#8220; position_text_color=&#8220;#C8102E&#8220; animation_style=&#8220;fade&#8220; custom_css_member_image=&#8220;width: 300px;&#8220; global_colors_info=&#8220;{}&#8220;]<\/p>\n<p><a href=\"mailto:mj@bise.ch\">mj@bise.ch<\/a><\/p>\n<p>[\/et_pb_team_member][\/et_pb_column][et_pb_column type=&#8220;1_3&#8243; _builder_version=&#8220;4.19.2&#8243; _module_preset=&#8220;default&#8220; global_colors_info=&#8220;{}&#8220;][et_pb_team_member name=&#8220;Alexia Huber&#8220; position=&#8220;Logistik \/ Verwaltung&#8220; image_url=&#8220;https:\/\/www.bise.ch\/wp-content\/uploads\/AH.jpg&#8220; _builder_version=&#8220;4.27.0&#8243; _module_preset=&#8220;default&#8220; position_text_color=&#8220;#C8102E&#8220; animation_style=&#8220;fade&#8220; custom_css_member_image=&#8220;width: 300px;&#8220; global_colors_info=&#8220;{}&#8220;]<\/p>\n<p><a href=\"mailto:logistique@bise.ch\">logistique@bise.ch<\/a><\/p>\n<p>[\/et_pb_team_member][\/et_pb_column][et_pb_column type=&#8220;1_3&#8243; _builder_version=&#8220;4.19.2&#8243; _module_preset=&#8220;default&#8220; global_colors_info=&#8220;{}&#8220;][et_pb_team_member name=&#8220;Lena Odin&#8220; position=&#8220;Auszubildende&#8220; image_url=&#8220;https:\/\/www.bise.ch\/wp-content\/uploads\/OL.jpg&#8220; _builder_version=&#8220;4.27.0&#8243; _module_preset=&#8220;default&#8220; position_text_color=&#8220;#C8102E&#8220; animation_style=&#8220;fade&#8220; custom_css_member_image=&#8220;width: 300px;&#8220; global_colors_info=&#8220;{}&#8220;][\/et_pb_team_member][\/et_pb_column][\/et_pb_row][et_pb_row _builder_version=&#8220;4.22.0&#8243; _module_preset=&#8220;default&#8220; global_colors_info=&#8220;{}&#8220;][et_pb_column type=&#8220;4_4&#8243; _builder_version=&#8220;4.22.0&#8243; _module_preset=&#8220;default&#8220; global_colors_info=&#8220;{}&#8220;][et_pb_text _builder_version=&#8220;4.22.0&#8243; _module_preset=&#8220;default&#8220; global_colors_info=&#8220;{}&#8220;]<\/p>\n<h2>Logistik<\/h2>\n<p>[\/et_pb_text][\/et_pb_column][\/et_pb_row][et_pb_row column_structure=&#8220;1_3,1_3,1_3&#8243; _builder_version=&#8220;4.19.2&#8243; _module_preset=&#8220;default&#8220; global_colors_info=&#8220;{}&#8220;][et_pb_column type=&#8220;1_3&#8243; _builder_version=&#8220;4.19.2&#8243; _module_preset=&#8220;default&#8220; global_colors_info=&#8220;{}&#8220;][et_pb_team_member name=&#8220;Kevin Boschung&#8220; position=&#8220;Monteur \/ Lieferant \/ M\u00f6belschreiner&#8220; image_url=&#8220;https:\/\/www.bise.ch\/wp-content\/uploads\/Kevin.jpg&#8220; _builder_version=&#8220;4.27.0&#8243; _module_preset=&#8220;default&#8220; position_text_color=&#8220;#C8102E&#8220; animation_style=&#8220;fade&#8220; custom_css_member_image=&#8220;width: 300px;&#8220; global_colors_info=&#8220;{}&#8220;][\/et_pb_team_member][\/et_pb_column][et_pb_column type=&#8220;1_3&#8243; _builder_version=&#8220;4.19.2&#8243; _module_preset=&#8220;default&#8220; global_colors_info=&#8220;{}&#8220;][et_pb_team_member name=&#8220;Dominique Descloux&#8220; position=&#8220;Monteur \/ Lieferant&#8220; image_url=&#8220;https:\/\/www.bise.ch\/wp-content\/uploads\/Dominique.jpg&#8220; _builder_version=&#8220;4.27.0&#8243; _module_preset=&#8220;default&#8220; position_text_color=&#8220;#C8102E&#8220; animation_style=&#8220;fade&#8220; custom_css_member_image=&#8220;width: 300px;&#8220; global_colors_info=&#8220;{}&#8220;]<\/p>\n<p><a href=\"mailto:so@bise.ch\"><\/a><\/p>\n<p>[\/et_pb_team_member][\/et_pb_column][et_pb_column type=&#8220;1_3&#8243; _builder_version=&#8220;4.19.2&#8243; _module_preset=&#8220;default&#8220; global_colors_info=&#8220;{}&#8220;][et_pb_team_member name=&#8220;Gilles Piccand&#8220; position=&#8220;Monteur \/ Lieferant&#8220; image_url=&#8220;https:\/\/www.bise.ch\/wp-content\/uploads\/Gilles.jpg&#8220; _builder_version=&#8220;4.27.0&#8243; _module_preset=&#8220;default&#8220; position_text_color=&#8220;#C8102E&#8220; animation_style=&#8220;fade&#8220; custom_css_member_image=&#8220;width: 300px;&#8220; global_colors_info=&#8220;{}&#8220;]<\/p>\n<p><a href=\"mailto:so@bise.ch\"><\/a><\/p>\n<p>[\/et_pb_team_member][\/et_pb_column][\/et_pb_row][et_pb_row column_structure=&#8220;1_3,1_3,1_3&#8243; _builder_version=&#8220;4.19.2&#8243; _module_preset=&#8220;default&#8220; global_colors_info=&#8220;{}&#8220;][et_pb_column type=&#8220;1_3&#8243; _builder_version=&#8220;4.19.2&#8243; _module_preset=&#8220;default&#8220; global_colors_info=&#8220;{}&#8220;][et_pb_team_member name=&#8220;Didier Beaud&#8220; position=&#8220;Lagerarbeiter&#8220; image_url=&#8220;https:\/\/www.bise.ch\/wp-content\/uploads\/DB.jpg&#8220; _builder_version=&#8220;4.27.0&#8243; _module_preset=&#8220;default&#8220; position_text_color=&#8220;#C8102E&#8220; animation_style=&#8220;fade&#8220; custom_css_member_image=&#8220;width: 300px;&#8220; global_colors_info=&#8220;{}&#8220;]<\/p>\n<p>livraison@bise.ch<\/p>\n<p>[\/et_pb_team_member][\/et_pb_column][et_pb_column type=&#8220;1_3&#8243; _builder_version=&#8220;4.19.2&#8243; _module_preset=&#8220;default&#8220; global_colors_info=&#8220;{}&#8220;][et_pb_team_member name=&#8220;Adrian Jungo&#8220; position=&#8220;Lagerarbeiter \/ Monteur \/ Lieferant&#8220; image_url=&#8220;https:\/\/www.bise.ch\/wp-content\/uploads\/Adrian.jpg&#8220; _builder_version=&#8220;4.27.4&#8243; _module_preset=&#8220;default&#8220; position_text_color=&#8220;#C8102E&#8220; animation_style=&#8220;fade&#8220; custom_css_member_image=&#8220;width: 300px;&#8220; global_colors_info=&#8220;{}&#8220;][\/et_pb_team_member][\/et_pb_column][et_pb_column type=&#8220;1_3&#8243; _builder_version=&#8220;4.27.0&#8243; _module_preset=&#8220;default&#8220; global_colors_info=&#8220;{}&#8220;][\/et_pb_column][\/et_pb_row][et_pb_row column_structure=&#8220;1_3,1_3,1_3&#8243; _builder_version=&#8220;4.19.2&#8243; _module_preset=&#8220;default&#8220; global_colors_info=&#8220;{}&#8220;][et_pb_column type=&#8220;1_3&#8243; _builder_version=&#8220;4.19.2&#8243; _module_preset=&#8220;default&#8220; global_colors_info=&#8220;{}&#8220;][et_pb_team_member name=&#8220;Daniela Br\u00fcgger&#8220; position=&#8220;Pflege der R\u00e4umlichkeiten&#8220; image_url=&#8220;https:\/\/www.bise.ch\/wp-content\/uploads\/Daniela.jpg&#8220; _builder_version=&#8220;4.27.0&#8243; _module_preset=&#8220;default&#8220; position_text_color=&#8220;#C8102E&#8220; animation_style=&#8220;fade&#8220; custom_css_member_image=&#8220;width: 300px;&#8220; global_colors_info=&#8220;{}&#8220;][\/et_pb_team_member][\/et_pb_column][et_pb_column type=&#8220;1_3&#8243; _builder_version=&#8220;4.27.0&#8243; _module_preset=&#8220;default&#8220; global_colors_info=&#8220;{}&#8220;][\/et_pb_column][et_pb_column type=&#8220;1_3&#8243; _builder_version=&#8220;4.19.2&#8243; _module_preset=&#8220;default&#8220; global_colors_info=&#8220;{}&#8220;][\/et_pb_column][\/et_pb_row][et_pb_row _builder_version=&#8220;4.22.0&#8243; _module_preset=&#8220;default&#8220; global_colors_info=&#8220;{}&#8220;][et_pb_column type=&#8220;4_4&#8243; _builder_version=&#8220;4.22.0&#8243; _module_preset=&#8220;default&#8220; global_colors_info=&#8220;{}&#8220;][et_pb_text _builder_version=&#8220;4.22.0&#8243; _module_preset=&#8220;default&#8220; global_colors_info=&#8220;{}&#8220;]<\/p>\n<h2>M\u00f6belschreinerei<\/h2>\n<p>[\/et_pb_text][\/et_pb_column][\/et_pb_row][et_pb_row column_structure=&#8220;1_3,1_3,1_3&#8243; _builder_version=&#8220;4.19.2&#8243; _module_preset=&#8220;default&#8220; global_colors_info=&#8220;{}&#8220;][et_pb_column type=&#8220;1_3&#8243; _builder_version=&#8220;4.19.2&#8243; _module_preset=&#8220;default&#8220; global_colors_info=&#8220;{}&#8220;][et_pb_team_member name=&#8220;Pascal Kaeser&#8220; position=&#8220;Leiter der Werkstatt&#8220; image_url=&#8220;https:\/\/www.bise.ch\/wp-content\/uploads\/PK.jpg&#8220; _builder_version=&#8220;4.27.0&#8243; _module_preset=&#8220;default&#8220; position_text_color=&#8220;#C8102E&#8220; animation_style=&#8220;fade&#8220; custom_css_member_image=&#8220;width: 300px;&#8220; global_colors_info=&#8220;{}&#8220;]<\/p>\n<p><a href=\"mailto:pk@bise.ch\">pk@bise.ch<\/a><\/p>\n<p>[\/et_pb_team_member][et_pb_team_member name=&#8220;Janick Stulz&#8220; position=&#8220;Auszubildender&#8220; image_url=&#8220;https:\/\/www.bise.ch\/wp-content\/uploads\/Elmar.jpg&#8220; _builder_version=&#8220;4.27.4&#8243; _module_preset=&#8220;default&#8220; position_text_color=&#8220;#C8102E&#8220; animation_style=&#8220;fade&#8220; custom_css_member_image=&#8220;width: 300px;&#8220; global_colors_info=&#8220;{}&#8220;][\/et_pb_team_member][\/et_pb_column][et_pb_column _builder_version=&#8220;4.27.4&#8243; _module_preset=&#8220;default&#8220; type=&#8220;1_3&#8243;][et_pb_team_member name=&#8220;Noa Friedli&#8220; position=&#8220;M\u00f6belschreiner&#8220; image_url=&#8220;https:\/\/www.bise.ch\/wp-content\/uploads\/Noa.jpg&#8220; disabled_on=&#8220;off|off|off&#8220; _builder_version=&#8220;4.27.4&#8243; _module_preset=&#8220;default&#8220; position_text_color=&#8220;#C8102E&#8220; animation_style=&#8220;fade&#8220; custom_css_member_image=&#8220;width: 300px;&#8220; global_colors_info=&#8220;{}&#8220;][\/et_pb_team_member][\/et_pb_column][et_pb_column type=&#8220;1_3&#8243; _builder_version=&#8220;4.19.2&#8243; _module_preset=&#8220;default&#8220; global_colors_info=&#8220;{}&#8220;][et_pb_team_member name=&#8220;Elmar Kolly&#8220; position=&#8220;M\u00f6belschreiner&#8220; image_url=&#8220;https:\/\/www.bise.ch\/wp-content\/uploads\/Elmar.jpg&#8220; _builder_version=&#8220;4.27.0&#8243; _module_preset=&#8220;default&#8220; position_text_color=&#8220;#C8102E&#8220; animation_style=&#8220;fade&#8220; custom_css_member_image=&#8220;width: 300px;&#8220; global_colors_info=&#8220;{}&#8220;][\/et_pb_team_member][\/et_pb_column][\/et_pb_row][\/et_pb_section][et_pb_section fb_built=&#8220;1&#8243; module_id=&#8220;Sponsoring&#8220; _builder_version=&#8220;4.24.0&#8243; _module_preset=&#8220;default&#8220; global_colors_info=&#8220;{}&#8220;][et_pb_row _builder_version=&#8220;4.24.0&#8243; _module_preset=&#8220;default&#8220; global_colors_info=&#8220;{}&#8220;][et_pb_column type=&#8220;4_4&#8243; _builder_version=&#8220;4.24.0&#8243; _module_preset=&#8220;default&#8220; global_colors_info=&#8220;{}&#8220;][et_pb_text _builder_version=&#8220;4.24.0&#8243; _module_preset=&#8220;default&#8220; global_colors_info=&#8220;{}&#8220;]<\/p>\n<h1 style=\"text-align: center;\">Sponsoring<\/h1>\n<p style=\"text-align: center;\">Viele beliebte Veranstaltungen k\u00f6nnen nur dank der Unterst\u00fctzung von Sponsoren stattfinden.<\/p>\n<p style=\"text-align: center;\">In diesem Sinne unterst\u00fctzt M\u00f6bel Bise Veranstaltungen und Klubs. Auf diese Weise tragen wir zum sozialen und kulturellen Leben der Region bei.<\/p>\n<p>[\/et_pb_text][\/et_pb_column][\/et_pb_row][et_pb_row make_equal=&#8220;on&#8220; module_class=&#8220;sponsorings_ligne&#8220; _builder_version=&#8220;4.24.0&#8243; _module_preset=&#8220;default&#8220; background_enable_color=&#8220;off&#8220; global_colors_info=&#8220;{}&#8220;][et_pb_column type=&#8220;4_4&#8243; _builder_version=&#8220;4.24.0&#8243; _module_preset=&#8220;default&#8220; background_color=&#8220;RGBA(255,255,255,0)&#8220; global_colors_info=&#8220;{}&#8220;][et_pb_blog fullwidth=&#8220;off&#8220; post_type=&#8220;sponsorings&#8220; show_thumbnail=&#8220;off&#8220; show_content=&#8220;on&#8220; show_author=&#8220;off&#8220; show_date=&#8220;off&#8220; show_categories=&#8220;off&#8220; module_class=&#8220;sponsorings_blog&#8220; _builder_version=&#8220;4.24.0&#8243; _module_preset=&#8220;default&#8220; header_text_align=&#8220;center&#8220; body_text_align=&#8220;justify&#8220; background_color=&#8220;RGBA(255,255,255,0)&#8220; global_colors_info=&#8220;{}&#8220;][\/et_pb_blog][\/et_pb_column][\/et_pb_row][\/et_pb_section]<\/p>\n","protected":false},"excerpt":{"rendered":"<p>Unsere Vision Wir lieben es, R\u00e4ume zum Leben zu erwecken, indem wir Umgebungen schaffen, die sowohl funktional als auch \u00e4sthetisch sind und in denen man sich wohlf\u00fchlt.Der Mensch und seine R\u00e4ume Es ist f\u00fcr uns eine Selbstverst\u00e4ndlichkeit, dass wir den Menschen und das Fl\u00e4chenmanagement in den Mittelpunkt unseres Denkens und Handelns stellen. Dies erm\u00f6glicht es [&hellip;]<\/p>\n","protected":false},"author":1,"featured_media":0,"parent":0,"menu_order":0,"comment_status":"closed","ping_status":"closed","template":"","meta":{"_et_pb_use_builder":"on","_et_pb_old_content":"","_et_gb_content_width":"","footnotes":""},"class_list":["post-32579","page","type-page","status-publish","hentry"],"yoast_head":"<!-- This site is optimized with the Yoast SEO plugin v27.1.1 - https:\/\/yoast.com\/product\/yoast-seo-wordpress\/ -->\n<title>Bise &amp; Sie | M\u00f6bel Bise | M\u00f6belgesch\u00e4ft | M\u00f6bel | Freiburg | Bulle<\/title>\n<meta name=\"description\" content=\"Entdecken Sie die Vision und Geschichte von Bise M\u00f6bel &amp; M\u00f6bel, einem Unternehmen, das sich der Schaffung von funktionalen und \u00e4sthetischen R\u00e4umen verschrieben hat, in denen der Mensch im Mittelpunkt steht. Erkunden Sie unsere Showrooms in Tafers und Bulle und lernen Sie unser leidenschaftliches Team kennen.\" \/>\n<meta name=\"robots\" content=\"index, follow, max-snippet:-1, max-image-preview:large, max-video-preview:-1\" \/>\n<link rel=\"canonical\" href=\"https:\/\/www.bise.ch\/de\/bise-sie\/\" \/>\n<meta property=\"og:locale\" content=\"de_DE\" \/>\n<meta property=\"og:type\" content=\"article\" \/>\n<meta property=\"og:title\" content=\"Bise &amp; Sie | M\u00f6bel Bise | M\u00f6belgesch\u00e4ft | M\u00f6bel | Freiburg | Bulle\" \/>\n<meta property=\"og:description\" content=\"Entdecken Sie die Vision und Geschichte von Bise M\u00f6bel &amp; M\u00f6bel, einem Unternehmen, das sich der Schaffung von funktionalen und \u00e4sthetischen R\u00e4umen verschrieben hat, in denen der Mensch im Mittelpunkt steht. Erkunden Sie unsere Showrooms in Tafers und Bulle und lernen Sie unser leidenschaftliches Team kennen.\" \/>\n<meta property=\"og:url\" content=\"https:\/\/www.bise.ch\/de\/bise-sie\/\" \/>\n<meta property=\"og:site_name\" content=\"M\u00f6bel Bise | M\u00f6belgesch\u00e4ft | M\u00f6bel | Freiburg | Bulle\" \/>\n<meta property=\"article:publisher\" content=\"https:\/\/www.facebook.com\/bisemeubles\/\" \/>\n<meta property=\"article:modified_time\" content=\"2025-12-18T13:02:30+00:00\" \/>\n<meta name=\"twitter:card\" content=\"summary_large_image\" \/>\n<meta name=\"twitter:label1\" content=\"Gesch\u00e4tzte Lesezeit\" \/>\n\t<meta name=\"twitter:data1\" content=\"17\u00a0Minuten\" \/>\n<script type=\"application\/ld+json\" class=\"yoast-schema-graph\">{\"@context\":\"https:\/\/schema.org\",\"@graph\":[{\"@type\":\"WebPage\",\"@id\":\"https:\/\/www.bise.ch\/de\/bise-sie\/\",\"url\":\"https:\/\/www.bise.ch\/de\/bise-sie\/\",\"name\":\"Bise &amp; Sie | M\u00f6bel Bise | M\u00f6belgesch\u00e4ft | M\u00f6bel | Freiburg | Bulle\",\"isPartOf\":{\"@id\":\"https:\/\/www.bise.ch\/de\/#website\"},\"datePublished\":\"2022-12-05T22:05:34+00:00\",\"dateModified\":\"2025-12-18T13:02:30+00:00\",\"description\":\"Entdecken Sie die Vision und Geschichte von Bise M\u00f6bel & M\u00f6bel, einem Unternehmen, das sich der Schaffung von funktionalen und \u00e4sthetischen R\u00e4umen verschrieben hat, in denen der Mensch im Mittelpunkt steht. Erkunden Sie unsere Showrooms in Tafers und Bulle und lernen Sie unser leidenschaftliches Team kennen.\",\"breadcrumb\":{\"@id\":\"https:\/\/www.bise.ch\/de\/bise-sie\/#breadcrumb\"},\"inLanguage\":\"de\",\"potentialAction\":[{\"@type\":\"ReadAction\",\"target\":[\"https:\/\/www.bise.ch\/de\/bise-sie\/\"]}]},{\"@type\":\"BreadcrumbList\",\"@id\":\"https:\/\/www.bise.ch\/de\/bise-sie\/#breadcrumb\",\"itemListElement\":[{\"@type\":\"ListItem\",\"position\":1,\"name\":\"Startseite\",\"item\":\"https:\/\/www.bise.ch\/de\/\"},{\"@type\":\"ListItem\",\"position\":2,\"name\":\"Bise &amp; Sie\"}]},{\"@type\":\"WebSite\",\"@id\":\"https:\/\/www.bise.ch\/de\/#website\",\"url\":\"https:\/\/www.bise.ch\/de\/\",\"name\":\"Meubles Bise | Magasin de meubles | Mobilier | Fribourg | Bulle\",\"description\":\"Wir erwecken Ihre Ra\u0308ume zum Leben\",\"publisher\":{\"@id\":\"https:\/\/www.bise.ch\/de\/#organization\"},\"alternateName\":\"Georges Bise SA\",\"potentialAction\":[{\"@type\":\"SearchAction\",\"target\":{\"@type\":\"EntryPoint\",\"urlTemplate\":\"https:\/\/www.bise.ch\/de\/?s={search_term_string}\"},\"query-input\":{\"@type\":\"PropertyValueSpecification\",\"valueRequired\":true,\"valueName\":\"search_term_string\"}}],\"inLanguage\":\"de\"},{\"@type\":\"Organization\",\"@id\":\"https:\/\/www.bise.ch\/de\/#organization\",\"name\":\"M\u00f6bel Bise | M\u00f6belgesch\u00e4ft | M\u00f6bel | Freiburg | Bulle\",\"alternateName\":\"Georges Bise SA\",\"url\":\"https:\/\/www.bise.ch\/de\/\",\"logo\":{\"@type\":\"ImageObject\",\"inLanguage\":\"de\",\"@id\":\"https:\/\/www.bise.ch\/de\/#\/schema\/logo\/image\/\",\"url\":\"https:\/\/www.bise.ch\/wp-content\/uploads\/LogoBise.png\",\"contentUrl\":\"https:\/\/www.bise.ch\/wp-content\/uploads\/LogoBise.png\",\"width\":4267,\"height\":4267,\"caption\":\"M\u00f6bel Bise | M\u00f6belgesch\u00e4ft | M\u00f6bel | Freiburg | Bulle\"},\"image\":{\"@id\":\"https:\/\/www.bise.ch\/de\/#\/schema\/logo\/image\/\"},\"sameAs\":[\"https:\/\/www.facebook.com\/bisemeubles\/\",\"https:\/\/www.instagram.com\/bisemeubles\/\",\"https:\/\/ch.linkedin.com\/company\/bise-meubles-moebel\"]}]}<\/script>\n<!-- \/ Yoast SEO plugin. -->","yoast_head_json":{"title":"Bise &amp; Sie | M\u00f6bel Bise | M\u00f6belgesch\u00e4ft | M\u00f6bel | Freiburg | Bulle","description":"Entdecken Sie die Vision und Geschichte von Bise M\u00f6bel & M\u00f6bel, einem Unternehmen, das sich der Schaffung von funktionalen und \u00e4sthetischen R\u00e4umen verschrieben hat, in denen der Mensch im Mittelpunkt steht. Erkunden Sie unsere Showrooms in Tafers und Bulle und lernen Sie unser leidenschaftliches Team kennen.","robots":{"index":"index","follow":"follow","max-snippet":"max-snippet:-1","max-image-preview":"max-image-preview:large","max-video-preview":"max-video-preview:-1"},"canonical":"https:\/\/www.bise.ch\/de\/bise-sie\/","og_locale":"de_DE","og_type":"article","og_title":"Bise &amp; Sie | M\u00f6bel Bise | M\u00f6belgesch\u00e4ft | M\u00f6bel | Freiburg | Bulle","og_description":"Entdecken Sie die Vision und Geschichte von Bise M\u00f6bel & M\u00f6bel, einem Unternehmen, das sich der Schaffung von funktionalen und \u00e4sthetischen R\u00e4umen verschrieben hat, in denen der Mensch im Mittelpunkt steht. Erkunden Sie unsere Showrooms in Tafers und Bulle und lernen Sie unser leidenschaftliches Team kennen.","og_url":"https:\/\/www.bise.ch\/de\/bise-sie\/","og_site_name":"M\u00f6bel Bise | M\u00f6belgesch\u00e4ft | M\u00f6bel | Freiburg | Bulle","article_publisher":"https:\/\/www.facebook.com\/bisemeubles\/","article_modified_time":"2025-12-18T13:02:30+00:00","twitter_card":"summary_large_image","twitter_misc":{"Gesch\u00e4tzte Lesezeit":"17\u00a0Minuten"},"schema":{"@context":"https:\/\/schema.org","@graph":[{"@type":"WebPage","@id":"https:\/\/www.bise.ch\/de\/bise-sie\/","url":"https:\/\/www.bise.ch\/de\/bise-sie\/","name":"Bise &amp; Sie | M\u00f6bel Bise | M\u00f6belgesch\u00e4ft | M\u00f6bel | Freiburg | Bulle","isPartOf":{"@id":"https:\/\/www.bise.ch\/de\/#website"},"datePublished":"2022-12-05T22:05:34+00:00","dateModified":"2025-12-18T13:02:30+00:00","description":"Entdecken Sie die Vision und Geschichte von Bise M\u00f6bel & M\u00f6bel, einem Unternehmen, das sich der Schaffung von funktionalen und \u00e4sthetischen R\u00e4umen verschrieben hat, in denen der Mensch im Mittelpunkt steht. Erkunden Sie unsere Showrooms in Tafers und Bulle und lernen Sie unser leidenschaftliches Team kennen.","breadcrumb":{"@id":"https:\/\/www.bise.ch\/de\/bise-sie\/#breadcrumb"},"inLanguage":"de","potentialAction":[{"@type":"ReadAction","target":["https:\/\/www.bise.ch\/de\/bise-sie\/"]}]},{"@type":"BreadcrumbList","@id":"https:\/\/www.bise.ch\/de\/bise-sie\/#breadcrumb","itemListElement":[{"@type":"ListItem","position":1,"name":"Startseite","item":"https:\/\/www.bise.ch\/de\/"},{"@type":"ListItem","position":2,"name":"Bise &amp; Sie"}]},{"@type":"WebSite","@id":"https:\/\/www.bise.ch\/de\/#website","url":"https:\/\/www.bise.ch\/de\/","name":"Meubles Bise | Magasin de meubles | Mobilier | Fribourg | Bulle","description":"Wir erwecken Ihre Ra\u0308ume zum Leben","publisher":{"@id":"https:\/\/www.bise.ch\/de\/#organization"},"alternateName":"Georges Bise SA","potentialAction":[{"@type":"SearchAction","target":{"@type":"EntryPoint","urlTemplate":"https:\/\/www.bise.ch\/de\/?s={search_term_string}"},"query-input":{"@type":"PropertyValueSpecification","valueRequired":true,"valueName":"search_term_string"}}],"inLanguage":"de"},{"@type":"Organization","@id":"https:\/\/www.bise.ch\/de\/#organization","name":"M\u00f6bel Bise | M\u00f6belgesch\u00e4ft | M\u00f6bel | Freiburg | Bulle","alternateName":"Georges Bise SA","url":"https:\/\/www.bise.ch\/de\/","logo":{"@type":"ImageObject","inLanguage":"de","@id":"https:\/\/www.bise.ch\/de\/#\/schema\/logo\/image\/","url":"https:\/\/www.bise.ch\/wp-content\/uploads\/LogoBise.png","contentUrl":"https:\/\/www.bise.ch\/wp-content\/uploads\/LogoBise.png","width":4267,"height":4267,"caption":"M\u00f6bel Bise | M\u00f6belgesch\u00e4ft | M\u00f6bel | Freiburg | Bulle"},"image":{"@id":"https:\/\/www.bise.ch\/de\/#\/schema\/logo\/image\/"},"sameAs":["https:\/\/www.facebook.com\/bisemeubles\/","https:\/\/www.instagram.com\/bisemeubles\/","https:\/\/ch.linkedin.com\/company\/bise-meubles-moebel"]}]}},"_links":{"self":[{"href":"https:\/\/www.bise.ch\/de\/wp-json\/wp\/v2\/pages\/32579","targetHints":{"allow":["GET"]}}],"collection":[{"href":"https:\/\/www.bise.ch\/de\/wp-json\/wp\/v2\/pages"}],"about":[{"href":"https:\/\/www.bise.ch\/de\/wp-json\/wp\/v2\/types\/page"}],"author":[{"embeddable":true,"href":"https:\/\/www.bise.ch\/de\/wp-json\/wp\/v2\/users\/1"}],"replies":[{"embeddable":true,"href":"https:\/\/www.bise.ch\/de\/wp-json\/wp\/v2\/comments?post=32579"}],"version-history":[{"count":61,"href":"https:\/\/www.bise.ch\/de\/wp-json\/wp\/v2\/pages\/32579\/revisions"}],"predecessor-version":[{"id":57589,"href":"https:\/\/www.bise.ch\/de\/wp-json\/wp\/v2\/pages\/32579\/revisions\/57589"}],"wp:attachment":[{"href":"https:\/\/www.bise.ch\/de\/wp-json\/wp\/v2\/media?parent=32579"}],"curies":[{"name":"wp","href":"https:\/\/api.w.org\/{rel}","templated":true}]}}