{"id":54896,"date":"2019-06-05T16:12:09","date_gmt":"2019-06-05T14:12:09","guid":{"rendered":"https:\/\/bise.ch\/produit\/barra\/"},"modified":"2019-06-05T16:12:09","modified_gmt":"2019-06-05T14:12:09","slug":"barra","status":"publish","type":"product","link":"https:\/\/www.bise.ch\/de\/produit\/barra\/","title":{"rendered":"Barra"},"content":{"rendered":"<p>Barra von Girsberger, der Esstisch aus Schweizer Produktion, kombiniert formale Reduktion mit konstruktiver Logik. Die Tischplatte scheint auf einem Mittelholm aus Massivholz zu schweben, der die Platte und die beiden Beinpaare am Ende des Tisches tr\u00e4gt. Dank der schr\u00e4gen Beine ist der Tisch \u00e4u\u00dferst stabil und kann bis zu 400 cm lang sein. Die Breite des Tisches betr\u00e4gt je nach L\u00e4nge zwischen 90 und 115 cm. Die 28 mm dicke Platte aus Massivholz kann wahlweise rechteckig oder oval sein. Alle Holzarten aus dem Girsberger-Sortiment sind erh\u00e4ltlich. Die zwei Paar Stahlbeine sind schwarz pulverbeschichtet.<\/p>\n<p>&nbsp;<\/p>\n<p><em>Auch als Ausziehtisch erh\u00e4ltlich: Ab CHF 6&#8217;859.-.<\/em><\/p>\n","protected":false},"excerpt":{"rendered":"<p>Tisch<\/p>\n","protected":false},"featured_media":40505,"template":"","meta":{"_et_pb_use_builder":"","_et_pb_old_content":"","_et_gb_content_width":""},"product_brand":[4300],"product_cat":[335,339],"product_tag":[],"class_list":{"0":"post-54896","1":"product","2":"type-product","3":"status-publish","4":"has-post-thumbnail","6":"product_brand-girsberger_de","7":"product_cat-esstische","8":"product_cat-konferenztische","9":"pa_designation_de-tisch-de","10":"pa_designation_fr-tisch","12":"first","13":"instock","14":"shipping-taxable","15":"purchasable","16":"product-type-simple"},"yoast_head":"<!-- This site is optimized with the Yoast SEO plugin v27.1.1 - https:\/\/yoast.com\/product\/yoast-seo-wordpress\/ -->\n<title>Barra | M\u00f6bel Bise | M\u00f6belgesch\u00e4ft | M\u00f6bel | Freiburg | Bulle<\/title>\n<meta name=\"robots\" content=\"index, follow, max-snippet:-1, max-image-preview:large, max-video-preview:-1\" \/>\n<link rel=\"canonical\" href=\"https:\/\/www.bise.ch\/de\/produit\/barra\/\" \/>\n<meta property=\"og:locale\" content=\"de_DE\" \/>\n<meta property=\"og:type\" content=\"article\" \/>\n<meta property=\"og:title\" content=\"Barra | M\u00f6bel Bise | M\u00f6belgesch\u00e4ft | M\u00f6bel | Freiburg | Bulle\" \/>\n<meta property=\"og:description\" content=\"Tisch\" \/>\n<meta property=\"og:url\" content=\"https:\/\/www.bise.ch\/de\/produit\/barra\/\" \/>\n<meta property=\"og:site_name\" content=\"M\u00f6bel Bise | M\u00f6belgesch\u00e4ft | M\u00f6bel | Freiburg | Bulle\" \/>\n<meta property=\"article:publisher\" content=\"https:\/\/www.facebook.com\/bisemeubles\/\" \/>\n<meta property=\"og:image\" content=\"https:\/\/www.bise.ch\/wp-content\/uploads\/barra_girsberger_11s.jpg\" \/>\n\t<meta property=\"og:image:width\" content=\"828\" \/>\n\t<meta property=\"og:image:height\" content=\"504\" \/>\n\t<meta property=\"og:image:type\" content=\"image\/jpeg\" \/>\n<meta name=\"twitter:card\" content=\"summary_large_image\" \/>\n<meta name=\"twitter:label1\" content=\"Gesch\u00e4tzte Lesezeit\" \/>\n\t<meta name=\"twitter:data1\" content=\"1\u00a0Minute\" \/>\n<script type=\"application\/ld+json\" class=\"yoast-schema-graph\">{\"@context\":\"https:\/\/schema.org\",\"@graph\":[{\"@type\":\"WebPage\",\"@id\":\"https:\/\/www.bise.ch\/de\/produit\/barra\/\",\"url\":\"https:\/\/www.bise.ch\/de\/produit\/barra\/\",\"name\":\"Barra | M\u00f6bel Bise | M\u00f6belgesch\u00e4ft | M\u00f6bel | Freiburg | Bulle\",\"isPartOf\":{\"@id\":\"https:\/\/www.bise.ch\/de\/#website\"},\"primaryImageOfPage\":{\"@id\":\"https:\/\/www.bise.ch\/de\/produit\/barra\/#primaryimage\"},\"image\":{\"@id\":\"https:\/\/www.bise.ch\/de\/produit\/barra\/#primaryimage\"},\"thumbnailUrl\":\"https:\/\/www.bise.ch\/wp-content\/uploads\/barra_girsberger_11s.jpg\",\"datePublished\":\"2019-06-05T14:12:09+00:00\",\"breadcrumb\":{\"@id\":\"https:\/\/www.bise.ch\/de\/produit\/barra\/#breadcrumb\"},\"inLanguage\":\"de\",\"potentialAction\":[{\"@type\":\"ReadAction\",\"target\":[\"https:\/\/www.bise.ch\/de\/produit\/barra\/\"]}]},{\"@type\":\"ImageObject\",\"inLanguage\":\"de\",\"@id\":\"https:\/\/www.bise.ch\/de\/produit\/barra\/#primaryimage\",\"url\":\"https:\/\/www.bise.ch\/wp-content\/uploads\/barra_girsberger_11s.jpg\",\"contentUrl\":\"https:\/\/www.bise.ch\/wp-content\/uploads\/barra_girsberger_11s.jpg\",\"width\":828,\"height\":504},{\"@type\":\"BreadcrumbList\",\"@id\":\"https:\/\/www.bise.ch\/de\/produit\/barra\/#breadcrumb\",\"itemListElement\":[{\"@type\":\"ListItem\",\"position\":1,\"name\":\"Startseite\",\"item\":\"https:\/\/www.bise.ch\/de\/\"},{\"@type\":\"ListItem\",\"position\":2,\"name\":\"Shop\",\"item\":\"https:\/\/www.bise.ch\/de\/shop\/\"},{\"@type\":\"ListItem\",\"position\":3,\"name\":\"Barra\"}]},{\"@type\":\"WebSite\",\"@id\":\"https:\/\/www.bise.ch\/de\/#website\",\"url\":\"https:\/\/www.bise.ch\/de\/\",\"name\":\"Meubles Bise | Magasin de meubles | Mobilier | Fribourg | Bulle\",\"description\":\"Wir erwecken Ihre Ra\u0308ume zum Leben\",\"publisher\":{\"@id\":\"https:\/\/www.bise.ch\/de\/#organization\"},\"alternateName\":\"Georges Bise SA\",\"potentialAction\":[{\"@type\":\"SearchAction\",\"target\":{\"@type\":\"EntryPoint\",\"urlTemplate\":\"https:\/\/www.bise.ch\/de\/?s={search_term_string}\"},\"query-input\":{\"@type\":\"PropertyValueSpecification\",\"valueRequired\":true,\"valueName\":\"search_term_string\"}}],\"inLanguage\":\"de\"},{\"@type\":\"Organization\",\"@id\":\"https:\/\/www.bise.ch\/de\/#organization\",\"name\":\"M\u00f6bel Bise | M\u00f6belgesch\u00e4ft | M\u00f6bel | Freiburg | Bulle\",\"alternateName\":\"Georges Bise SA\",\"url\":\"https:\/\/www.bise.ch\/de\/\",\"logo\":{\"@type\":\"ImageObject\",\"inLanguage\":\"de\",\"@id\":\"https:\/\/www.bise.ch\/de\/#\/schema\/logo\/image\/\",\"url\":\"https:\/\/www.bise.ch\/wp-content\/uploads\/LogoBise.png\",\"contentUrl\":\"https:\/\/www.bise.ch\/wp-content\/uploads\/LogoBise.png\",\"width\":4267,\"height\":4267,\"caption\":\"M\u00f6bel Bise | M\u00f6belgesch\u00e4ft | M\u00f6bel | Freiburg | Bulle\"},\"image\":{\"@id\":\"https:\/\/www.bise.ch\/de\/#\/schema\/logo\/image\/\"},\"sameAs\":[\"https:\/\/www.facebook.com\/bisemeubles\/\",\"https:\/\/www.instagram.com\/bisemeubles\/\",\"https:\/\/ch.linkedin.com\/company\/bise-meubles-moebel\"]}]}<\/script>\n<!-- \/ Yoast SEO plugin. -->","yoast_head_json":{"title":"Barra | M\u00f6bel Bise | M\u00f6belgesch\u00e4ft | M\u00f6bel | Freiburg | Bulle","robots":{"index":"index","follow":"follow","max-snippet":"max-snippet:-1","max-image-preview":"max-image-preview:large","max-video-preview":"max-video-preview:-1"},"canonical":"https:\/\/www.bise.ch\/de\/produit\/barra\/","og_locale":"de_DE","og_type":"article","og_title":"Barra | M\u00f6bel Bise | M\u00f6belgesch\u00e4ft | M\u00f6bel | Freiburg | Bulle","og_description":"Tisch","og_url":"https:\/\/www.bise.ch\/de\/produit\/barra\/","og_site_name":"M\u00f6bel Bise | M\u00f6belgesch\u00e4ft | M\u00f6bel | Freiburg | Bulle","article_publisher":"https:\/\/www.facebook.com\/bisemeubles\/","og_image":[{"width":828,"height":504,"url":"https:\/\/www.bise.ch\/wp-content\/uploads\/barra_girsberger_11s.jpg","type":"image\/jpeg"}],"twitter_card":"summary_large_image","twitter_misc":{"Gesch\u00e4tzte Lesezeit":"1\u00a0Minute"},"schema":{"@context":"https:\/\/schema.org","@graph":[{"@type":"WebPage","@id":"https:\/\/www.bise.ch\/de\/produit\/barra\/","url":"https:\/\/www.bise.ch\/de\/produit\/barra\/","name":"Barra | M\u00f6bel Bise | M\u00f6belgesch\u00e4ft | M\u00f6bel | Freiburg | Bulle","isPartOf":{"@id":"https:\/\/www.bise.ch\/de\/#website"},"primaryImageOfPage":{"@id":"https:\/\/www.bise.ch\/de\/produit\/barra\/#primaryimage"},"image":{"@id":"https:\/\/www.bise.ch\/de\/produit\/barra\/#primaryimage"},"thumbnailUrl":"https:\/\/www.bise.ch\/wp-content\/uploads\/barra_girsberger_11s.jpg","datePublished":"2019-06-05T14:12:09+00:00","breadcrumb":{"@id":"https:\/\/www.bise.ch\/de\/produit\/barra\/#breadcrumb"},"inLanguage":"de","potentialAction":[{"@type":"ReadAction","target":["https:\/\/www.bise.ch\/de\/produit\/barra\/"]}]},{"@type":"ImageObject","inLanguage":"de","@id":"https:\/\/www.bise.ch\/de\/produit\/barra\/#primaryimage","url":"https:\/\/www.bise.ch\/wp-content\/uploads\/barra_girsberger_11s.jpg","contentUrl":"https:\/\/www.bise.ch\/wp-content\/uploads\/barra_girsberger_11s.jpg","width":828,"height":504},{"@type":"BreadcrumbList","@id":"https:\/\/www.bise.ch\/de\/produit\/barra\/#breadcrumb","itemListElement":[{"@type":"ListItem","position":1,"name":"Startseite","item":"https:\/\/www.bise.ch\/de\/"},{"@type":"ListItem","position":2,"name":"Shop","item":"https:\/\/www.bise.ch\/de\/shop\/"},{"@type":"ListItem","position":3,"name":"Barra"}]},{"@type":"WebSite","@id":"https:\/\/www.bise.ch\/de\/#website","url":"https:\/\/www.bise.ch\/de\/","name":"Meubles Bise | Magasin de meubles | Mobilier | Fribourg | Bulle","description":"Wir erwecken Ihre Ra\u0308ume zum Leben","publisher":{"@id":"https:\/\/www.bise.ch\/de\/#organization"},"alternateName":"Georges Bise SA","potentialAction":[{"@type":"SearchAction","target":{"@type":"EntryPoint","urlTemplate":"https:\/\/www.bise.ch\/de\/?s={search_term_string}"},"query-input":{"@type":"PropertyValueSpecification","valueRequired":true,"valueName":"search_term_string"}}],"inLanguage":"de"},{"@type":"Organization","@id":"https:\/\/www.bise.ch\/de\/#organization","name":"M\u00f6bel Bise | M\u00f6belgesch\u00e4ft | M\u00f6bel | Freiburg | Bulle","alternateName":"Georges Bise SA","url":"https:\/\/www.bise.ch\/de\/","logo":{"@type":"ImageObject","inLanguage":"de","@id":"https:\/\/www.bise.ch\/de\/#\/schema\/logo\/image\/","url":"https:\/\/www.bise.ch\/wp-content\/uploads\/LogoBise.png","contentUrl":"https:\/\/www.bise.ch\/wp-content\/uploads\/LogoBise.png","width":4267,"height":4267,"caption":"M\u00f6bel Bise | M\u00f6belgesch\u00e4ft | M\u00f6bel | Freiburg | Bulle"},"image":{"@id":"https:\/\/www.bise.ch\/de\/#\/schema\/logo\/image\/"},"sameAs":["https:\/\/www.facebook.com\/bisemeubles\/","https:\/\/www.instagram.com\/bisemeubles\/","https:\/\/ch.linkedin.com\/company\/bise-meubles-moebel"]}]}},"_links":{"self":[{"href":"https:\/\/www.bise.ch\/de\/wp-json\/wp\/v2\/product\/54896","targetHints":{"allow":["GET"]}}],"collection":[{"href":"https:\/\/www.bise.ch\/de\/wp-json\/wp\/v2\/product"}],"about":[{"href":"https:\/\/www.bise.ch\/de\/wp-json\/wp\/v2\/types\/product"}],"wp:featuredmedia":[{"embeddable":true,"href":"https:\/\/www.bise.ch\/de\/wp-json\/wp\/v2\/media\/40505"}],"wp:attachment":[{"href":"https:\/\/www.bise.ch\/de\/wp-json\/wp\/v2\/media?parent=54896"}],"wp:term":[{"taxonomy":"product_brand","embeddable":true,"href":"https:\/\/www.bise.ch\/de\/wp-json\/wp\/v2\/product_brand?post=54896"},{"taxonomy":"product_cat","embeddable":true,"href":"https:\/\/www.bise.ch\/de\/wp-json\/wp\/v2\/product_cat?post=54896"},{"taxonomy":"product_tag","embeddable":true,"href":"https:\/\/www.bise.ch\/de\/wp-json\/wp\/v2\/product_tag?post=54896"}],"curies":[{"name":"wp","href":"https:\/\/api.w.org\/{rel}","templated":true}]}}