{"id":55530,"date":"2019-05-24T08:25:23","date_gmt":"2019-05-24T06:25:23","guid":{"rendered":"https:\/\/bise.ch\/produit\/alize-2\/"},"modified":"2024-09-10T22:27:59","modified_gmt":"2024-09-10T20:27:59","slug":"alize-2","status":"publish","type":"product","link":"https:\/\/www.bise.ch\/de\/produit\/alize-2\/","title":{"rendered":"Aliz\u00e9"},"content":{"rendered":"<p>Dieser Couchtisch aus Metall passt perfekt zur Kollektion Aliz\u00e9 und ihren Design-Sonnenliegen. Sie erm\u00f6glicht eine Erinnerung an ihre Aluminiumstruktur. Dieses ultraleichte und ultrapraktische M\u00f6belst\u00fcck f\u00fcr den Au\u00dfenbereich kann leicht verschoben werden, um es an alle Bed\u00fcrfnisse und Situationen anzupassen. Er genie\u00dft einen sehr hohen Schutz, der den Anforderungen eines Lebens im Freien gerecht wird. Dieser zeitgen\u00f6ssische Couchtisch ist ideal f\u00fcr ein Buch, einen frischen Fruchtsaft oder Ihre Sonnenbrille w\u00e4hrend einer sonnigen Pause. Mit den vielen verf\u00fcgbaren Farben k\u00f6nnen Sie Ihrem Au\u00dfenbereich (oder Innenbereich!) einen Hauch von Glanz verleihen. Ein Gartentisch aus Metall f\u00fcr jeden Stil!<\/p>\n","protected":false},"excerpt":{"rendered":"<p>Niedriger Tisch<\/p>\n","protected":false},"featured_media":39167,"template":"","meta":{"_et_pb_use_builder":"","_et_pb_old_content":"","_et_gb_content_width":""},"product_brand":[4294],"product_cat":[337],"product_tag":[],"class_list":{"0":"post-55530","1":"product","2":"type-product","3":"status-publish","4":"has-post-thumbnail","6":"product_brand-fermob_de","7":"product_cat-gartencouchtische","8":"pa_designation_de-besistelltisch-de","9":"pa_designation_fr-niedriger-tisch","11":"first","12":"instock","13":"shipping-taxable","14":"purchasable","15":"product-type-simple"},"yoast_head":"<!-- This site is optimized with the Yoast SEO plugin v27.1.1 - https:\/\/yoast.com\/product\/yoast-seo-wordpress\/ -->\n<title>Aliz\u00e9 | M\u00f6bel Bise | M\u00f6belgesch\u00e4ft | M\u00f6bel | Freiburg | Bulle<\/title>\n<meta name=\"robots\" content=\"index, follow, max-snippet:-1, max-image-preview:large, max-video-preview:-1\" \/>\n<link rel=\"canonical\" href=\"https:\/\/www.bise.ch\/de\/produit\/alize-2\/\" \/>\n<meta property=\"og:locale\" content=\"de_DE\" \/>\n<meta property=\"og:type\" content=\"article\" \/>\n<meta property=\"og:title\" content=\"Aliz\u00e9 | M\u00f6bel Bise | M\u00f6belgesch\u00e4ft | M\u00f6bel | Freiburg | Bulle\" \/>\n<meta property=\"og:description\" content=\"Niedriger Tisch\" \/>\n<meta property=\"og:url\" content=\"https:\/\/www.bise.ch\/de\/produit\/alize-2\/\" \/>\n<meta property=\"og:site_name\" content=\"M\u00f6bel Bise | M\u00f6belgesch\u00e4ft | M\u00f6bel | Freiburg | Bulle\" \/>\n<meta property=\"article:publisher\" content=\"https:\/\/www.facebook.com\/bisemeubles\/\" \/>\n<meta property=\"article:modified_time\" content=\"2024-09-10T20:27:59+00:00\" \/>\n<meta property=\"og:image\" content=\"https:\/\/www.bise.ch\/wp-content\/uploads\/alize_table-basse_turquoise.png\" \/>\n\t<meta property=\"og:image:width\" content=\"1920\" \/>\n\t<meta property=\"og:image:height\" content=\"1080\" \/>\n\t<meta property=\"og:image:type\" content=\"image\/png\" \/>\n<meta name=\"twitter:card\" content=\"summary_large_image\" \/>\n<meta name=\"twitter:label1\" content=\"Gesch\u00e4tzte Lesezeit\" \/>\n\t<meta name=\"twitter:data1\" content=\"1\u00a0Minute\" \/>\n<script type=\"application\/ld+json\" class=\"yoast-schema-graph\">{\"@context\":\"https:\/\/schema.org\",\"@graph\":[{\"@type\":\"WebPage\",\"@id\":\"https:\/\/www.bise.ch\/de\/produit\/alize-2\/\",\"url\":\"https:\/\/www.bise.ch\/de\/produit\/alize-2\/\",\"name\":\"Aliz\u00e9 | M\u00f6bel Bise | M\u00f6belgesch\u00e4ft | M\u00f6bel | Freiburg | Bulle\",\"isPartOf\":{\"@id\":\"https:\/\/www.bise.ch\/de\/#website\"},\"primaryImageOfPage\":{\"@id\":\"https:\/\/www.bise.ch\/de\/produit\/alize-2\/#primaryimage\"},\"image\":{\"@id\":\"https:\/\/www.bise.ch\/de\/produit\/alize-2\/#primaryimage\"},\"thumbnailUrl\":\"https:\/\/www.bise.ch\/wp-content\/uploads\/alize_table-basse_turquoise.png\",\"datePublished\":\"2019-05-24T06:25:23+00:00\",\"dateModified\":\"2024-09-10T20:27:59+00:00\",\"breadcrumb\":{\"@id\":\"https:\/\/www.bise.ch\/de\/produit\/alize-2\/#breadcrumb\"},\"inLanguage\":\"de\",\"potentialAction\":[{\"@type\":\"ReadAction\",\"target\":[\"https:\/\/www.bise.ch\/de\/produit\/alize-2\/\"]}]},{\"@type\":\"ImageObject\",\"inLanguage\":\"de\",\"@id\":\"https:\/\/www.bise.ch\/de\/produit\/alize-2\/#primaryimage\",\"url\":\"https:\/\/www.bise.ch\/wp-content\/uploads\/alize_table-basse_turquoise.png\",\"contentUrl\":\"https:\/\/www.bise.ch\/wp-content\/uploads\/alize_table-basse_turquoise.png\",\"width\":1920,\"height\":1080},{\"@type\":\"BreadcrumbList\",\"@id\":\"https:\/\/www.bise.ch\/de\/produit\/alize-2\/#breadcrumb\",\"itemListElement\":[{\"@type\":\"ListItem\",\"position\":1,\"name\":\"Startseite\",\"item\":\"https:\/\/www.bise.ch\/de\/\"},{\"@type\":\"ListItem\",\"position\":2,\"name\":\"Shop\",\"item\":\"https:\/\/www.bise.ch\/de\/shop\/\"},{\"@type\":\"ListItem\",\"position\":3,\"name\":\"Aliz\u00e9\"}]},{\"@type\":\"WebSite\",\"@id\":\"https:\/\/www.bise.ch\/de\/#website\",\"url\":\"https:\/\/www.bise.ch\/de\/\",\"name\":\"Meubles Bise | Magasin de meubles | Mobilier | Fribourg | Bulle\",\"description\":\"Wir erwecken Ihre Ra\u0308ume zum Leben\",\"publisher\":{\"@id\":\"https:\/\/www.bise.ch\/de\/#organization\"},\"alternateName\":\"Georges Bise SA\",\"potentialAction\":[{\"@type\":\"SearchAction\",\"target\":{\"@type\":\"EntryPoint\",\"urlTemplate\":\"https:\/\/www.bise.ch\/de\/?s={search_term_string}\"},\"query-input\":{\"@type\":\"PropertyValueSpecification\",\"valueRequired\":true,\"valueName\":\"search_term_string\"}}],\"inLanguage\":\"de\"},{\"@type\":\"Organization\",\"@id\":\"https:\/\/www.bise.ch\/de\/#organization\",\"name\":\"M\u00f6bel Bise | M\u00f6belgesch\u00e4ft | M\u00f6bel | Freiburg | Bulle\",\"alternateName\":\"Georges Bise SA\",\"url\":\"https:\/\/www.bise.ch\/de\/\",\"logo\":{\"@type\":\"ImageObject\",\"inLanguage\":\"de\",\"@id\":\"https:\/\/www.bise.ch\/de\/#\/schema\/logo\/image\/\",\"url\":\"https:\/\/www.bise.ch\/wp-content\/uploads\/LogoBise.png\",\"contentUrl\":\"https:\/\/www.bise.ch\/wp-content\/uploads\/LogoBise.png\",\"width\":4267,\"height\":4267,\"caption\":\"M\u00f6bel Bise | M\u00f6belgesch\u00e4ft | M\u00f6bel | Freiburg | Bulle\"},\"image\":{\"@id\":\"https:\/\/www.bise.ch\/de\/#\/schema\/logo\/image\/\"},\"sameAs\":[\"https:\/\/www.facebook.com\/bisemeubles\/\",\"https:\/\/www.instagram.com\/bisemeubles\/\",\"https:\/\/ch.linkedin.com\/company\/bise-meubles-moebel\"]}]}<\/script>\n<!-- \/ Yoast SEO plugin. -->","yoast_head_json":{"title":"Aliz\u00e9 | M\u00f6bel Bise | M\u00f6belgesch\u00e4ft | M\u00f6bel | Freiburg | Bulle","robots":{"index":"index","follow":"follow","max-snippet":"max-snippet:-1","max-image-preview":"max-image-preview:large","max-video-preview":"max-video-preview:-1"},"canonical":"https:\/\/www.bise.ch\/de\/produit\/alize-2\/","og_locale":"de_DE","og_type":"article","og_title":"Aliz\u00e9 | M\u00f6bel Bise | M\u00f6belgesch\u00e4ft | M\u00f6bel | Freiburg | Bulle","og_description":"Niedriger Tisch","og_url":"https:\/\/www.bise.ch\/de\/produit\/alize-2\/","og_site_name":"M\u00f6bel Bise | M\u00f6belgesch\u00e4ft | M\u00f6bel | Freiburg | Bulle","article_publisher":"https:\/\/www.facebook.com\/bisemeubles\/","article_modified_time":"2024-09-10T20:27:59+00:00","og_image":[{"width":1920,"height":1080,"url":"https:\/\/www.bise.ch\/wp-content\/uploads\/alize_table-basse_turquoise.png","type":"image\/png"}],"twitter_card":"summary_large_image","twitter_misc":{"Gesch\u00e4tzte Lesezeit":"1\u00a0Minute"},"schema":{"@context":"https:\/\/schema.org","@graph":[{"@type":"WebPage","@id":"https:\/\/www.bise.ch\/de\/produit\/alize-2\/","url":"https:\/\/www.bise.ch\/de\/produit\/alize-2\/","name":"Aliz\u00e9 | M\u00f6bel Bise | M\u00f6belgesch\u00e4ft | M\u00f6bel | Freiburg | Bulle","isPartOf":{"@id":"https:\/\/www.bise.ch\/de\/#website"},"primaryImageOfPage":{"@id":"https:\/\/www.bise.ch\/de\/produit\/alize-2\/#primaryimage"},"image":{"@id":"https:\/\/www.bise.ch\/de\/produit\/alize-2\/#primaryimage"},"thumbnailUrl":"https:\/\/www.bise.ch\/wp-content\/uploads\/alize_table-basse_turquoise.png","datePublished":"2019-05-24T06:25:23+00:00","dateModified":"2024-09-10T20:27:59+00:00","breadcrumb":{"@id":"https:\/\/www.bise.ch\/de\/produit\/alize-2\/#breadcrumb"},"inLanguage":"de","potentialAction":[{"@type":"ReadAction","target":["https:\/\/www.bise.ch\/de\/produit\/alize-2\/"]}]},{"@type":"ImageObject","inLanguage":"de","@id":"https:\/\/www.bise.ch\/de\/produit\/alize-2\/#primaryimage","url":"https:\/\/www.bise.ch\/wp-content\/uploads\/alize_table-basse_turquoise.png","contentUrl":"https:\/\/www.bise.ch\/wp-content\/uploads\/alize_table-basse_turquoise.png","width":1920,"height":1080},{"@type":"BreadcrumbList","@id":"https:\/\/www.bise.ch\/de\/produit\/alize-2\/#breadcrumb","itemListElement":[{"@type":"ListItem","position":1,"name":"Startseite","item":"https:\/\/www.bise.ch\/de\/"},{"@type":"ListItem","position":2,"name":"Shop","item":"https:\/\/www.bise.ch\/de\/shop\/"},{"@type":"ListItem","position":3,"name":"Aliz\u00e9"}]},{"@type":"WebSite","@id":"https:\/\/www.bise.ch\/de\/#website","url":"https:\/\/www.bise.ch\/de\/","name":"Meubles Bise | Magasin de meubles | Mobilier | Fribourg | Bulle","description":"Wir erwecken Ihre Ra\u0308ume zum Leben","publisher":{"@id":"https:\/\/www.bise.ch\/de\/#organization"},"alternateName":"Georges Bise SA","potentialAction":[{"@type":"SearchAction","target":{"@type":"EntryPoint","urlTemplate":"https:\/\/www.bise.ch\/de\/?s={search_term_string}"},"query-input":{"@type":"PropertyValueSpecification","valueRequired":true,"valueName":"search_term_string"}}],"inLanguage":"de"},{"@type":"Organization","@id":"https:\/\/www.bise.ch\/de\/#organization","name":"M\u00f6bel Bise | M\u00f6belgesch\u00e4ft | M\u00f6bel | Freiburg | Bulle","alternateName":"Georges Bise SA","url":"https:\/\/www.bise.ch\/de\/","logo":{"@type":"ImageObject","inLanguage":"de","@id":"https:\/\/www.bise.ch\/de\/#\/schema\/logo\/image\/","url":"https:\/\/www.bise.ch\/wp-content\/uploads\/LogoBise.png","contentUrl":"https:\/\/www.bise.ch\/wp-content\/uploads\/LogoBise.png","width":4267,"height":4267,"caption":"M\u00f6bel Bise | M\u00f6belgesch\u00e4ft | M\u00f6bel | Freiburg | Bulle"},"image":{"@id":"https:\/\/www.bise.ch\/de\/#\/schema\/logo\/image\/"},"sameAs":["https:\/\/www.facebook.com\/bisemeubles\/","https:\/\/www.instagram.com\/bisemeubles\/","https:\/\/ch.linkedin.com\/company\/bise-meubles-moebel"]}]}},"_links":{"self":[{"href":"https:\/\/www.bise.ch\/de\/wp-json\/wp\/v2\/product\/55530","targetHints":{"allow":["GET"]}}],"collection":[{"href":"https:\/\/www.bise.ch\/de\/wp-json\/wp\/v2\/product"}],"about":[{"href":"https:\/\/www.bise.ch\/de\/wp-json\/wp\/v2\/types\/product"}],"wp:featuredmedia":[{"embeddable":true,"href":"https:\/\/www.bise.ch\/de\/wp-json\/wp\/v2\/media\/39167"}],"wp:attachment":[{"href":"https:\/\/www.bise.ch\/de\/wp-json\/wp\/v2\/media?parent=55530"}],"wp:term":[{"taxonomy":"product_brand","embeddable":true,"href":"https:\/\/www.bise.ch\/de\/wp-json\/wp\/v2\/product_brand?post=55530"},{"taxonomy":"product_cat","embeddable":true,"href":"https:\/\/www.bise.ch\/de\/wp-json\/wp\/v2\/product_cat?post=55530"},{"taxonomy":"product_tag","embeddable":true,"href":"https:\/\/www.bise.ch\/de\/wp-json\/wp\/v2\/product_tag?post=55530"}],"curies":[{"name":"wp","href":"https:\/\/api.w.org\/{rel}","templated":true}]}}