{"id":55540,"date":"2019-05-21T16:01:42","date_gmt":"2019-05-21T14:01:42","guid":{"rendered":"https:\/\/bise.ch\/produit\/bellevie-7\/"},"modified":"2024-09-10T23:13:30","modified_gmt":"2024-09-10T21:13:30","slug":"bellevie-7","status":"publish","type":"product","link":"https:\/\/www.bise.ch\/de\/produit\/bellevie-7\/","title":{"rendered":"Bellevie"},"content":{"rendered":"<p>Der hohe Hocker Bellevie passt an die Poolbar oder in die Sommerk\u00fcche. Dank seiner Aluminiumkonstruktion ist er sehr leicht (nur 7 kg), so dass er problemlos auf der Terrasse oder im Haus hin und her bewegt werden kann&#8230; bevor er f\u00fcr einen Aperitif aufgestellt wird. Ohne R\u00fcckenlehne passt er unter die Bar oder den Stehtisch, ohne diese zu blockieren. Dieser Metallhocker ist einerseits bequem dank der breiten Sitzfl\u00e4che und der Fu\u00dfst\u00fctze und andererseits sehr stabil dank der Kufenbeine. Das Material ist sehr wetterbest\u00e4ndig. Seine runden, grafischen Linien passen zu einem ausgesprochen zeitgen\u00f6ssischen Rahmen und erg\u00e4nzen die Kollektion Bellevie auf harmonische Weise.<\/p>\n","protected":false},"excerpt":{"rendered":"<p>Barhocker<\/p>\n","protected":false},"featured_media":38670,"template":"","meta":{"_et_pb_use_builder":"","_et_pb_old_content":"","_et_gb_content_width":""},"product_brand":[4294],"product_cat":[3914,3902],"product_tag":[],"class_list":{"0":"post-55540","1":"product","2":"type-product","3":"status-publish","4":"has-post-thumbnail","6":"product_brand-fermob_de","7":"product_cat-barhocker_terrassen_projekt","8":"product_cat-gartenbarhocker","9":"pa_designation_de-barhocker-de","10":"pa_designation_fr-barhocker","12":"first","13":"instock","14":"shipping-taxable","15":"purchasable","16":"product-type-simple"},"yoast_head":"<!-- This site is optimized with the Yoast SEO plugin v27.1.1 - https:\/\/yoast.com\/product\/yoast-seo-wordpress\/ -->\n<title>Bellevie | M\u00f6bel Bise | M\u00f6belgesch\u00e4ft | M\u00f6bel | Freiburg | Bulle<\/title>\n<meta name=\"robots\" content=\"index, follow, max-snippet:-1, max-image-preview:large, max-video-preview:-1\" \/>\n<link rel=\"canonical\" href=\"https:\/\/www.bise.ch\/de\/produit\/bellevie-7\/\" \/>\n<meta property=\"og:locale\" content=\"de_DE\" \/>\n<meta property=\"og:type\" content=\"article\" \/>\n<meta property=\"og:title\" content=\"Bellevie | M\u00f6bel Bise | M\u00f6belgesch\u00e4ft | M\u00f6bel | Freiburg | Bulle\" \/>\n<meta property=\"og:description\" content=\"Barhocker\" \/>\n<meta property=\"og:url\" content=\"https:\/\/www.bise.ch\/de\/produit\/bellevie-7\/\" \/>\n<meta property=\"og:site_name\" content=\"M\u00f6bel Bise | M\u00f6belgesch\u00e4ft | M\u00f6bel | Freiburg | Bulle\" \/>\n<meta property=\"article:publisher\" content=\"https:\/\/www.facebook.com\/bisemeubles\/\" \/>\n<meta property=\"article:modified_time\" content=\"2024-09-10T21:13:30+00:00\" \/>\n<meta property=\"og:image\" content=\"https:\/\/www.bise.ch\/wp-content\/uploads\/bellevie_tabouret_claire_curt_pour_fermob.jpg\" \/>\n\t<meta property=\"og:image:width\" content=\"1920\" \/>\n\t<meta property=\"og:image:height\" content=\"1080\" \/>\n\t<meta property=\"og:image:type\" content=\"image\/jpeg\" \/>\n<meta name=\"twitter:card\" content=\"summary_large_image\" \/>\n<meta name=\"twitter:label1\" content=\"Gesch\u00e4tzte Lesezeit\" \/>\n\t<meta name=\"twitter:data1\" content=\"1\u00a0Minute\" \/>\n<script type=\"application\/ld+json\" class=\"yoast-schema-graph\">{\"@context\":\"https:\/\/schema.org\",\"@graph\":[{\"@type\":\"WebPage\",\"@id\":\"https:\/\/www.bise.ch\/de\/produit\/bellevie-7\/\",\"url\":\"https:\/\/www.bise.ch\/de\/produit\/bellevie-7\/\",\"name\":\"Bellevie | M\u00f6bel Bise | M\u00f6belgesch\u00e4ft | M\u00f6bel | Freiburg | Bulle\",\"isPartOf\":{\"@id\":\"https:\/\/www.bise.ch\/de\/#website\"},\"primaryImageOfPage\":{\"@id\":\"https:\/\/www.bise.ch\/de\/produit\/bellevie-7\/#primaryimage\"},\"image\":{\"@id\":\"https:\/\/www.bise.ch\/de\/produit\/bellevie-7\/#primaryimage\"},\"thumbnailUrl\":\"https:\/\/www.bise.ch\/wp-content\/uploads\/bellevie_tabouret_claire_curt_pour_fermob.jpg\",\"datePublished\":\"2019-05-21T14:01:42+00:00\",\"dateModified\":\"2024-09-10T21:13:30+00:00\",\"breadcrumb\":{\"@id\":\"https:\/\/www.bise.ch\/de\/produit\/bellevie-7\/#breadcrumb\"},\"inLanguage\":\"de\",\"potentialAction\":[{\"@type\":\"ReadAction\",\"target\":[\"https:\/\/www.bise.ch\/de\/produit\/bellevie-7\/\"]}]},{\"@type\":\"ImageObject\",\"inLanguage\":\"de\",\"@id\":\"https:\/\/www.bise.ch\/de\/produit\/bellevie-7\/#primaryimage\",\"url\":\"https:\/\/www.bise.ch\/wp-content\/uploads\/bellevie_tabouret_claire_curt_pour_fermob.jpg\",\"contentUrl\":\"https:\/\/www.bise.ch\/wp-content\/uploads\/bellevie_tabouret_claire_curt_pour_fermob.jpg\",\"width\":1920,\"height\":1080},{\"@type\":\"BreadcrumbList\",\"@id\":\"https:\/\/www.bise.ch\/de\/produit\/bellevie-7\/#breadcrumb\",\"itemListElement\":[{\"@type\":\"ListItem\",\"position\":1,\"name\":\"Startseite\",\"item\":\"https:\/\/www.bise.ch\/de\/\"},{\"@type\":\"ListItem\",\"position\":2,\"name\":\"Shop\",\"item\":\"https:\/\/www.bise.ch\/de\/shop\/\"},{\"@type\":\"ListItem\",\"position\":3,\"name\":\"Bellevie\"}]},{\"@type\":\"WebSite\",\"@id\":\"https:\/\/www.bise.ch\/de\/#website\",\"url\":\"https:\/\/www.bise.ch\/de\/\",\"name\":\"Meubles Bise | Magasin de meubles | Mobilier | Fribourg | Bulle\",\"description\":\"Wir erwecken Ihre Ra\u0308ume zum Leben\",\"publisher\":{\"@id\":\"https:\/\/www.bise.ch\/de\/#organization\"},\"alternateName\":\"Georges Bise SA\",\"potentialAction\":[{\"@type\":\"SearchAction\",\"target\":{\"@type\":\"EntryPoint\",\"urlTemplate\":\"https:\/\/www.bise.ch\/de\/?s={search_term_string}\"},\"query-input\":{\"@type\":\"PropertyValueSpecification\",\"valueRequired\":true,\"valueName\":\"search_term_string\"}}],\"inLanguage\":\"de\"},{\"@type\":\"Organization\",\"@id\":\"https:\/\/www.bise.ch\/de\/#organization\",\"name\":\"M\u00f6bel Bise | M\u00f6belgesch\u00e4ft | M\u00f6bel | Freiburg | Bulle\",\"alternateName\":\"Georges Bise SA\",\"url\":\"https:\/\/www.bise.ch\/de\/\",\"logo\":{\"@type\":\"ImageObject\",\"inLanguage\":\"de\",\"@id\":\"https:\/\/www.bise.ch\/de\/#\/schema\/logo\/image\/\",\"url\":\"https:\/\/www.bise.ch\/wp-content\/uploads\/LogoBise.png\",\"contentUrl\":\"https:\/\/www.bise.ch\/wp-content\/uploads\/LogoBise.png\",\"width\":4267,\"height\":4267,\"caption\":\"M\u00f6bel Bise | M\u00f6belgesch\u00e4ft | M\u00f6bel | Freiburg | Bulle\"},\"image\":{\"@id\":\"https:\/\/www.bise.ch\/de\/#\/schema\/logo\/image\/\"},\"sameAs\":[\"https:\/\/www.facebook.com\/bisemeubles\/\",\"https:\/\/www.instagram.com\/bisemeubles\/\",\"https:\/\/ch.linkedin.com\/company\/bise-meubles-moebel\"]}]}<\/script>\n<!-- \/ Yoast SEO plugin. -->","yoast_head_json":{"title":"Bellevie | M\u00f6bel Bise | M\u00f6belgesch\u00e4ft | M\u00f6bel | Freiburg | Bulle","robots":{"index":"index","follow":"follow","max-snippet":"max-snippet:-1","max-image-preview":"max-image-preview:large","max-video-preview":"max-video-preview:-1"},"canonical":"https:\/\/www.bise.ch\/de\/produit\/bellevie-7\/","og_locale":"de_DE","og_type":"article","og_title":"Bellevie | M\u00f6bel Bise | M\u00f6belgesch\u00e4ft | M\u00f6bel | Freiburg | Bulle","og_description":"Barhocker","og_url":"https:\/\/www.bise.ch\/de\/produit\/bellevie-7\/","og_site_name":"M\u00f6bel Bise | M\u00f6belgesch\u00e4ft | M\u00f6bel | Freiburg | Bulle","article_publisher":"https:\/\/www.facebook.com\/bisemeubles\/","article_modified_time":"2024-09-10T21:13:30+00:00","og_image":[{"width":1920,"height":1080,"url":"https:\/\/www.bise.ch\/wp-content\/uploads\/bellevie_tabouret_claire_curt_pour_fermob.jpg","type":"image\/jpeg"}],"twitter_card":"summary_large_image","twitter_misc":{"Gesch\u00e4tzte Lesezeit":"1\u00a0Minute"},"schema":{"@context":"https:\/\/schema.org","@graph":[{"@type":"WebPage","@id":"https:\/\/www.bise.ch\/de\/produit\/bellevie-7\/","url":"https:\/\/www.bise.ch\/de\/produit\/bellevie-7\/","name":"Bellevie | M\u00f6bel Bise | M\u00f6belgesch\u00e4ft | M\u00f6bel | Freiburg | Bulle","isPartOf":{"@id":"https:\/\/www.bise.ch\/de\/#website"},"primaryImageOfPage":{"@id":"https:\/\/www.bise.ch\/de\/produit\/bellevie-7\/#primaryimage"},"image":{"@id":"https:\/\/www.bise.ch\/de\/produit\/bellevie-7\/#primaryimage"},"thumbnailUrl":"https:\/\/www.bise.ch\/wp-content\/uploads\/bellevie_tabouret_claire_curt_pour_fermob.jpg","datePublished":"2019-05-21T14:01:42+00:00","dateModified":"2024-09-10T21:13:30+00:00","breadcrumb":{"@id":"https:\/\/www.bise.ch\/de\/produit\/bellevie-7\/#breadcrumb"},"inLanguage":"de","potentialAction":[{"@type":"ReadAction","target":["https:\/\/www.bise.ch\/de\/produit\/bellevie-7\/"]}]},{"@type":"ImageObject","inLanguage":"de","@id":"https:\/\/www.bise.ch\/de\/produit\/bellevie-7\/#primaryimage","url":"https:\/\/www.bise.ch\/wp-content\/uploads\/bellevie_tabouret_claire_curt_pour_fermob.jpg","contentUrl":"https:\/\/www.bise.ch\/wp-content\/uploads\/bellevie_tabouret_claire_curt_pour_fermob.jpg","width":1920,"height":1080},{"@type":"BreadcrumbList","@id":"https:\/\/www.bise.ch\/de\/produit\/bellevie-7\/#breadcrumb","itemListElement":[{"@type":"ListItem","position":1,"name":"Startseite","item":"https:\/\/www.bise.ch\/de\/"},{"@type":"ListItem","position":2,"name":"Shop","item":"https:\/\/www.bise.ch\/de\/shop\/"},{"@type":"ListItem","position":3,"name":"Bellevie"}]},{"@type":"WebSite","@id":"https:\/\/www.bise.ch\/de\/#website","url":"https:\/\/www.bise.ch\/de\/","name":"Meubles Bise | Magasin de meubles | Mobilier | Fribourg | Bulle","description":"Wir erwecken Ihre Ra\u0308ume zum Leben","publisher":{"@id":"https:\/\/www.bise.ch\/de\/#organization"},"alternateName":"Georges Bise SA","potentialAction":[{"@type":"SearchAction","target":{"@type":"EntryPoint","urlTemplate":"https:\/\/www.bise.ch\/de\/?s={search_term_string}"},"query-input":{"@type":"PropertyValueSpecification","valueRequired":true,"valueName":"search_term_string"}}],"inLanguage":"de"},{"@type":"Organization","@id":"https:\/\/www.bise.ch\/de\/#organization","name":"M\u00f6bel Bise | M\u00f6belgesch\u00e4ft | M\u00f6bel | Freiburg | Bulle","alternateName":"Georges Bise SA","url":"https:\/\/www.bise.ch\/de\/","logo":{"@type":"ImageObject","inLanguage":"de","@id":"https:\/\/www.bise.ch\/de\/#\/schema\/logo\/image\/","url":"https:\/\/www.bise.ch\/wp-content\/uploads\/LogoBise.png","contentUrl":"https:\/\/www.bise.ch\/wp-content\/uploads\/LogoBise.png","width":4267,"height":4267,"caption":"M\u00f6bel Bise | M\u00f6belgesch\u00e4ft | M\u00f6bel | Freiburg | Bulle"},"image":{"@id":"https:\/\/www.bise.ch\/de\/#\/schema\/logo\/image\/"},"sameAs":["https:\/\/www.facebook.com\/bisemeubles\/","https:\/\/www.instagram.com\/bisemeubles\/","https:\/\/ch.linkedin.com\/company\/bise-meubles-moebel"]}]}},"_links":{"self":[{"href":"https:\/\/www.bise.ch\/de\/wp-json\/wp\/v2\/product\/55540","targetHints":{"allow":["GET"]}}],"collection":[{"href":"https:\/\/www.bise.ch\/de\/wp-json\/wp\/v2\/product"}],"about":[{"href":"https:\/\/www.bise.ch\/de\/wp-json\/wp\/v2\/types\/product"}],"wp:featuredmedia":[{"embeddable":true,"href":"https:\/\/www.bise.ch\/de\/wp-json\/wp\/v2\/media\/38670"}],"wp:attachment":[{"href":"https:\/\/www.bise.ch\/de\/wp-json\/wp\/v2\/media?parent=55540"}],"wp:term":[{"taxonomy":"product_brand","embeddable":true,"href":"https:\/\/www.bise.ch\/de\/wp-json\/wp\/v2\/product_brand?post=55540"},{"taxonomy":"product_cat","embeddable":true,"href":"https:\/\/www.bise.ch\/de\/wp-json\/wp\/v2\/product_cat?post=55540"},{"taxonomy":"product_tag","embeddable":true,"href":"https:\/\/www.bise.ch\/de\/wp-json\/wp\/v2\/product_tag?post=55540"}],"curies":[{"name":"wp","href":"https:\/\/api.w.org\/{rel}","templated":true}]}}