{"id":55939,"date":"2022-08-09T14:44:30","date_gmt":"2022-08-09T12:44:30","guid":{"rendered":"https:\/\/bise.ch\/produit\/varya-tapiz\/"},"modified":"2022-08-09T14:44:30","modified_gmt":"2022-08-09T12:44:30","slug":"varya-tapiz","status":"publish","type":"product","link":"https:\/\/www.bise.ch\/de\/produit\/varya-tapiz\/","title":{"rendered":"Varya tapiz"},"content":{"rendered":"<p>Die Kollektion VARYA TAPIZ vereint alle gepolsterten Versionen der VARYA-Familie und beh\u00e4lt dabei den gleichen zeitlosen und transversalen Geist bei, der die Kollektion mit Kunststoffsitzen kennzeichnet. Mit ihren zahlreichen Versionen ist die Kollektion als eine der gr\u00f6\u00dften und umfassendsten Produktreihen auf dem Markt konfiguriert. Eine gro\u00dfe Familie von St\u00fchlen, Sesseln, Hockern und B\u00e4nken, die durch die Kombination von bequemen Sitzgelegenheiten entstehen. Sie sind in drei verschiedenen Polsterungen erh\u00e4ltlich: glatt, weich oder mit horizontalen Steppn\u00e4hten, mit einer vielf\u00e4ltigen Auswahl an Untergestellen. Die gro\u00dfe Vielfalt an m\u00f6glichen Kombinationen und Ausf\u00fchrungen erm\u00f6glicht es Ihnen, unendlich viele individuelle Designs zu konfigurieren, die leicht an verschiedene \u00f6ffentliche und private Umgebungen angepasst werden k\u00f6nnen, wobei immer eine einheitliche \u00c4sthetik im Projekt erhalten bleibt.<\/p>\n","protected":false},"excerpt":{"rendered":"<p>Stuhl<\/p>\n","protected":false},"featured_media":52267,"template":"","meta":{"_et_pb_use_builder":"","_et_pb_old_content":"","_et_gb_content_width":""},"product_brand":[4309],"product_cat":[3893,3892,3889,348,350],"product_tag":[],"class_list":{"0":"post-55939","1":"product","2":"type-product","3":"status-publish","4":"has-post-thumbnail","6":"product_brand-inclass_de","7":"product_cat-stapelbare-stuhle-kollektivitat","8":"product_cat-stuhle-objekt","9":"product_cat-stuhle_sessel_restaurant","10":"product_cat-stuhle","11":"product_cat-konferenzstuhle","12":"pa_designation_de-stuhl-de","13":"pa_designation_fr-stuhl","15":"first","16":"instock","17":"shipping-taxable","18":"purchasable","19":"product-type-simple"},"yoast_head":"<!-- This site is optimized with the Yoast SEO plugin v27.1.1 - https:\/\/yoast.com\/product\/yoast-seo-wordpress\/ -->\n<title>Varya tapiz | M\u00f6bel Bise | M\u00f6belgesch\u00e4ft | M\u00f6bel | Freiburg | Bulle<\/title>\n<meta name=\"robots\" content=\"index, follow, max-snippet:-1, max-image-preview:large, max-video-preview:-1\" \/>\n<link rel=\"canonical\" href=\"https:\/\/www.bise.ch\/de\/produit\/varya-tapiz\/\" \/>\n<meta property=\"og:locale\" content=\"de_DE\" \/>\n<meta property=\"og:type\" content=\"article\" \/>\n<meta property=\"og:title\" content=\"Varya tapiz | M\u00f6bel Bise | M\u00f6belgesch\u00e4ft | M\u00f6bel | Freiburg | Bulle\" \/>\n<meta property=\"og:description\" content=\"Stuhl\" \/>\n<meta property=\"og:url\" content=\"https:\/\/www.bise.ch\/de\/produit\/varya-tapiz\/\" \/>\n<meta property=\"og:site_name\" content=\"M\u00f6bel Bise | M\u00f6belgesch\u00e4ft | M\u00f6bel | Freiburg | Bulle\" \/>\n<meta property=\"article:publisher\" content=\"https:\/\/www.facebook.com\/bisemeubles\/\" \/>\n<meta property=\"og:image\" content=\"https:\/\/www.bise.ch\/wp-content\/uploads\/1595409669inclass_varyatapiz_04-jpg.webp\" \/>\n\t<meta property=\"og:image:width\" content=\"2155\" \/>\n\t<meta property=\"og:image:height\" content=\"1055\" \/>\n\t<meta property=\"og:image:type\" content=\"image\/jpeg\" \/>\n<meta name=\"twitter:card\" content=\"summary_large_image\" \/>\n<meta name=\"twitter:label1\" content=\"Gesch\u00e4tzte Lesezeit\" \/>\n\t<meta name=\"twitter:data1\" content=\"1\u00a0Minute\" \/>\n<script type=\"application\/ld+json\" class=\"yoast-schema-graph\">{\"@context\":\"https:\/\/schema.org\",\"@graph\":[{\"@type\":\"WebPage\",\"@id\":\"https:\/\/www.bise.ch\/de\/produit\/varya-tapiz\/\",\"url\":\"https:\/\/www.bise.ch\/de\/produit\/varya-tapiz\/\",\"name\":\"Varya tapiz | M\u00f6bel Bise | M\u00f6belgesch\u00e4ft | M\u00f6bel | Freiburg | Bulle\",\"isPartOf\":{\"@id\":\"https:\/\/www.bise.ch\/de\/#website\"},\"primaryImageOfPage\":{\"@id\":\"https:\/\/www.bise.ch\/de\/produit\/varya-tapiz\/#primaryimage\"},\"image\":{\"@id\":\"https:\/\/www.bise.ch\/de\/produit\/varya-tapiz\/#primaryimage\"},\"thumbnailUrl\":\"https:\/\/www.bise.ch\/wp-content\/uploads\/1595409669inclass_varyatapiz_04-jpg.webp\",\"datePublished\":\"2022-08-09T12:44:30+00:00\",\"breadcrumb\":{\"@id\":\"https:\/\/www.bise.ch\/de\/produit\/varya-tapiz\/#breadcrumb\"},\"inLanguage\":\"de\",\"potentialAction\":[{\"@type\":\"ReadAction\",\"target\":[\"https:\/\/www.bise.ch\/de\/produit\/varya-tapiz\/\"]}]},{\"@type\":\"ImageObject\",\"inLanguage\":\"de\",\"@id\":\"https:\/\/www.bise.ch\/de\/produit\/varya-tapiz\/#primaryimage\",\"url\":\"https:\/\/www.bise.ch\/wp-content\/uploads\/1595409669inclass_varyatapiz_04-jpg.webp\",\"contentUrl\":\"https:\/\/www.bise.ch\/wp-content\/uploads\/1595409669inclass_varyatapiz_04-jpg.webp\",\"width\":2155,\"height\":1055,\"caption\":\"1595409669inclass_varyatapiz_04\"},{\"@type\":\"BreadcrumbList\",\"@id\":\"https:\/\/www.bise.ch\/de\/produit\/varya-tapiz\/#breadcrumb\",\"itemListElement\":[{\"@type\":\"ListItem\",\"position\":1,\"name\":\"Startseite\",\"item\":\"https:\/\/www.bise.ch\/de\/\"},{\"@type\":\"ListItem\",\"position\":2,\"name\":\"Shop\",\"item\":\"https:\/\/www.bise.ch\/de\/shop\/\"},{\"@type\":\"ListItem\",\"position\":3,\"name\":\"Varya tapiz\"}]},{\"@type\":\"WebSite\",\"@id\":\"https:\/\/www.bise.ch\/de\/#website\",\"url\":\"https:\/\/www.bise.ch\/de\/\",\"name\":\"Meubles Bise | Magasin de meubles | Mobilier | Fribourg | Bulle\",\"description\":\"Wir erwecken Ihre Ra\u0308ume zum Leben\",\"publisher\":{\"@id\":\"https:\/\/www.bise.ch\/de\/#organization\"},\"alternateName\":\"Georges Bise SA\",\"potentialAction\":[{\"@type\":\"SearchAction\",\"target\":{\"@type\":\"EntryPoint\",\"urlTemplate\":\"https:\/\/www.bise.ch\/de\/?s={search_term_string}\"},\"query-input\":{\"@type\":\"PropertyValueSpecification\",\"valueRequired\":true,\"valueName\":\"search_term_string\"}}],\"inLanguage\":\"de\"},{\"@type\":\"Organization\",\"@id\":\"https:\/\/www.bise.ch\/de\/#organization\",\"name\":\"M\u00f6bel Bise | M\u00f6belgesch\u00e4ft | M\u00f6bel | Freiburg | Bulle\",\"alternateName\":\"Georges Bise SA\",\"url\":\"https:\/\/www.bise.ch\/de\/\",\"logo\":{\"@type\":\"ImageObject\",\"inLanguage\":\"de\",\"@id\":\"https:\/\/www.bise.ch\/de\/#\/schema\/logo\/image\/\",\"url\":\"https:\/\/www.bise.ch\/wp-content\/uploads\/LogoBise.png\",\"contentUrl\":\"https:\/\/www.bise.ch\/wp-content\/uploads\/LogoBise.png\",\"width\":4267,\"height\":4267,\"caption\":\"M\u00f6bel Bise | M\u00f6belgesch\u00e4ft | M\u00f6bel | Freiburg | Bulle\"},\"image\":{\"@id\":\"https:\/\/www.bise.ch\/de\/#\/schema\/logo\/image\/\"},\"sameAs\":[\"https:\/\/www.facebook.com\/bisemeubles\/\",\"https:\/\/www.instagram.com\/bisemeubles\/\",\"https:\/\/ch.linkedin.com\/company\/bise-meubles-moebel\"]}]}<\/script>\n<!-- \/ Yoast SEO plugin. -->","yoast_head_json":{"title":"Varya tapiz | M\u00f6bel Bise | M\u00f6belgesch\u00e4ft | M\u00f6bel | Freiburg | Bulle","robots":{"index":"index","follow":"follow","max-snippet":"max-snippet:-1","max-image-preview":"max-image-preview:large","max-video-preview":"max-video-preview:-1"},"canonical":"https:\/\/www.bise.ch\/de\/produit\/varya-tapiz\/","og_locale":"de_DE","og_type":"article","og_title":"Varya tapiz | M\u00f6bel Bise | M\u00f6belgesch\u00e4ft | M\u00f6bel | Freiburg | Bulle","og_description":"Stuhl","og_url":"https:\/\/www.bise.ch\/de\/produit\/varya-tapiz\/","og_site_name":"M\u00f6bel Bise | M\u00f6belgesch\u00e4ft | M\u00f6bel | Freiburg | Bulle","article_publisher":"https:\/\/www.facebook.com\/bisemeubles\/","og_image":[{"width":2155,"height":1055,"url":"https:\/\/www.bise.ch\/wp-content\/uploads\/1595409669inclass_varyatapiz_04-jpg.webp","type":"image\/jpeg"}],"twitter_card":"summary_large_image","twitter_misc":{"Gesch\u00e4tzte Lesezeit":"1\u00a0Minute"},"schema":{"@context":"https:\/\/schema.org","@graph":[{"@type":"WebPage","@id":"https:\/\/www.bise.ch\/de\/produit\/varya-tapiz\/","url":"https:\/\/www.bise.ch\/de\/produit\/varya-tapiz\/","name":"Varya tapiz | M\u00f6bel Bise | M\u00f6belgesch\u00e4ft | M\u00f6bel | Freiburg | Bulle","isPartOf":{"@id":"https:\/\/www.bise.ch\/de\/#website"},"primaryImageOfPage":{"@id":"https:\/\/www.bise.ch\/de\/produit\/varya-tapiz\/#primaryimage"},"image":{"@id":"https:\/\/www.bise.ch\/de\/produit\/varya-tapiz\/#primaryimage"},"thumbnailUrl":"https:\/\/www.bise.ch\/wp-content\/uploads\/1595409669inclass_varyatapiz_04-jpg.webp","datePublished":"2022-08-09T12:44:30+00:00","breadcrumb":{"@id":"https:\/\/www.bise.ch\/de\/produit\/varya-tapiz\/#breadcrumb"},"inLanguage":"de","potentialAction":[{"@type":"ReadAction","target":["https:\/\/www.bise.ch\/de\/produit\/varya-tapiz\/"]}]},{"@type":"ImageObject","inLanguage":"de","@id":"https:\/\/www.bise.ch\/de\/produit\/varya-tapiz\/#primaryimage","url":"https:\/\/www.bise.ch\/wp-content\/uploads\/1595409669inclass_varyatapiz_04-jpg.webp","contentUrl":"https:\/\/www.bise.ch\/wp-content\/uploads\/1595409669inclass_varyatapiz_04-jpg.webp","width":2155,"height":1055,"caption":"1595409669inclass_varyatapiz_04"},{"@type":"BreadcrumbList","@id":"https:\/\/www.bise.ch\/de\/produit\/varya-tapiz\/#breadcrumb","itemListElement":[{"@type":"ListItem","position":1,"name":"Startseite","item":"https:\/\/www.bise.ch\/de\/"},{"@type":"ListItem","position":2,"name":"Shop","item":"https:\/\/www.bise.ch\/de\/shop\/"},{"@type":"ListItem","position":3,"name":"Varya tapiz"}]},{"@type":"WebSite","@id":"https:\/\/www.bise.ch\/de\/#website","url":"https:\/\/www.bise.ch\/de\/","name":"Meubles Bise | Magasin de meubles | Mobilier | Fribourg | Bulle","description":"Wir erwecken Ihre Ra\u0308ume zum Leben","publisher":{"@id":"https:\/\/www.bise.ch\/de\/#organization"},"alternateName":"Georges Bise SA","potentialAction":[{"@type":"SearchAction","target":{"@type":"EntryPoint","urlTemplate":"https:\/\/www.bise.ch\/de\/?s={search_term_string}"},"query-input":{"@type":"PropertyValueSpecification","valueRequired":true,"valueName":"search_term_string"}}],"inLanguage":"de"},{"@type":"Organization","@id":"https:\/\/www.bise.ch\/de\/#organization","name":"M\u00f6bel Bise | M\u00f6belgesch\u00e4ft | M\u00f6bel | Freiburg | Bulle","alternateName":"Georges Bise SA","url":"https:\/\/www.bise.ch\/de\/","logo":{"@type":"ImageObject","inLanguage":"de","@id":"https:\/\/www.bise.ch\/de\/#\/schema\/logo\/image\/","url":"https:\/\/www.bise.ch\/wp-content\/uploads\/LogoBise.png","contentUrl":"https:\/\/www.bise.ch\/wp-content\/uploads\/LogoBise.png","width":4267,"height":4267,"caption":"M\u00f6bel Bise | M\u00f6belgesch\u00e4ft | M\u00f6bel | Freiburg | Bulle"},"image":{"@id":"https:\/\/www.bise.ch\/de\/#\/schema\/logo\/image\/"},"sameAs":["https:\/\/www.facebook.com\/bisemeubles\/","https:\/\/www.instagram.com\/bisemeubles\/","https:\/\/ch.linkedin.com\/company\/bise-meubles-moebel"]}]}},"_links":{"self":[{"href":"https:\/\/www.bise.ch\/de\/wp-json\/wp\/v2\/product\/55939","targetHints":{"allow":["GET"]}}],"collection":[{"href":"https:\/\/www.bise.ch\/de\/wp-json\/wp\/v2\/product"}],"about":[{"href":"https:\/\/www.bise.ch\/de\/wp-json\/wp\/v2\/types\/product"}],"wp:featuredmedia":[{"embeddable":true,"href":"https:\/\/www.bise.ch\/de\/wp-json\/wp\/v2\/media\/52267"}],"wp:attachment":[{"href":"https:\/\/www.bise.ch\/de\/wp-json\/wp\/v2\/media?parent=55939"}],"wp:term":[{"taxonomy":"product_brand","embeddable":true,"href":"https:\/\/www.bise.ch\/de\/wp-json\/wp\/v2\/product_brand?post=55939"},{"taxonomy":"product_cat","embeddable":true,"href":"https:\/\/www.bise.ch\/de\/wp-json\/wp\/v2\/product_cat?post=55939"},{"taxonomy":"product_tag","embeddable":true,"href":"https:\/\/www.bise.ch\/de\/wp-json\/wp\/v2\/product_tag?post=55939"}],"curies":[{"name":"wp","href":"https:\/\/api.w.org\/{rel}","templated":true}]}}