{"id":32904,"date":"2023-12-13T15:07:14","date_gmt":"2023-12-13T14:07:14","guid":{"rendered":"https:\/\/bise.ch\/project\/raiffeisen-tafers\/"},"modified":"2024-09-10T18:41:04","modified_gmt":"2024-09-10T16:41:04","slug":"raiffeisen-tafers","status":"publish","type":"project","link":"https:\/\/www.bise.ch\/de\/project\/raiffeisen-tafers\/","title":{"rendered":"Raiffeisen Tafers"},"content":{"rendered":"<p>[et_pb_section fb_built=&#8220;1&#8243; _builder_version=&#8220;4.22.1&#8243; _module_preset=&#8220;default&#8220; custom_padding=&#8220;3px|||||&#8220; saved_tabs=&#8220;all&#8220; global_colors_info=&#8220;{}&#8220;][et_pb_row _builder_version=&#8220;4.21.0&#8243; _module_preset=&#8220;default&#8220; global_colors_info=&#8220;{}&#8220;][et_pb_column type=&#8220;4_4&#8243; _builder_version=&#8220;4.21.0&#8243; _module_preset=&#8220;default&#8220; global_colors_info=&#8220;{}&#8220;][et_pb_post_title meta=&#8220;off&#8220; featured_image=&#8220;off&#8220; _builder_version=&#8220;4.23.1&#8243; _module_preset=&#8220;default&#8220; title_text_align=&#8220;center&#8220; text_orientation=&#8220;center&#8220; global_colors_info=&#8220;{}&#8220; theme_builder_area=&#8220;post_content&#8220;][\/et_pb_post_title][\/et_pb_column][\/et_pb_row][et_pb_row column_structure=&#8220;1_2,1_2&#8243; _builder_version=&#8220;4.21.0&#8243; _module_preset=&#8220;default&#8220; global_colors_info=&#8220;{}&#8220;][et_pb_column type=&#8220;1_2&#8243; _builder_version=&#8220;4.21.0&#8243; _module_preset=&#8220;default&#8220; global_colors_info=&#8220;{}&#8220;][et_pb_gallery gallery_ids=&#8220;32885,32887,32889,32891,32895,32897,32901,32899&#8243; fullwidth=&#8220;on&#8220; _builder_version=&#8220;4.27.0&#8243; _module_preset=&#8220;default&#8220; pagination_text_color=&#8220;RGBA(255,255,255,0)&#8220; background_color=&#8220;RGBA(255,255,255,0)&#8220; z_index=&#8220;0&#8243; hover_enabled=&#8220;0&#8243; custom_css_main_element=&#8220;color: #C8102E;&#8220; custom_css_gallery_pagination=&#8220;color: #C8102E;&#8220; custom_css_gallery_pagination_active=&#8220;color: #C8102E;&#8220; global_colors_info=&#8220;{}&#8220; sticky_enabled=&#8220;0&#8243;][\/et_pb_gallery][\/et_pb_column][et_pb_column type=&#8220;1_2&#8243; _builder_version=&#8220;4.21.0&#8243; _module_preset=&#8220;default&#8220; global_colors_info=&#8220;{}&#8220;][et_pb_text _builder_version=&#8220;4.21.0&#8243; _module_preset=&#8220;default&#8220; custom_margin=&#8220;1px|||||&#8220; global_colors_info=&#8220;{}&#8220;]<\/p>\n<div class=\"body field field-name-body field-type-text-with-summary field-label-above\">\n<p>Unser Unternehmen ist stolz darauf, k\u00fcrzlich hochwertige M\u00f6bel f\u00fcr unseren Kunden Raiffeisen in Tafers geliefert und aufgestellt zu haben.  <\/p>\n<p>Wir danken Raiffeisen Tafers f\u00fcr das Vertrauen, das sie uns entgegengebracht hat. Wir sind stolz auf die Qualit\u00e4t unserer Arbeit und unser Engagement, ma\u00dfgeschneiderte B\u00fcrom\u00f6bell\u00f6sungen zu liefern, die den spezifischen Bed\u00fcrfnissen jedes Kunden gerecht werden. Wir freuen uns, sagen zu k\u00f6nnen, dass das Projekt ein gro\u00dfer Erfolg war, und freuen uns darauf, auch weiterhin hochwertige B\u00fcrom\u00f6bell\u00f6sungen f\u00fcr Unternehmen jeder Gr\u00f6\u00dfe anzubieten.<\/p>\n<\/div>\n<p>[\/et_pb_text][\/et_pb_column][\/et_pb_row][et_pb_row _builder_version=&#8220;4.22.1&#8243; _module_preset=&#8220;default&#8220; global_colors_info=&#8220;{}&#8220;][et_pb_column type=&#8220;4_4&#8243; _builder_version=&#8220;4.22.1&#8243; _module_preset=&#8220;default&#8220; global_colors_info=&#8220;{}&#8220;][et_pb_post_nav _builder_version=&#8220;4.22.1&#8243; _module_preset=&#8220;default&#8220; global_colors_info=&#8220;{}&#8220;][\/et_pb_post_nav][\/et_pb_column][\/et_pb_row][\/et_pb_section]<\/p>\n","protected":false},"excerpt":{"rendered":"<p>Unser Unternehmen ist stolz darauf, k\u00fcrzlich hochwertige M\u00f6bel f\u00fcr unseren Kunden Raiffeisen in Tafers geliefert und aufgestellt zu haben. Wir danken Raiffeisen Tafers f\u00fcr das Vertrauen, das sie uns entgegengebracht hat. Wir sind stolz auf die Qualit\u00e4t unserer Arbeit und unser Engagement, ma\u00dfgeschneiderte B\u00fcrom\u00f6bell\u00f6sungen zu liefern, die den spezifischen Bed\u00fcrfnissen jedes Kunden gerecht werden. Wir [&hellip;]<\/p>\n","protected":false},"author":1,"featured_media":32882,"comment_status":"closed","ping_status":"closed","template":"","meta":{"_et_pb_use_builder":"on","_et_pb_old_content":"","_et_gb_content_width":"","footnotes":""},"project_category":[],"project_tag":[],"class_list":["post-32904","project","type-project","status-publish","has-post-thumbnail","hentry"],"yoast_head":"<!-- This site is optimized with the Yoast SEO plugin v27.1.1 - https:\/\/yoast.com\/product\/yoast-seo-wordpress\/ -->\n<title>Raiffeisen Tafers | M\u00f6bel Bise | M\u00f6belgesch\u00e4ft | M\u00f6bel | Freiburg | Bulle<\/title>\n<meta name=\"robots\" content=\"index, follow, max-snippet:-1, max-image-preview:large, max-video-preview:-1\" \/>\n<link rel=\"canonical\" href=\"https:\/\/www.bise.ch\/de\/project\/raiffeisen-tafers\/\" \/>\n<meta property=\"og:locale\" content=\"de_DE\" \/>\n<meta property=\"og:type\" content=\"article\" \/>\n<meta property=\"og:title\" content=\"Raiffeisen Tafers | M\u00f6bel Bise | M\u00f6belgesch\u00e4ft | M\u00f6bel | Freiburg | Bulle\" \/>\n<meta property=\"og:description\" content=\"Unser Unternehmen ist stolz darauf, k\u00fcrzlich hochwertige M\u00f6bel f\u00fcr unseren Kunden Raiffeisen in Tafers geliefert und aufgestellt zu haben. Wir danken Raiffeisen Tafers f\u00fcr das Vertrauen, das sie uns entgegengebracht hat. Wir sind stolz auf die Qualit\u00e4t unserer Arbeit und unser Engagement, ma\u00dfgeschneiderte B\u00fcrom\u00f6bell\u00f6sungen zu liefern, die den spezifischen Bed\u00fcrfnissen jedes Kunden gerecht werden. Wir [&hellip;]\" \/>\n<meta property=\"og:url\" content=\"https:\/\/www.bise.ch\/de\/project\/raiffeisen-tafers\/\" \/>\n<meta property=\"og:site_name\" content=\"M\u00f6bel Bise | M\u00f6belgesch\u00e4ft | M\u00f6bel | Freiburg | Bulle\" \/>\n<meta property=\"article:publisher\" content=\"https:\/\/www.facebook.com\/bisemeubles\/\" \/>\n<meta property=\"article:modified_time\" content=\"2024-09-10T16:41:04+00:00\" \/>\n<meta property=\"og:image\" content=\"https:\/\/www.bise.ch\/wp-content\/uploads\/2-e1714229717923.jpg\" \/>\n\t<meta property=\"og:image:width\" content=\"1512\" \/>\n\t<meta property=\"og:image:height\" content=\"2016\" \/>\n\t<meta property=\"og:image:type\" content=\"image\/jpeg\" \/>\n<meta name=\"twitter:card\" content=\"summary_large_image\" \/>\n<meta name=\"twitter:label1\" content=\"Gesch\u00e4tzte Lesezeit\" \/>\n\t<meta name=\"twitter:data1\" content=\"2\u00a0Minuten\" \/>\n<script type=\"application\/ld+json\" class=\"yoast-schema-graph\">{\"@context\":\"https:\/\/schema.org\",\"@graph\":[{\"@type\":\"WebPage\",\"@id\":\"https:\/\/www.bise.ch\/de\/project\/raiffeisen-tafers\/\",\"url\":\"https:\/\/www.bise.ch\/de\/project\/raiffeisen-tafers\/\",\"name\":\"Raiffeisen Tafers | M\u00f6bel Bise | M\u00f6belgesch\u00e4ft | M\u00f6bel | Freiburg | Bulle\",\"isPartOf\":{\"@id\":\"https:\/\/www.bise.ch\/de\/#website\"},\"primaryImageOfPage\":{\"@id\":\"https:\/\/www.bise.ch\/de\/project\/raiffeisen-tafers\/#primaryimage\"},\"image\":{\"@id\":\"https:\/\/www.bise.ch\/de\/project\/raiffeisen-tafers\/#primaryimage\"},\"thumbnailUrl\":\"https:\/\/www.bise.ch\/wp-content\/uploads\/2-e1714229717923.jpg\",\"datePublished\":\"2023-12-13T14:07:14+00:00\",\"dateModified\":\"2024-09-10T16:41:04+00:00\",\"breadcrumb\":{\"@id\":\"https:\/\/www.bise.ch\/de\/project\/raiffeisen-tafers\/#breadcrumb\"},\"inLanguage\":\"de\",\"potentialAction\":[{\"@type\":\"ReadAction\",\"target\":[\"https:\/\/www.bise.ch\/de\/project\/raiffeisen-tafers\/\"]}]},{\"@type\":\"ImageObject\",\"inLanguage\":\"de\",\"@id\":\"https:\/\/www.bise.ch\/de\/project\/raiffeisen-tafers\/#primaryimage\",\"url\":\"https:\/\/www.bise.ch\/wp-content\/uploads\/2-e1714229717923.jpg\",\"contentUrl\":\"https:\/\/www.bise.ch\/wp-content\/uploads\/2-e1714229717923.jpg\",\"width\":1512,\"height\":2016},{\"@type\":\"BreadcrumbList\",\"@id\":\"https:\/\/www.bise.ch\/de\/project\/raiffeisen-tafers\/#breadcrumb\",\"itemListElement\":[{\"@type\":\"ListItem\",\"position\":1,\"name\":\"Startseite\",\"item\":\"https:\/\/www.bise.ch\/de\/\"},{\"@type\":\"ListItem\",\"position\":2,\"name\":\"Projekte\",\"item\":\"https:\/\/www.bise.ch\/de\/project\/\"},{\"@type\":\"ListItem\",\"position\":3,\"name\":\"Raiffeisen Tafers\"}]},{\"@type\":\"WebSite\",\"@id\":\"https:\/\/www.bise.ch\/de\/#website\",\"url\":\"https:\/\/www.bise.ch\/de\/\",\"name\":\"Meubles Bise | Magasin de meubles | Mobilier | Fribourg | Bulle\",\"description\":\"Wir erwecken Ihre Ra\u0308ume zum Leben\",\"publisher\":{\"@id\":\"https:\/\/www.bise.ch\/de\/#organization\"},\"alternateName\":\"Georges Bise SA\",\"potentialAction\":[{\"@type\":\"SearchAction\",\"target\":{\"@type\":\"EntryPoint\",\"urlTemplate\":\"https:\/\/www.bise.ch\/de\/?s={search_term_string}\"},\"query-input\":{\"@type\":\"PropertyValueSpecification\",\"valueRequired\":true,\"valueName\":\"search_term_string\"}}],\"inLanguage\":\"de\"},{\"@type\":\"Organization\",\"@id\":\"https:\/\/www.bise.ch\/de\/#organization\",\"name\":\"M\u00f6bel Bise | M\u00f6belgesch\u00e4ft | M\u00f6bel | Freiburg | Bulle\",\"alternateName\":\"Georges Bise SA\",\"url\":\"https:\/\/www.bise.ch\/de\/\",\"logo\":{\"@type\":\"ImageObject\",\"inLanguage\":\"de\",\"@id\":\"https:\/\/www.bise.ch\/de\/#\/schema\/logo\/image\/\",\"url\":\"https:\/\/www.bise.ch\/wp-content\/uploads\/LogoBise.png\",\"contentUrl\":\"https:\/\/www.bise.ch\/wp-content\/uploads\/LogoBise.png\",\"width\":4267,\"height\":4267,\"caption\":\"M\u00f6bel Bise | M\u00f6belgesch\u00e4ft | M\u00f6bel | Freiburg | Bulle\"},\"image\":{\"@id\":\"https:\/\/www.bise.ch\/de\/#\/schema\/logo\/image\/\"},\"sameAs\":[\"https:\/\/www.facebook.com\/bisemeubles\/\",\"https:\/\/www.instagram.com\/bisemeubles\/\",\"https:\/\/ch.linkedin.com\/company\/bise-meubles-moebel\"]}]}<\/script>\n<!-- \/ Yoast SEO plugin. -->","yoast_head_json":{"title":"Raiffeisen Tafers | M\u00f6bel Bise | M\u00f6belgesch\u00e4ft | M\u00f6bel | Freiburg | Bulle","robots":{"index":"index","follow":"follow","max-snippet":"max-snippet:-1","max-image-preview":"max-image-preview:large","max-video-preview":"max-video-preview:-1"},"canonical":"https:\/\/www.bise.ch\/de\/project\/raiffeisen-tafers\/","og_locale":"de_DE","og_type":"article","og_title":"Raiffeisen Tafers | M\u00f6bel Bise | M\u00f6belgesch\u00e4ft | M\u00f6bel | Freiburg | Bulle","og_description":"Unser Unternehmen ist stolz darauf, k\u00fcrzlich hochwertige M\u00f6bel f\u00fcr unseren Kunden Raiffeisen in Tafers geliefert und aufgestellt zu haben. Wir danken Raiffeisen Tafers f\u00fcr das Vertrauen, das sie uns entgegengebracht hat. Wir sind stolz auf die Qualit\u00e4t unserer Arbeit und unser Engagement, ma\u00dfgeschneiderte B\u00fcrom\u00f6bell\u00f6sungen zu liefern, die den spezifischen Bed\u00fcrfnissen jedes Kunden gerecht werden. Wir [&hellip;]","og_url":"https:\/\/www.bise.ch\/de\/project\/raiffeisen-tafers\/","og_site_name":"M\u00f6bel Bise | M\u00f6belgesch\u00e4ft | M\u00f6bel | Freiburg | Bulle","article_publisher":"https:\/\/www.facebook.com\/bisemeubles\/","article_modified_time":"2024-09-10T16:41:04+00:00","og_image":[{"width":1512,"height":2016,"url":"https:\/\/www.bise.ch\/wp-content\/uploads\/2-e1714229717923.jpg","type":"image\/jpeg"}],"twitter_card":"summary_large_image","twitter_misc":{"Gesch\u00e4tzte Lesezeit":"2\u00a0Minuten"},"schema":{"@context":"https:\/\/schema.org","@graph":[{"@type":"WebPage","@id":"https:\/\/www.bise.ch\/de\/project\/raiffeisen-tafers\/","url":"https:\/\/www.bise.ch\/de\/project\/raiffeisen-tafers\/","name":"Raiffeisen Tafers | M\u00f6bel Bise | M\u00f6belgesch\u00e4ft | M\u00f6bel | Freiburg | Bulle","isPartOf":{"@id":"https:\/\/www.bise.ch\/de\/#website"},"primaryImageOfPage":{"@id":"https:\/\/www.bise.ch\/de\/project\/raiffeisen-tafers\/#primaryimage"},"image":{"@id":"https:\/\/www.bise.ch\/de\/project\/raiffeisen-tafers\/#primaryimage"},"thumbnailUrl":"https:\/\/www.bise.ch\/wp-content\/uploads\/2-e1714229717923.jpg","datePublished":"2023-12-13T14:07:14+00:00","dateModified":"2024-09-10T16:41:04+00:00","breadcrumb":{"@id":"https:\/\/www.bise.ch\/de\/project\/raiffeisen-tafers\/#breadcrumb"},"inLanguage":"de","potentialAction":[{"@type":"ReadAction","target":["https:\/\/www.bise.ch\/de\/project\/raiffeisen-tafers\/"]}]},{"@type":"ImageObject","inLanguage":"de","@id":"https:\/\/www.bise.ch\/de\/project\/raiffeisen-tafers\/#primaryimage","url":"https:\/\/www.bise.ch\/wp-content\/uploads\/2-e1714229717923.jpg","contentUrl":"https:\/\/www.bise.ch\/wp-content\/uploads\/2-e1714229717923.jpg","width":1512,"height":2016},{"@type":"BreadcrumbList","@id":"https:\/\/www.bise.ch\/de\/project\/raiffeisen-tafers\/#breadcrumb","itemListElement":[{"@type":"ListItem","position":1,"name":"Startseite","item":"https:\/\/www.bise.ch\/de\/"},{"@type":"ListItem","position":2,"name":"Projekte","item":"https:\/\/www.bise.ch\/de\/project\/"},{"@type":"ListItem","position":3,"name":"Raiffeisen Tafers"}]},{"@type":"WebSite","@id":"https:\/\/www.bise.ch\/de\/#website","url":"https:\/\/www.bise.ch\/de\/","name":"Meubles Bise | Magasin de meubles | Mobilier | Fribourg | Bulle","description":"Wir erwecken Ihre Ra\u0308ume zum Leben","publisher":{"@id":"https:\/\/www.bise.ch\/de\/#organization"},"alternateName":"Georges Bise SA","potentialAction":[{"@type":"SearchAction","target":{"@type":"EntryPoint","urlTemplate":"https:\/\/www.bise.ch\/de\/?s={search_term_string}"},"query-input":{"@type":"PropertyValueSpecification","valueRequired":true,"valueName":"search_term_string"}}],"inLanguage":"de"},{"@type":"Organization","@id":"https:\/\/www.bise.ch\/de\/#organization","name":"M\u00f6bel Bise | M\u00f6belgesch\u00e4ft | M\u00f6bel | Freiburg | Bulle","alternateName":"Georges Bise SA","url":"https:\/\/www.bise.ch\/de\/","logo":{"@type":"ImageObject","inLanguage":"de","@id":"https:\/\/www.bise.ch\/de\/#\/schema\/logo\/image\/","url":"https:\/\/www.bise.ch\/wp-content\/uploads\/LogoBise.png","contentUrl":"https:\/\/www.bise.ch\/wp-content\/uploads\/LogoBise.png","width":4267,"height":4267,"caption":"M\u00f6bel Bise | M\u00f6belgesch\u00e4ft | M\u00f6bel | Freiburg | Bulle"},"image":{"@id":"https:\/\/www.bise.ch\/de\/#\/schema\/logo\/image\/"},"sameAs":["https:\/\/www.facebook.com\/bisemeubles\/","https:\/\/www.instagram.com\/bisemeubles\/","https:\/\/ch.linkedin.com\/company\/bise-meubles-moebel"]}]}},"_links":{"self":[{"href":"https:\/\/www.bise.ch\/de\/wp-json\/wp\/v2\/project\/32904","targetHints":{"allow":["GET"]}}],"collection":[{"href":"https:\/\/www.bise.ch\/de\/wp-json\/wp\/v2\/project"}],"about":[{"href":"https:\/\/www.bise.ch\/de\/wp-json\/wp\/v2\/types\/project"}],"author":[{"embeddable":true,"href":"https:\/\/www.bise.ch\/de\/wp-json\/wp\/v2\/users\/1"}],"replies":[{"embeddable":true,"href":"https:\/\/www.bise.ch\/de\/wp-json\/wp\/v2\/comments?post=32904"}],"version-history":[{"count":8,"href":"https:\/\/www.bise.ch\/de\/wp-json\/wp\/v2\/project\/32904\/revisions"}],"predecessor-version":[{"id":56493,"href":"https:\/\/www.bise.ch\/de\/wp-json\/wp\/v2\/project\/32904\/revisions\/56493"}],"wp:featuredmedia":[{"embeddable":true,"href":"https:\/\/www.bise.ch\/de\/wp-json\/wp\/v2\/media\/32882"}],"wp:attachment":[{"href":"https:\/\/www.bise.ch\/de\/wp-json\/wp\/v2\/media?parent=32904"}],"wp:term":[{"taxonomy":"project_category","embeddable":true,"href":"https:\/\/www.bise.ch\/de\/wp-json\/wp\/v2\/project_category?post=32904"},{"taxonomy":"project_tag","embeddable":true,"href":"https:\/\/www.bise.ch\/de\/wp-json\/wp\/v2\/project_tag?post=32904"}],"curies":[{"name":"wp","href":"https:\/\/api.w.org\/{rel}","templated":true}]}}